{"id":63657,"date":"2026-04-21T15:48:25","date_gmt":"2026-04-21T13:48:25","guid":{"rendered":"https:\/\/www.libraria-occitana.org\/?post_type=product&#038;p=63657"},"modified":"2026-04-27T15:43:10","modified_gmt":"2026-04-27T13:43:10","slug":"marcela-delpastre-e-res-de-mai-si-nes-poeta","status":"publish","type":"product","link":"https:\/\/www.libraria-occitana.org\/en\/product\/marcela-delpastre-e-res-de-mai-si-nes-poeta\/","title":{"rendered":"Marcela Delpastre e res de mai si ne&#8217;s poeta"},"content":{"rendered":"<p>Auteur majeur de la litt\u00e9rature occitane, Marcelle Delpastre (1925-1998) a toujours v\u00e9cu \u00e0 Germont, commune de Chamberet en Corr\u00e8ze. En occitan et en fran\u00e7ais, parfois dans les deux langues dans le m\u00eame po\u00e8me, elle a \u00e9difi\u00e9 une \u0153uvre remarquable dans de nombreux genres : po\u00e9sie, contes, m\u00e9moires, ethnographie, etc.<\/p>\n<p>S\u2019appuyant sur le t\u00e9moignage de Miqu\u00e8la Stenta, auteure du livre <a href=\"https:\/\/www.libraria-occitana.org\/produit\/marcelle-delpastre-a-fleur-de-lame\/\"><em>Marcelle Delpastre \u00e0 fleur de l\u2019\u00e2me<\/em><\/a>, ce documentaire permet de d\u00e9couvrir la vie et l\u2019\u0153uvre de cette personnalit\u00e9 originale, \u00ab paysan, et rien d\u2019autre si ce n\u2019est po\u00e8te \u00bb. Il est enrichi par des lectures de po\u00e8mes de Marcelle Delpastre, des extraits du spectacle <a href=\"https:\/\/www.libraria-occitana.org\/produit\/nathanael-sous-le-figuier-de-marcelle-delpastre-recital-a-deux-voix\/\"><em>Nathana\u00ebl sous le figuier<\/em><\/a>, de Teresa Canet et Marie-Laure Fraysse, et des photographies de Charles Camberoque.<\/p>\n<p>En occitan, sous-titr\u00e9 en fran\u00e7ais.<\/p>\n","protected":false},"excerpt":{"rendered":"<p>Auteur majeur de la litt\u00e9rature occitane, Marcelle Delpastre (1925-1998) a toujours v\u00e9cu \u00e0 Germont, commune de Chamberet en Corr\u00e8ze. En occitan et en fran\u00e7ais, parfois dans les deux langues dans le m\u00eame po\u00e8me, elle a \u00e9difi\u00e9 une \u0153uvre remarquable dans de nombreux genres : po\u00e9sie, contes, m\u00e9moires, ethnographie, etc. S\u2019appuyant sur le t\u00e9moignage de Miqu\u00e8la [&hellip;]<\/p>\n","protected":false},"featured_media":63660,"template":"","meta":{"_acf_changed":false,"_genesis_hide_title":false,"_genesis_hide_breadcrumbs":false,"_genesis_hide_singular_image":false,"_genesis_hide_footer_widgets":false,"_genesis_custom_body_class":"","_genesis_custom_post_class":"","_genesis_layout":""},"product_brand":[],"product_cat":[7247,7249],"product_tag":[],"class_list":{"0":"post-63657","1":"product","2":"type-product","3":"status-publish","4":"has-post-thumbnail","6":"product_cat-music-literature-en","7":"product_cat-videos-3-en","8":"pa_auteur-lavaud-patrick-en","9":"pa_editeur-les-nuits-atypiques-en","10":"pa_langue-occitan-lengadocian-en","11":"pa_langue-occitan-francais-en","12":"entry","14":"first","15":"instock","16":"shipping-taxable","17":"purchasable","18":"product-type-simple"},"acf":[],"_links":{"self":[{"href":"https:\/\/www.libraria-occitana.org\/en\/wp-json\/wp\/v2\/product\/63657","targetHints":{"allow":["GET"]}}],"collection":[{"href":"https:\/\/www.libraria-occitana.org\/en\/wp-json\/wp\/v2\/product"}],"about":[{"href":"https:\/\/www.libraria-occitana.org\/en\/wp-json\/wp\/v2\/types\/product"}],"wp:featuredmedia":[{"embeddable":true,"href":"https:\/\/www.libraria-occitana.org\/en\/wp-json\/wp\/v2\/media\/63660"}],"wp:attachment":[{"href":"https:\/\/www.libraria-occitana.org\/en\/wp-json\/wp\/v2\/media?parent=63657"}],"wp:term":[{"taxonomy":"product_brand","embeddable":true,"href":"https:\/\/www.libraria-occitana.org\/en\/wp-json\/wp\/v2\/product_brand?post=63657"},{"taxonomy":"product_cat","embeddable":true,"href":"https:\/\/www.libraria-occitana.org\/en\/wp-json\/wp\/v2\/product_cat?post=63657"},{"taxonomy":"product_tag","embeddable":true,"href":"https:\/\/www.libraria-occitana.org\/en\/wp-json\/wp\/v2\/product_tag?post=63657"}],"curies":[{"name":"wp","href":"https:\/\/api.w.org\/{rel}","templated":true}]}}