{"id":18401,"date":"2008-01-01T11:21:51","date_gmt":"2008-01-01T10:21:51","guid":{"rendered":"http:\/\/www.libraria-occitana.org\/all-products\/eschantits-concert-de-faux-la-montagne-le-17-mai-2008?lang=oc"},"modified":"2026-04-29T04:51:37","modified_gmt":"2026-04-29T02:51:37","slug":"eschantits-concert-de-faux-la-montagne-le-17-mai-2008","status":"publish","type":"product","link":"https:\/\/www.libraria-occitana.org\/oc\/produch\/eschantits-concert-de-faux-la-montagne-le-17-mai-2008\/","title":{"rendered":"Eschantits : Concert de Faux-la-Montagne le 17 mai 2008"},"content":{"rendered":"<p><strong>Bernat Combi :<\/strong> chant, accord\u00e9on, percussions<br \/>\n<strong>Olivier Peirat :<\/strong> vielle, luth, claviers<\/p>\n<p>Le spectacle int\u00e9gral film\u00e9 par l\u2019\u00e9quipe de T\u00e9l\u00e9 Millevaches. Un spectacle des plus originaux o\u00f9 chansons de traditions se m\u00ealent aux textes d\u2019auteurs sur des musiques de cr\u00e9ation.<\/p>\n<p>\u00ab [&#8230;] l\u00e0, j\u2019ai compris ce que signifiait l\u2019expression \u00ab spectacle vivant \u00bb ! J\u2019ai retrouv\u00e9 (enfin) une culture limousine vivante car servie par une \u00e9nergie folle et ouverte aux grands vents des influences ext\u00e9rieures sans en \u00eatre d\u00e9natur\u00e9e mais, au contraire, enrichie. Un peu comme Alan Stivell ou Denez Prigent et bien d\u2019autres l\u2019ont fait depuis les ann\u00e9es 70 en Bretagne. Combi sur sc\u00e8ne, c\u2019est du brut, du rock, du blues ! De l\u2019occitan et de l\u2019onomatop\u00e9e ! Du granitique qui emporte le spectateur vers d\u2019autres univers. \u00bb (Laurent Bourdelas)<\/p>\n<p>Nouveaux morceaux par rapport au disque de 2006. Bonus-track.<\/p>\n<p><strong>Titres :<\/strong><br \/>\n1. La negra e lo peulh 2\u201934<br \/>\n2. La ne\u2019n menam\u2026 9\u201949<br \/>\n3. Pregieras &#8211; Las tres vias 7\u201954<br \/>\n4. Que donarai-ieu a ma mia ? 4\u201913<br \/>\n5. La m\u00f2t\u00f2sseja 7\u201954<br \/>\n6. N\u00f2u vertats 4\u201920<br \/>\n7. Lo cocut e l\u2019irondela &#8211; Alba 13\u201903<br \/>\n8. Finas pensadas 10\u201930<br \/>\n9. Escotas\u2026 9\u201953<br \/>\n10. Tres saumes per \u2018na sauma 11\u201927<br \/>\n11. Bonus : Ent\u2019 eras-tu arser anada ? 12\u201946<\/p>\n","protected":false},"excerpt":{"rendered":"<p>Bernat Combi : chant, accord\u00e9on, percussions Olivier Peirat : vielle, luth, claviers Le spectacle int\u00e9gral film\u00e9 par l\u2019\u00e9quipe de T\u00e9l\u00e9 Millevaches. Un spectacle des plus originaux o\u00f9 chansons de traditions se m\u00ealent aux textes d\u2019auteurs sur des musiques de cr\u00e9ation. \u00ab [&#8230;] l\u00e0, j\u2019ai compris ce que signifiait l\u2019expression \u00ab spectacle vivant \u00bb ! J\u2019ai [&hellip;]<\/p>\n","protected":false},"featured_media":36643,"template":"","meta":{"_acf_changed":false,"_genesis_hide_title":false,"_genesis_hide_breadcrumbs":false,"_genesis_hide_singular_image":false,"_genesis_hide_footer_widgets":false,"_genesis_custom_body_class":"","_genesis_custom_post_class":"","_genesis_layout":""},"product_brand":[],"product_cat":[7248,7240],"product_tag":[],"class_list":{"0":"post-18401","1":"product","2":"type-product","3":"status-publish","4":"has-post-thumbnail","6":"product_cat-musica-literatura-oc","7":"product_cat-video-oc","8":"pa_auteur-combi-bernat-oc","9":"pa_auteur-peirat-olivier-oc","10":"pa_editeur-ieo-lemosin-oc","11":"pa_langue-occitan-oc","12":"pa_langue-occitan-lemosin-oc","13":"entry","15":"first","16":"instock","17":"shipping-taxable","18":"purchasable","19":"product-type-simple"},"acf":[],"_links":{"self":[{"href":"https:\/\/www.libraria-occitana.org\/oc\/wp-json\/wp\/v2\/product\/18401","targetHints":{"allow":["GET"]}}],"collection":[{"href":"https:\/\/www.libraria-occitana.org\/oc\/wp-json\/wp\/v2\/product"}],"about":[{"href":"https:\/\/www.libraria-occitana.org\/oc\/wp-json\/wp\/v2\/types\/product"}],"wp:featuredmedia":[{"embeddable":true,"href":"https:\/\/www.libraria-occitana.org\/oc\/wp-json\/wp\/v2\/media\/36643"}],"wp:attachment":[{"href":"https:\/\/www.libraria-occitana.org\/oc\/wp-json\/wp\/v2\/media?parent=18401"}],"wp:term":[{"taxonomy":"product_brand","embeddable":true,"href":"https:\/\/www.libraria-occitana.org\/oc\/wp-json\/wp\/v2\/product_brand?post=18401"},{"taxonomy":"product_cat","embeddable":true,"href":"https:\/\/www.libraria-occitana.org\/oc\/wp-json\/wp\/v2\/product_cat?post=18401"},{"taxonomy":"product_tag","embeddable":true,"href":"https:\/\/www.libraria-occitana.org\/oc\/wp-json\/wp\/v2\/product_tag?post=18401"}],"curies":[{"name":"wp","href":"https:\/\/api.w.org\/{rel}","templated":true}]}}