{"id":18481,"date":"2008-09-01T11:36:58","date_gmt":"2008-09-01T09:36:58","guid":{"rendered":"http:\/\/www.libraria-occitana.org\/all-products\/en-segre-lo-jornau-per-lan-1988-dau-peire-lallet?lang=oc"},"modified":"2026-04-26T00:21:39","modified_gmt":"2026-04-25T22:21:39","slug":"en-segre-lo-jornau-per-lan-1988-dau-peire-lallet","status":"publish","type":"product","link":"https:\/\/www.libraria-occitana.org\/oc\/produch\/en-segre-lo-jornau-per-lan-1988-dau-peire-lallet\/","title":{"rendered":"En segre lo jornau per l&#8217;an 1988 dau Peire Lallet"},"content":{"rendered":"<p>En 1988, tout au long de l\u2019ann\u00e9e sans en manquer un jour, Pierre Lallet (dont on avait tant aim\u00e9 le magnifique <em>Aubre solet<\/em>) t\u00eent son journal, 366 chroniques (l\u2019an \u00e9tant bissextile) o\u00f9 il parlait de tout ce qui \u00e9tait sa vie (ce que, bien s\u00fbr, l\u2019on pouvait dire), la vie alentour, sa commune de Ch\u00e2teau-Chervix dont il \u00e9tait conseiller avant d\u2019en devenir le maire l\u2019ann\u00e9e d\u2019apr\u00e8s, et au-del\u00e0, d\u2019un voyage \u00e0 l\u2019autre ou tout simplement de l\u2019\u00e9cho de la vie du monde, la France et le reste.<\/p>\n<p>On le retrouve tel qu\u2019il \u00e9tait, passionn\u00e9, g\u00e9n\u00e9reux, pudique, spirituel, dans une langue exceptionnelle, un style incomparable.<\/p>\n<p>Vous avez l\u00e0 le meilleur, un tiers de ces chroniques, de quoi s\u2019en faire une bonne id\u00e9e.<\/p>\n<p><strong>Colleccion \u00ab N\u00f2stre monde \u00bb :<\/strong><br \/>\nNotre monde, nos gens, les n\u00f4tres, chez nous\u2026 Souvenirs, t\u00e9moignages, une bonne tranche de vie, une miette seulement, un \u00e9v\u00e9nement, le quotidien, la personne, la maison, le lignage, tout ce qui fait m\u00e9moire d\u2019\u00eatre humain (mais pourquoi pas le chien, la vache !), de grande allure ou de petite, ce qui finit, eh oui, par faire la m\u00e9moire d\u2019un pays. N\u00f2stre monde en tricotera livres et brochures, pourvu qu\u2019ils aient le ton juste, qu\u2019ils soient n\u00e9cessaires.<\/p>\n","protected":false},"excerpt":{"rendered":"<p>En 1988, tout au long de l\u2019ann\u00e9e sans en manquer un jour, Pierre Lallet (dont on avait tant aim\u00e9 le magnifique Aubre solet) t\u00eent son journal, 366 chroniques (l\u2019an \u00e9tant bissextile) o\u00f9 il parlait de tout ce qui \u00e9tait sa vie (ce que, bien s\u00fbr, l\u2019on pouvait dire), la vie alentour, sa commune de Ch\u00e2teau-Chervix [&hellip;]<\/p>\n","protected":false},"featured_media":18482,"template":"","meta":{"_acf_changed":false,"_genesis_hide_title":false,"_genesis_hide_breadcrumbs":false,"_genesis_hide_singular_image":false,"_genesis_hide_footer_widgets":false,"_genesis_custom_body_class":"","_genesis_custom_post_class":"","_genesis_layout":""},"product_brand":[],"product_cat":[7133,7175,7187],"product_tag":[],"class_list":{"0":"post-18481","1":"product","2":"type-product","3":"status-publish","4":"has-post-thumbnail","6":"product_cat-libres-oc","7":"product_cat-literatura-oc","8":"product_cat-temonhatges-memoris-oc","9":"pa_auteur-lallet-peire-oc","10":"pa_editeur-lo-chamin-de-sent-jaume-oc","11":"pa_langue-occitan-oc","12":"pa_langue-occitan-lemosin-oc","13":"entry","15":"first","16":"instock","17":"shipping-taxable","18":"purchasable","19":"product-type-simple"},"acf":[],"_links":{"self":[{"href":"https:\/\/www.libraria-occitana.org\/oc\/wp-json\/wp\/v2\/product\/18481","targetHints":{"allow":["GET"]}}],"collection":[{"href":"https:\/\/www.libraria-occitana.org\/oc\/wp-json\/wp\/v2\/product"}],"about":[{"href":"https:\/\/www.libraria-occitana.org\/oc\/wp-json\/wp\/v2\/types\/product"}],"wp:featuredmedia":[{"embeddable":true,"href":"https:\/\/www.libraria-occitana.org\/oc\/wp-json\/wp\/v2\/media\/18482"}],"wp:attachment":[{"href":"https:\/\/www.libraria-occitana.org\/oc\/wp-json\/wp\/v2\/media?parent=18481"}],"wp:term":[{"taxonomy":"product_brand","embeddable":true,"href":"https:\/\/www.libraria-occitana.org\/oc\/wp-json\/wp\/v2\/product_brand?post=18481"},{"taxonomy":"product_cat","embeddable":true,"href":"https:\/\/www.libraria-occitana.org\/oc\/wp-json\/wp\/v2\/product_cat?post=18481"},{"taxonomy":"product_tag","embeddable":true,"href":"https:\/\/www.libraria-occitana.org\/oc\/wp-json\/wp\/v2\/product_tag?post=18481"}],"curies":[{"name":"wp","href":"https:\/\/api.w.org\/{rel}","templated":true}]}}