{"id":18715,"date":"2009-04-01T12:21:55","date_gmt":"2009-04-01T10:21:55","guid":{"rendered":"http:\/\/www.libraria-occitana.org\/all-products\/memoria-de-laiga-enquete-ethnolinguistique-sur-leau-en-montagne-limousine?lang=oc"},"modified":"2026-04-29T06:51:22","modified_gmt":"2026-04-29T04:51:22","slug":"memoria-de-laiga-enquete-ethnolinguistique-sur-leau-en-montagne-limousine","status":"publish","type":"product","link":"https:\/\/www.libraria-occitana.org\/oc\/produch\/memoria-de-laiga-enquete-ethnolinguistique-sur-leau-en-montagne-limousine\/","title":{"rendered":"Mem\u00f2ria de l&#8217;aiga : Enqu\u00eate ethnolinguistique sur l&#8217;eau en montagne limousine"},"content":{"rendered":"<p>D\u2019avril 2007 \u00e0 juin 2008, les animateurs de l\u2019Institut d\u2019Estudis Occitans dau Lemosin ont parcouru les routes du Parc naturel r\u00e9gional de Millevaches en Limousin \u00e0 la recherche de <em>la mem\u00f2ria de l\u2019aiga<\/em>, la m\u00e9moire de l\u2019eau\u2026<\/p>\n<p>Une enqu\u00eate men\u00e9e en occitan aupr\u00e8s des derniers acteurs de la civilisation rurale pour porter t\u00e9moignage d\u2019un pan de m\u00e9moire technique et linguistique de la montagne limousine : <em>las levadas<\/em>, <em>la torba<\/em>, <em>los molins<\/em>, <em>l\u2019aiga dins lo vialatges<\/em>\u2026<\/p>\n","protected":false},"excerpt":{"rendered":"<p>D\u2019avril 2007 \u00e0 juin 2008, les animateurs de l\u2019Institut d\u2019Estudis Occitans dau Lemosin ont parcouru les routes du Parc naturel r\u00e9gional de Millevaches en Limousin \u00e0 la recherche de la mem\u00f2ria de l\u2019aiga, la m\u00e9moire de l\u2019eau\u2026 Une enqu\u00eate men\u00e9e en occitan aupr\u00e8s des derniers acteurs de la civilisation rurale pour porter t\u00e9moignage d\u2019un pan [&hellip;]<\/p>\n","protected":false},"featured_media":36671,"template":"","meta":{"_acf_changed":false,"_genesis_hide_title":false,"_genesis_hide_breadcrumbs":false,"_genesis_hide_singular_image":false,"_genesis_hide_footer_widgets":false,"_genesis_custom_body_class":"","_genesis_custom_post_class":"","_genesis_layout":""},"product_brand":[],"product_cat":[7133,7213,7207],"product_tag":[],"class_list":{"0":"post-18715","1":"product","2":"type-product","3":"status-publish","4":"has-post-thumbnail","6":"product_cat-libres-oc","7":"product_cat-metiers-saubre-far-oc","8":"product_cat-tradicions-patrimoni-oc","9":"pa_auteur-boudy-pascal-oc","10":"pa_auteur-caunet-jean-marie-oc","11":"pa_auteur-vignaud-j-f-oc","12":"pa_editeur-ieo-lemosin-oc","13":"pa_langue-occitan-lemosin-oc","14":"pa_langue-occitan-francais-oc","15":"entry","17":"first","18":"instock","19":"shipping-taxable","20":"purchasable","21":"product-type-simple"},"acf":[],"_links":{"self":[{"href":"https:\/\/www.libraria-occitana.org\/oc\/wp-json\/wp\/v2\/product\/18715","targetHints":{"allow":["GET"]}}],"collection":[{"href":"https:\/\/www.libraria-occitana.org\/oc\/wp-json\/wp\/v2\/product"}],"about":[{"href":"https:\/\/www.libraria-occitana.org\/oc\/wp-json\/wp\/v2\/types\/product"}],"wp:featuredmedia":[{"embeddable":true,"href":"https:\/\/www.libraria-occitana.org\/oc\/wp-json\/wp\/v2\/media\/36671"}],"wp:attachment":[{"href":"https:\/\/www.libraria-occitana.org\/oc\/wp-json\/wp\/v2\/media?parent=18715"}],"wp:term":[{"taxonomy":"product_brand","embeddable":true,"href":"https:\/\/www.libraria-occitana.org\/oc\/wp-json\/wp\/v2\/product_brand?post=18715"},{"taxonomy":"product_cat","embeddable":true,"href":"https:\/\/www.libraria-occitana.org\/oc\/wp-json\/wp\/v2\/product_cat?post=18715"},{"taxonomy":"product_tag","embeddable":true,"href":"https:\/\/www.libraria-occitana.org\/oc\/wp-json\/wp\/v2\/product_tag?post=18715"}],"curies":[{"name":"wp","href":"https:\/\/api.w.org\/{rel}","templated":true}]}}