{"id":19092,"date":"2011-04-01T17:22:41","date_gmt":"2011-04-01T15:22:41","guid":{"rendered":"http:\/\/www.libraria-occitana.org\/all-products\/le-chevalier-lettre-savoir-et-conduite-de-laristocratie-aux-xiie-et-xiiie-siecles?lang=oc"},"modified":"2026-04-29T10:05:10","modified_gmt":"2026-04-29T08:05:10","slug":"le-chevalier-lettre-savoir-et-conduite-de-laristocratie-aux-xiie-et-xiiie-siecles","status":"publish","type":"product","link":"https:\/\/www.libraria-occitana.org\/oc\/produch\/le-chevalier-lettre-savoir-et-conduite-de-laristocratie-aux-xiie-et-xiiie-siecles\/","title":{"rendered":"Le chevalier lettr\u00e9 : Savoir et conduite de l&#8217;aristocratie aux XIIe et XIIIe si\u00e8cles"},"content":{"rendered":"<p>La rencontre du chevalier et du savoir au XIIe si\u00e8cle peut sembler paradoxale. Pourtant, elle se m\u00eale inextricablement \u00e0 la renaissance intellectuelle de cette p\u00e9riode, mouvement d\u00e9cisif pour l&#8217;histoire de l&#8217;Occident.<\/p>\n<p>Le chevalier n&#8217;\u00e9volue pas seulement sur les champs de bataille, mais aussi dans les cours de plus en plus cultiv\u00e9es et raffin\u00e9es : son int\u00e9r\u00eat pour les classiques latins et la lecture, voire sa propre po\u00e9sie, le prouvent. Il patronne les jongleurs et discute de litt\u00e9rature avec les clercs qui, au passage, essaient de r\u00e9former sa conduite, souvent brutale. Au fur et \u00e0 mesure que leur culture livresque se d\u00e9veloppe, les chevaliers apprennent \u00e0 r\u00e9primer leur propre violence \u00e0 la guerre et s&#8217;initient \u00e0 la courtoisie. \u00c0 table, les contenances sont d\u00e9sormais de mise, tout comme la pr\u00e9ciosit\u00e9 du langage, l&#8217;\u00e9l\u00e9gance des v\u00eatements ou la mesure des gestes. La fr\u00e9quentation des femmes, parfois doctes et tenant salon, devient plus galante.<\/p>\n<p>Une r\u00e9volution mentale est ainsi en oeuvre chez ces \u00e9lites la\u00efques qui, au contact du clerg\u00e9 savant, mettent de plus en plus leurs armes au service du bien commun. Ce savoir-vivre rel\u00e8ve-t-il d&#8217;un masque machiav\u00e9lique ou bien cette ma\u00eetrise de soi est-elle le signe d&#8217;une modernit\u00e9 avant l&#8217;heure ?<\/p>\n","protected":false},"excerpt":{"rendered":"<p>La rencontre du chevalier et du savoir au XIIe si\u00e8cle peut sembler paradoxale. Pourtant, elle se m\u00eale inextricablement \u00e0 la renaissance intellectuelle de cette p\u00e9riode, mouvement d\u00e9cisif pour l&#8217;histoire de l&#8217;Occident. Le chevalier n&#8217;\u00e9volue pas seulement sur les champs de bataille, mais aussi dans les cours de plus en plus cultiv\u00e9es et raffin\u00e9es : son [&hellip;]<\/p>\n","protected":false},"featured_media":19093,"template":"","meta":{"_acf_changed":false,"_genesis_hide_title":false,"_genesis_hide_breadcrumbs":false,"_genesis_hide_singular_image":false,"_genesis_hide_footer_widgets":false,"_genesis_custom_body_class":"","_genesis_custom_post_class":"","_genesis_layout":""},"product_brand":[],"product_cat":[7161,7149,7133],"product_tag":[],"class_list":{"0":"post-19092","1":"product","2":"type-product","3":"status-publish","4":"has-post-thumbnail","6":"product_cat-istoria-medievala-oc","7":"product_cat-istoria-geografia-oc","8":"product_cat-libres-oc","9":"pa_auteur-aurell-martin-oc","10":"pa_editeur-fayard-oc","11":"entry","13":"first","14":"outofstock","15":"shipping-taxable","16":"purchasable","17":"product-type-simple"},"acf":[],"_links":{"self":[{"href":"https:\/\/www.libraria-occitana.org\/oc\/wp-json\/wp\/v2\/product\/19092","targetHints":{"allow":["GET"]}}],"collection":[{"href":"https:\/\/www.libraria-occitana.org\/oc\/wp-json\/wp\/v2\/product"}],"about":[{"href":"https:\/\/www.libraria-occitana.org\/oc\/wp-json\/wp\/v2\/types\/product"}],"wp:featuredmedia":[{"embeddable":true,"href":"https:\/\/www.libraria-occitana.org\/oc\/wp-json\/wp\/v2\/media\/19093"}],"wp:attachment":[{"href":"https:\/\/www.libraria-occitana.org\/oc\/wp-json\/wp\/v2\/media?parent=19092"}],"wp:term":[{"taxonomy":"product_brand","embeddable":true,"href":"https:\/\/www.libraria-occitana.org\/oc\/wp-json\/wp\/v2\/product_brand?post=19092"},{"taxonomy":"product_cat","embeddable":true,"href":"https:\/\/www.libraria-occitana.org\/oc\/wp-json\/wp\/v2\/product_cat?post=19092"},{"taxonomy":"product_tag","embeddable":true,"href":"https:\/\/www.libraria-occitana.org\/oc\/wp-json\/wp\/v2\/product_tag?post=19092"}],"curies":[{"name":"wp","href":"https:\/\/api.w.org\/{rel}","templated":true}]}}