{"id":19130,"date":"2011-01-01T11:21:54","date_gmt":"2011-01-01T10:21:54","guid":{"rendered":"http:\/\/www.libraria-occitana.org\/all-products\/los-palissons-de-la-gorce-en-lemosin-4?lang=oc"},"modified":"2026-04-29T04:41:07","modified_gmt":"2026-04-29T02:41:07","slug":"los-palissons-de-la-gorce-en-lemosin-4","status":"publish","type":"product","link":"https:\/\/www.libraria-occitana.org\/oc\/produch\/los-palissons-de-la-gorce-en-lemosin-4\/","title":{"rendered":"Los palissons de la G\u00f2r\u00e7e &#8211; Les bannetons de la Gorce (En Lemosin 4)"},"content":{"rendered":"<p><strong>Apres \u2018na vita a far lu ma\u00e7on, Raimond s\u2019es sovengut un c\u00f2p a la retraita que son grand-pair li avia aprengut a far los palissons.<\/strong><\/p>\n<p>Dans la famille de Raymond Moreau, au village de la Gorce (Saint-Pardoux, 87), on faisait les palissous, ces bannetons o\u00f9 l\u2019on mettait autrefois lever la p\u00e2te \u00e0 pain.<\/p>\n<p>La confection de cette vannerie de paille est tout un art, auquel Raymond nous initie en occitan, depuis la cueillette des ronces qui servent \u00e0 lier les boudins de paille, jusqu\u2019\u00e0 la r\u00e9alisation de corbeilles spiral\u00e9es.<\/p>\n<p>Un documentaire de 11 minutes en occitan (sous-titr\u00e9 en fran\u00e7ais) r\u00e9alis\u00e9 en 2011 par Jean-Pierre Cavaill\u00e9, Jean-Paul Faure et Jean-Fran\u00e7ois Vignaud.<\/p>\n","protected":false},"excerpt":{"rendered":"<p>Apres \u2018na vita a far lu ma\u00e7on, Raimond s\u2019es sovengut un c\u00f2p a la retraita que son grand-pair li avia aprengut a far los palissons. Dans la famille de Raymond Moreau, au village de la Gorce (Saint-Pardoux, 87), on faisait les palissous, ces bannetons o\u00f9 l\u2019on mettait autrefois lever la p\u00e2te \u00e0 pain. La confection [&hellip;]<\/p>\n","protected":false},"featured_media":36376,"template":"","meta":{"_acf_changed":false,"_genesis_hide_title":false,"_genesis_hide_breadcrumbs":false,"_genesis_hide_singular_image":false,"_genesis_hide_footer_widgets":false,"_genesis_custom_body_class":"","_genesis_custom_post_class":"","_genesis_layout":""},"product_brand":[],"product_cat":[7242,7240],"product_tag":[],"class_list":{"0":"post-19130","1":"product","2":"type-product","3":"status-publish","4":"has-post-thumbnail","6":"product_cat-documentari-oc","7":"product_cat-video-oc","8":"pa_auteur-cavaille-jean-pierre-oc","9":"pa_auteur-faure-jean-paul-oc","10":"pa_auteur-vignaud-j-f-oc","11":"pa_editeur-ieo-lemosin-oc","12":"pa_langue-occitan-lemosin-oc","13":"pa_langue-occitan-francais-oc","14":"entry","16":"first","17":"instock","18":"shipping-taxable","19":"purchasable","20":"product-type-simple"},"acf":[],"_links":{"self":[{"href":"https:\/\/www.libraria-occitana.org\/oc\/wp-json\/wp\/v2\/product\/19130","targetHints":{"allow":["GET"]}}],"collection":[{"href":"https:\/\/www.libraria-occitana.org\/oc\/wp-json\/wp\/v2\/product"}],"about":[{"href":"https:\/\/www.libraria-occitana.org\/oc\/wp-json\/wp\/v2\/types\/product"}],"wp:featuredmedia":[{"embeddable":true,"href":"https:\/\/www.libraria-occitana.org\/oc\/wp-json\/wp\/v2\/media\/36376"}],"wp:attachment":[{"href":"https:\/\/www.libraria-occitana.org\/oc\/wp-json\/wp\/v2\/media?parent=19130"}],"wp:term":[{"taxonomy":"product_brand","embeddable":true,"href":"https:\/\/www.libraria-occitana.org\/oc\/wp-json\/wp\/v2\/product_brand?post=19130"},{"taxonomy":"product_cat","embeddable":true,"href":"https:\/\/www.libraria-occitana.org\/oc\/wp-json\/wp\/v2\/product_cat?post=19130"},{"taxonomy":"product_tag","embeddable":true,"href":"https:\/\/www.libraria-occitana.org\/oc\/wp-json\/wp\/v2\/product_tag?post=19130"}],"curies":[{"name":"wp","href":"https:\/\/api.w.org\/{rel}","templated":true}]}}