{"id":22958,"date":"2012-06-01T11:44:46","date_gmt":"2012-06-01T09:44:46","guid":{"rendered":"http:\/\/www.libraria-occitana.org\/all-products\/bernart-de-ventadorn-poeta-de-lamor?lang=oc"},"modified":"2026-04-29T07:16:55","modified_gmt":"2026-04-29T05:16:55","slug":"bernart-de-ventadorn-poeta-de-lamor","status":"publish","type":"product","link":"https:\/\/www.libraria-occitana.org\/oc\/produch\/bernart-de-ventadorn-poeta-de-lamor\/","title":{"rendered":"Bernart de Ventadorn : Po\u00e8ta de l&#8217;amor"},"content":{"rendered":"<p>Bernart de Ventadorn compte parmi les <em>trobadors<\/em> les plus c\u00e9l\u00e8bres ; ses chansons, apr\u00e8s avoir \u00e9t\u00e9 imit\u00e9es au Moyen \u00c2ge, sont depuis longtemps \u00e9tudi\u00e9es dans les universit\u00e9s du monde entier. Avec lui, la lyrique occitane m\u00e9di\u00e9vale atteint des hauteurs dans la finesse d&#8217;\u00e9vocation de toutes les nuances de l&#8217;amour. La simplicit\u00e9 de son <em>trobar<\/em> et l&#8217;universalit\u00e9 de son propos le rangent parmi les plus grandes voix de tous les temps.<\/p>\n","protected":false},"excerpt":{"rendered":"<p>Bernart de Ventadorn compte parmi les trobadors les plus c\u00e9l\u00e8bres ; ses chansons, apr\u00e8s avoir \u00e9t\u00e9 imit\u00e9es au Moyen \u00c2ge, sont depuis longtemps \u00e9tudi\u00e9es dans les universit\u00e9s du monde entier. Avec lui, la lyrique occitane m\u00e9di\u00e9vale atteint des hauteurs dans la finesse d&#8217;\u00e9vocation de toutes les nuances de l&#8217;amour. La simplicit\u00e9 de son trobar et [&hellip;]<\/p>\n","protected":false},"featured_media":36309,"template":"","meta":{"_acf_changed":false,"_genesis_hide_title":false,"_genesis_hide_breadcrumbs":false,"_genesis_hide_singular_image":false,"_genesis_hide_footer_widgets":false,"_genesis_custom_body_class":"","_genesis_custom_post_class":"","_genesis_layout":""},"product_brand":[],"product_cat":[7189,7133,7175],"product_tag":[],"class_list":{"0":"post-22958","1":"product","2":"type-product","3":"status-publish","4":"has-post-thumbnail","6":"product_cat-estudis-literaris-oc","7":"product_cat-libres-oc","8":"product_cat-literatura-oc","9":"pa_auteur-stenta-miquela-oc","10":"pa_editeur-lesperluette-oc","11":"pa_langue-francais-oc","12":"pa_langue-occitan-oc","13":"pa_langue-occitan-medievau-oc","14":"entry","16":"first","17":"instock","18":"shipping-taxable","19":"purchasable","20":"product-type-simple"},"acf":[],"_links":{"self":[{"href":"https:\/\/www.libraria-occitana.org\/oc\/wp-json\/wp\/v2\/product\/22958","targetHints":{"allow":["GET"]}}],"collection":[{"href":"https:\/\/www.libraria-occitana.org\/oc\/wp-json\/wp\/v2\/product"}],"about":[{"href":"https:\/\/www.libraria-occitana.org\/oc\/wp-json\/wp\/v2\/types\/product"}],"wp:featuredmedia":[{"embeddable":true,"href":"https:\/\/www.libraria-occitana.org\/oc\/wp-json\/wp\/v2\/media\/36309"}],"wp:attachment":[{"href":"https:\/\/www.libraria-occitana.org\/oc\/wp-json\/wp\/v2\/media?parent=22958"}],"wp:term":[{"taxonomy":"product_brand","embeddable":true,"href":"https:\/\/www.libraria-occitana.org\/oc\/wp-json\/wp\/v2\/product_brand?post=22958"},{"taxonomy":"product_cat","embeddable":true,"href":"https:\/\/www.libraria-occitana.org\/oc\/wp-json\/wp\/v2\/product_cat?post=22958"},{"taxonomy":"product_tag","embeddable":true,"href":"https:\/\/www.libraria-occitana.org\/oc\/wp-json\/wp\/v2\/product_tag?post=22958"}],"curies":[{"name":"wp","href":"https:\/\/api.w.org\/{rel}","templated":true}]}}