{"id":22997,"date":"2026-08-31T17:37:59","date_gmt":"2026-08-31T15:37:59","guid":{"rendered":"http:\/\/www.libraria-occitana.org\/all-products\/occitan-limousin-et-racines-indo-europeennes?lang=oc"},"modified":"2026-08-31T17:38:19","modified_gmt":"2026-08-31T15:38:19","slug":"occitan-limousin-et-racines-indo-europeennes","status":"publish","type":"product","link":"https:\/\/www.libraria-occitana.org\/oc\/produch\/occitan-limousin-et-racines-indo-europeennes\/","title":{"rendered":"OCCITAN LIMOUSIN ET RACINES INDO-EUROPEENNES"},"content":{"rendered":"<p style=\"margin:0;\"><span style=\"font-family:'Times New Roman';font-size:12pt;\">C\u2019est une \u00e9vidence largement reconnue que l\u2019occitan, par ses variantes dialectales et sa position centrale, est une passerelle privil\u00e9gi\u00e9e vers l\u2019apprentissage des langues romanes ; mais aussi de la plupart des langues occidentales. Parce qu\u2019il plonge dans un terreau dit indo-europ\u00e9en o\u00f9 ont pris souche, il y a 4.000 ans environ, les langues celtiques, nordiques, slaves, germaniques, n\u00e9olatines \u2026 Les mots limousins brejar <wbr>(broyer, battre), la brejauda <wbr>(la soupe au lard) renvoient \u00e0 l\u2019anglais break <wbr>(briser), \u00e0 l\u2019allemand brechen <wbr>(briser), au fran\u00e7ais brique ; lo frair <wbr>(le fr\u00e8re), issu du latin frater, a ses homologues dans l\u2019anglais brother, l\u2019allemand Bruder, le lituanien broth\u00e9lis, le breton breur, le tch\u00e8que bratr, le persan bar\u00e2dar, le gitan pral \u2026 car tous d\u00e9rivent du sanskrit bhratar. De tels exemples fourmillent.<br \/>Du berceau pr\u00e9historique s\u2019est d\u00e9tach\u00e9e une douzaine de rameaux pour cr\u00e9er des dizaines de langues contemporaines. Dans une soci\u00e9t\u00e9 qui se mondialise il est plus qu\u2019urgent de ne pas ignorer ce qui fait la vraie richesse de l\u2019humanit\u00e9 : sa diversit\u00e9 culturelle dans une unit\u00e9 sous-jacente. En prenant notre occitan \u00e0 bras-le-corps nous d\u00e9couvrons ici tout cela.<\/p>\n<p>Autor : Lavalade, Yves<br \/>Linga : Franc\u00e9s<br \/>Parucion : 01\/2012<br \/>Editor : L&#8217;Esperluette<br \/>Nb de pajas : 139<br \/>Format : 14,5 x 20,5 cm<br \/>P\u00e9s : 190 g<br \/>EAN 13 : 9791090784000<br \/><\/span><\/p>\n","protected":false},"excerpt":{"rendered":"<p>C\u2019est une \u00e9vidence largement reconnue que l\u2019occitan, par ses variantes dialectales et sa position centrale, est une passerelle privil\u00e9gi\u00e9e vers l\u2019apprentissage des langues romanes ; mais aussi de la plupart des langues occidentales. Parce qu\u2019il plonge dans un terreau dit indo-europ\u00e9en o\u00f9 ont pris souche, il y a 4.000 ans environ, les langues celtiques, nordiques, [&hellip;]<\/p>\n","protected":false},"featured_media":0,"template":"","meta":{"_acf_changed":false,"_genesis_hide_title":false,"_genesis_hide_breadcrumbs":false,"_genesis_hide_singular_image":false,"_genesis_hide_footer_widgets":false,"_genesis_custom_body_class":"","_genesis_custom_post_class":"","_genesis_layout":""},"product_brand":[],"product_cat":[7137,7133,7141,16136],"product_tag":[],"class_list":["post-22997","product","type-product","status-publish","product_cat-diccionaris-lenga-escolar-oc","product_cat-libres-oc","product_cat-linguistica-oc","product_cat-non-classe-oc","pa_auteur-lavalada-ives-oc","pa_auteurs-lavalade-yves","pa_editeur-lesperluette-oc","pa_langue-francais-oc","entry","has-post-thumbnail","first","outofstock","purchasable","product-type-simple"],"acf":[],"_links":{"self":[{"href":"https:\/\/www.libraria-occitana.org\/oc\/wp-json\/wp\/v2\/product\/22997","targetHints":{"allow":["GET"]}}],"collection":[{"href":"https:\/\/www.libraria-occitana.org\/oc\/wp-json\/wp\/v2\/product"}],"about":[{"href":"https:\/\/www.libraria-occitana.org\/oc\/wp-json\/wp\/v2\/types\/product"}],"wp:attachment":[{"href":"https:\/\/www.libraria-occitana.org\/oc\/wp-json\/wp\/v2\/media?parent=22997"}],"wp:term":[{"taxonomy":"product_brand","embeddable":true,"href":"https:\/\/www.libraria-occitana.org\/oc\/wp-json\/wp\/v2\/product_brand?post=22997"},{"taxonomy":"product_cat","embeddable":true,"href":"https:\/\/www.libraria-occitana.org\/oc\/wp-json\/wp\/v2\/product_cat?post=22997"},{"taxonomy":"product_tag","embeddable":true,"href":"https:\/\/www.libraria-occitana.org\/oc\/wp-json\/wp\/v2\/product_tag?post=22997"}],"curies":[{"name":"wp","href":"https:\/\/api.w.org\/{rel}","templated":true}]}}