{"id":23299,"date":"2014-06-01T11:21:53","date_gmt":"2014-06-01T10:21:53","guid":{"rendered":"http:\/\/www.libraria-occitana.org\/all-products\/les-musiques-du-massif-central-heritage-et-creation?lang=oc"},"modified":"2026-04-29T10:37:02","modified_gmt":"2026-04-29T08:37:02","slug":"les-musiques-du-massif-central-heritage-et-creation","status":"publish","type":"product","link":"https:\/\/www.libraria-occitana.org\/oc\/produch\/les-musiques-du-massif-central-heritage-et-creation\/","title":{"rendered":"Les Musiques du Massif Central : H\u00e9ritage et Cr\u00e9ation"},"content":{"rendered":"<p>Apr\u00e8s des d\u00e9cennies de travail assidu sur les terrains du Massif Central, espace immense et polymorphe, un groupe de chercheurs \u2013 musiciens-passeurs s\u2019est attach\u00e9 \u00e0 publier ce livre de 508 pages. Un \u00ab ouvrage somme \u00bb, en quelque sorte, dont l\u2019objectif est de proposer une synth\u00e8se des connaissances et des hypoth\u00e8ses sur les musiques traditionnelles de ce territoire. Sont inclus dans cet ouvrage collectif non seulement la musique, mais aussi la danse, le chant et la langue. La volont\u00e9 des initiateurs du projet, du directeur \u00e9ditorial, des auteurs ou contributeurs, est de proposer aux lecteurs des analyses et des t\u00e9moignages donnant \u00e0 comprendre les raisons qui anim\u00e8rent durant plus de quarante ans les collecteurs des ann\u00e9es 70.<\/p>\n<p>Pourquoi privil\u00e9gier cette p\u00e9riode particuli\u00e8re, s\u2019interrogera-t-on ? Parce que les ann\u00e9es 1970-1980 furent un moment charni\u00e8re entre les g\u00e9n\u00e9rations des anciens musiciens jouant de routine, d\u00e9tenteurs des savoirs de leurs pr\u00e9decesseurs, et la g\u00e9n\u00e9ration des jeunes collecteurs issus de la ville, de l\u2019universit\u00e9, du mouvement folk ou occitan. Les pages de ce livre abordent cette p\u00e9riode essentielle, mais s\u2019efforcent aussi d\u2019en proposer les ancrages historiques, dans les si\u00e8cles pr\u00e9c\u00e9dents, et d\u2019en observer les continuit\u00e9s contemporaines, par des t\u00e9moignages et des points de vue diversifi\u00e9s. Sachant que l\u2019exhaustivit\u00e9 et la r\u00e9alit\u00e9 de cette aventure humaine ne sont pas traduisibles dans leur ensemble, nous tenterons de nous rapprocher de ce qui fut plus une qu\u00eate qu\u2019une recherche scientifique.<\/p>\n<p>Cet ouvrage est pr\u00e9sent\u00e9 avec une mise en page et une iconographie tr\u00e8s riches afin d\u2019en faciliter la lecture et la compr\u00e9hension. Alternent photos anciennes, documentaires, et points de vue journalistiques, regards contemporains, le r\u00e9cit litt\u00e9raire se doublant d\u2019un r\u00e9cit par l\u2019image.<\/p>\n<p>Face \u00e0 l\u2019ampleur de cette entreprise, le comit\u00e9 de pilotage compos\u00e9 de Caroline Darroux, Olivier Durif et Jean-Fran\u00e7ois Vignaud, et coordonn\u00e9 par Andr\u00e9 Ricros, a pris la r\u00e9solution de confier la direction \u00e9ditoriale, l\u2019ensemble des enqu\u00eates et nombres d\u2019articles th\u00e9matiques \u00e0 \u00c9ric Montbel, qui accompagne ce projet depuis son d\u00e9but.<\/p>\n","protected":false},"excerpt":{"rendered":"<p>Apr\u00e8s des d\u00e9cennies de travail assidu sur les terrains du Massif Central, espace immense et polymorphe, un groupe de chercheurs \u2013 musiciens-passeurs s\u2019est attach\u00e9 \u00e0 publier ce livre de 508 pages. Un \u00ab ouvrage somme \u00bb, en quelque sorte, dont l\u2019objectif est de proposer une synth\u00e8se des connaissances et des hypoth\u00e8ses sur les musiques traditionnelles [&hellip;]<\/p>\n","protected":false},"featured_media":28838,"template":"","meta":{"_acf_changed":false,"_genesis_hide_title":false,"_genesis_hide_breadcrumbs":false,"_genesis_hide_singular_image":false,"_genesis_hide_footer_widgets":false,"_genesis_custom_body_class":"","_genesis_custom_post_class":"","_genesis_layout":""},"product_brand":[],"product_cat":[7195,7133,7191],"product_tag":[],"class_list":{"0":"post-23299","1":"product","2":"type-product","3":"status-publish","4":"has-post-thumbnail","6":"product_cat-estudis-oc","7":"product_cat-libres-oc","8":"product_cat-musica-danca-oc","9":"pa_auteur-collectiu-oc-2","10":"pa_editeur-creer-oc","11":"pa_langue-francais-oc","12":"entry","14":"first","15":"instock","16":"shipping-taxable","17":"purchasable","18":"product-type-simple"},"acf":[],"_links":{"self":[{"href":"https:\/\/www.libraria-occitana.org\/oc\/wp-json\/wp\/v2\/product\/23299","targetHints":{"allow":["GET"]}}],"collection":[{"href":"https:\/\/www.libraria-occitana.org\/oc\/wp-json\/wp\/v2\/product"}],"about":[{"href":"https:\/\/www.libraria-occitana.org\/oc\/wp-json\/wp\/v2\/types\/product"}],"wp:featuredmedia":[{"embeddable":true,"href":"https:\/\/www.libraria-occitana.org\/oc\/wp-json\/wp\/v2\/media\/28838"}],"wp:attachment":[{"href":"https:\/\/www.libraria-occitana.org\/oc\/wp-json\/wp\/v2\/media?parent=23299"}],"wp:term":[{"taxonomy":"product_brand","embeddable":true,"href":"https:\/\/www.libraria-occitana.org\/oc\/wp-json\/wp\/v2\/product_brand?post=23299"},{"taxonomy":"product_cat","embeddable":true,"href":"https:\/\/www.libraria-occitana.org\/oc\/wp-json\/wp\/v2\/product_cat?post=23299"},{"taxonomy":"product_tag","embeddable":true,"href":"https:\/\/www.libraria-occitana.org\/oc\/wp-json\/wp\/v2\/product_tag?post=23299"}],"curies":[{"name":"wp","href":"https:\/\/api.w.org\/{rel}","templated":true}]}}