{"id":24152,"date":"2015-09-01T19:08:40","date_gmt":"2015-09-01T18:08:40","guid":{"rendered":"http:\/\/www.libraria-occitana.org\/all-products\/una-istoria-occitana-une-histoire-occitane?lang=oc"},"modified":"2026-04-29T04:42:00","modified_gmt":"2026-04-29T02:42:00","slug":"una-istoria-occitana-une-histoire-occitane","status":"publish","type":"product","link":"https:\/\/www.libraria-occitana.org\/oc\/produch\/una-istoria-occitana-une-histoire-occitane\/","title":{"rendered":"Una ist\u00f2ria occitana &#8211; Une histoire occitane"},"content":{"rendered":"<p>D\u2019une chanson contestataire, embl\u00e8me des grands combats sociaux qu\u2019a connu le pays occitan dans les ann\u00e9es 60 et 70, puis symbole d\u2019une recherche d\u2019identit\u00e9 r\u00e9gionale et musicale dans les ann\u00e9es 80 et 90, la chanson occitane est devenue citoyenne. Elle s\u2019est ouverte sur le monde et s\u2019est enrichie au contact des autres musiques. Trois g\u00e9n\u00e9rations de chanteurs, trois \u00e9poques, trois publics. C\u2019est l\u2019histoire de cette chanson que le film \u00abune histoire occitane\u00bb va raconter.<\/p>\n<p>\u00ab\u00a0Des montagnes, des garrigues, des landes, un chant a r\u00e9sonn\u00e9, une musique d\u2019ici. Un son, des rythmes, une couleur qui font que la chanson d\u2019Oc a travers\u00e9 les \u00e2ges et nous arrive aujourd\u2019hui pleine de reggae, de bossa, du Br\u00e9sil et d\u2019Afrique, de Bordeaux \u00e0 Marseille en passant par l\u2019Auvergne. Nous allons raconter l\u2019histoire contemporaine de cette aventure des ann\u00e9es soixante \u00e0 nos jours.\u00a0\u00bb<\/p>\n<p style=\"text-align: right;\">Jean-Pierre Vedel<\/p>\n","protected":false},"excerpt":{"rendered":"<p>D\u2019une chanson contestataire, embl\u00e8me des grands combats sociaux qu\u2019a connu le pays occitan dans les ann\u00e9es 60 et 70, puis symbole d\u2019une recherche d\u2019identit\u00e9 r\u00e9gionale et musicale dans les ann\u00e9es 80 et 90, la chanson occitane est devenue citoyenne. Elle s\u2019est ouverte sur le monde et s\u2019est enrichie au contact des autres musiques. Trois g\u00e9n\u00e9rations [&hellip;]<\/p>\n","protected":false},"featured_media":24153,"template":"","meta":{"_acf_changed":false,"_genesis_hide_title":false,"_genesis_hide_breadcrumbs":false,"_genesis_hide_singular_image":false,"_genesis_hide_footer_widgets":false,"_genesis_custom_body_class":"","_genesis_custom_post_class":"","_genesis_layout":""},"product_brand":[],"product_cat":[7242,7240],"product_tag":[],"class_list":{"0":"post-24152","1":"product","2":"type-product","3":"status-publish","4":"has-post-thumbnail","6":"product_cat-documentari-oc","7":"product_cat-video-oc","8":"pa_auteur-vedel-jean-pierre-oc","9":"pa_editeur-marmitafilms-oc","10":"pa_langue-francais-oc","11":"entry","13":"first","14":"outofstock","15":"shipping-taxable","16":"purchasable","17":"product-type-simple"},"acf":[],"_links":{"self":[{"href":"https:\/\/www.libraria-occitana.org\/oc\/wp-json\/wp\/v2\/product\/24152","targetHints":{"allow":["GET"]}}],"collection":[{"href":"https:\/\/www.libraria-occitana.org\/oc\/wp-json\/wp\/v2\/product"}],"about":[{"href":"https:\/\/www.libraria-occitana.org\/oc\/wp-json\/wp\/v2\/types\/product"}],"wp:featuredmedia":[{"embeddable":true,"href":"https:\/\/www.libraria-occitana.org\/oc\/wp-json\/wp\/v2\/media\/24153"}],"wp:attachment":[{"href":"https:\/\/www.libraria-occitana.org\/oc\/wp-json\/wp\/v2\/media?parent=24152"}],"wp:term":[{"taxonomy":"product_brand","embeddable":true,"href":"https:\/\/www.libraria-occitana.org\/oc\/wp-json\/wp\/v2\/product_brand?post=24152"},{"taxonomy":"product_cat","embeddable":true,"href":"https:\/\/www.libraria-occitana.org\/oc\/wp-json\/wp\/v2\/product_cat?post=24152"},{"taxonomy":"product_tag","embeddable":true,"href":"https:\/\/www.libraria-occitana.org\/oc\/wp-json\/wp\/v2\/product_tag?post=24152"}],"curies":[{"name":"wp","href":"https:\/\/api.w.org\/{rel}","templated":true}]}}