{"id":27595,"date":"2000-09-01T14:29:20","date_gmt":"2000-09-01T13:29:20","guid":{"rendered":"http:\/\/www.libraria-occitana.org\/all-products\/les-langues-regionales?lang=oc"},"modified":"2026-04-29T05:56:07","modified_gmt":"2026-04-29T03:56:07","slug":"les-langues-regionales","status":"publish","type":"product","link":"https:\/\/www.libraria-occitana.org\/oc\/produch\/les-langues-regionales\/","title":{"rendered":"Les langues r\u00e9gionales"},"content":{"rendered":"<p>La majorit\u00e9 des pays de la plan\u00e8te sont plurilingues. Et la France ne fait pas exception. C\u2019est m\u00eame l\u2019un des pays d\u2019Europe qui pr\u00e9sente la plus grande diversit\u00e9 linguistique. Mais quelles sont ces langues de France m\u00e9tropolitaine et d\u2019outre-mer ? Comment leur situation sociale et culturelle a-t-elle \u00e9t\u00e9 compromise par les contingences historiques, l\u2019ignorance et les pr\u00e9jug\u00e9s ? Pourquoi un nombre croissant de personnes \u00e9prouvent-elles le besoin d\u2019affirmer une identit\u00e9 linguistique et culturelle diff\u00e9rente de l\u2019identit\u00e9 nationale ?<\/p>\n<p>La signature de la Charte europ\u00e9enne des langues r\u00e9gionales ou minoritaires a relanc\u00e9 un d\u00e9bat, parfois tr\u00e8s vif, entre partisans et adversaires de la promotion de ces langues.<\/p>\n","protected":false},"excerpt":{"rendered":"<p>La majorit\u00e9 des pays de la plan\u00e8te sont plurilingues. Et la France ne fait pas exception. C\u2019est m\u00eame l\u2019un des pays d\u2019Europe qui pr\u00e9sente la plus grande diversit\u00e9 linguistique. Mais quelles sont ces langues de France m\u00e9tropolitaine et d\u2019outre-mer ? Comment leur situation sociale et culturelle a-t-elle \u00e9t\u00e9 compromise par les contingences historiques, l\u2019ignorance et [&hellip;]<\/p>\n","protected":false},"featured_media":27596,"template":"","meta":{"_acf_changed":false,"_genesis_hide_title":false,"_genesis_hide_breadcrumbs":false,"_genesis_hide_singular_image":false,"_genesis_hide_footer_widgets":false,"_genesis_custom_body_class":"","_genesis_custom_post_class":"","_genesis_layout":""},"product_brand":[],"product_cat":[7133,7203],"product_tag":[],"class_list":{"0":"post-27595","1":"product","2":"type-product","3":"status-publish","4":"has-post-thumbnail","6":"product_cat-libres-oc","7":"product_cat-politica-sociologia-actualitat-oc","8":"pa_auteur-sibille-jean-oc","9":"pa_editeur-flammarion-oc","10":"pa_langue-francais-oc","11":"entry","13":"first","14":"outofstock","15":"shipping-taxable","16":"purchasable","17":"product-type-simple"},"acf":[],"_links":{"self":[{"href":"https:\/\/www.libraria-occitana.org\/oc\/wp-json\/wp\/v2\/product\/27595","targetHints":{"allow":["GET"]}}],"collection":[{"href":"https:\/\/www.libraria-occitana.org\/oc\/wp-json\/wp\/v2\/product"}],"about":[{"href":"https:\/\/www.libraria-occitana.org\/oc\/wp-json\/wp\/v2\/types\/product"}],"wp:featuredmedia":[{"embeddable":true,"href":"https:\/\/www.libraria-occitana.org\/oc\/wp-json\/wp\/v2\/media\/27596"}],"wp:attachment":[{"href":"https:\/\/www.libraria-occitana.org\/oc\/wp-json\/wp\/v2\/media?parent=27595"}],"wp:term":[{"taxonomy":"product_brand","embeddable":true,"href":"https:\/\/www.libraria-occitana.org\/oc\/wp-json\/wp\/v2\/product_brand?post=27595"},{"taxonomy":"product_cat","embeddable":true,"href":"https:\/\/www.libraria-occitana.org\/oc\/wp-json\/wp\/v2\/product_cat?post=27595"},{"taxonomy":"product_tag","embeddable":true,"href":"https:\/\/www.libraria-occitana.org\/oc\/wp-json\/wp\/v2\/product_tag?post=27595"}],"curies":[{"name":"wp","href":"https:\/\/api.w.org\/{rel}","templated":true}]}}