{"id":27696,"date":"2026-08-31T17:35:58","date_gmt":"2026-08-31T15:35:58","guid":{"rendered":"http:\/\/www.libraria-occitana.org\/all-products\/les-noms-de-lieux-de-la-commune-de-chamberet-correze?lang=oc"},"modified":"2026-08-31T17:36:20","modified_gmt":"2026-08-31T15:36:20","slug":"les-noms-de-lieux-de-la-commune-de-chamberet-correze","status":"publish","type":"product","link":"https:\/\/www.libraria-occitana.org\/oc\/produch\/les-noms-de-lieux-de-la-commune-de-chamberet-correze\/","title":{"rendered":"LES NOMS DE LIEUX DE LA COMMUNE DE CHAMBERET (CORREZE)"},"content":{"rendered":"<p style=\"margin:0;\"><span style=\"font-family:'Times New Roman';font-size:12pt;\">Chamberet, importante et vaste commune du canton de Treignac, regroupe de tr\u00e8s nombreux villages.<br \/>Yves Lavalade a men\u00e9 l&#8217;\u00e9tude exhaustive des noms de lieux de la commune, selon la d\u00e9marche suivie dans son remarquable Dictionnaire toponymique de la Haute-Vienne publi\u00e9 en 2000. Il a commenc\u00e9 \u00e0 r\u00e9unir les premiers \u00e9l\u00e9ments de ce travail lors de la premi\u00e8re journ\u00e9e du livre, le samedi 7 ao\u00fbt 2004, qui s&#8217;est d\u00e9roul\u00e9e dans la salle des f\u00eates de la commune. Les \u00e9l\u00e9ments recueillis aupr\u00e8s des informateurs contemporains ont \u00e9t\u00e9 \u00e9tudi\u00e9s et graphi\u00e9s selon les r\u00e8gles appropri\u00e9es de la langue occitane. Ils repr\u00e9sentent une part importante du patrimoine de la population corr\u00e9zienne et du Limousin.<\/p>\n<p>Autor : Lavalade, Yves<br \/>Linga : Franc\u00e9s<br \/>Parucion : 04\/2005<br \/>Editor : Les Mon\u00e9di\u00e8res<br \/>Nb de pajas : 37<br \/>Format : 14,5 x 20 cm<br \/>P\u00e9s : 64 g<br \/>EAN 13 : 9782914849213<\/span><\/p>\n","protected":false},"excerpt":{"rendered":"<p>Chamberet, importante et vaste commune du canton de Treignac, regroupe de tr\u00e8s nombreux villages.Yves Lavalade a men\u00e9 l&#8217;\u00e9tude exhaustive des noms de lieux de la commune, selon la d\u00e9marche suivie dans son remarquable Dictionnaire toponymique de la Haute-Vienne publi\u00e9 en 2000. Il a commenc\u00e9 \u00e0 r\u00e9unir les premiers \u00e9l\u00e9ments de ce travail lors de la [&hellip;]<\/p>\n","protected":false},"featured_media":0,"template":"","meta":{"_acf_changed":false,"_genesis_hide_title":false,"_genesis_hide_breadcrumbs":false,"_genesis_hide_singular_image":false,"_genesis_hide_footer_widgets":false,"_genesis_custom_body_class":"","_genesis_custom_post_class":"","_genesis_layout":""},"product_brand":[],"product_cat":[7149,7133,7163,16136],"product_tag":[],"class_list":["post-27696","product","type-product","status-publish","product_cat-istoria-geografia-oc","product_cat-libres-oc","product_cat-noms-de-luocs-noms-de-personas-oc","product_cat-non-classe-oc","pa_auteur-lavalada-ives-oc","pa_auteurs-lavalade-yves","pa_editeur-les-monedieres-oc","pa_langue-francais-oc","entry","has-post-thumbnail","first","outofstock","purchasable","product-type-simple"],"acf":[],"_links":{"self":[{"href":"https:\/\/www.libraria-occitana.org\/oc\/wp-json\/wp\/v2\/product\/27696","targetHints":{"allow":["GET"]}}],"collection":[{"href":"https:\/\/www.libraria-occitana.org\/oc\/wp-json\/wp\/v2\/product"}],"about":[{"href":"https:\/\/www.libraria-occitana.org\/oc\/wp-json\/wp\/v2\/types\/product"}],"wp:attachment":[{"href":"https:\/\/www.libraria-occitana.org\/oc\/wp-json\/wp\/v2\/media?parent=27696"}],"wp:term":[{"taxonomy":"product_brand","embeddable":true,"href":"https:\/\/www.libraria-occitana.org\/oc\/wp-json\/wp\/v2\/product_brand?post=27696"},{"taxonomy":"product_cat","embeddable":true,"href":"https:\/\/www.libraria-occitana.org\/oc\/wp-json\/wp\/v2\/product_cat?post=27696"},{"taxonomy":"product_tag","embeddable":true,"href":"https:\/\/www.libraria-occitana.org\/oc\/wp-json\/wp\/v2\/product_tag?post=27696"}],"curies":[{"name":"wp","href":"https:\/\/api.w.org\/{rel}","templated":true}]}}