{"id":28141,"date":"2006-09-01T18:02:46","date_gmt":"2006-09-01T16:02:46","guid":{"rendered":"http:\/\/www.libraria-occitana.org\/all-products\/mas-si-chantavas-la-vita?lang=oc"},"modified":"2026-04-29T10:59:49","modified_gmt":"2026-04-29T08:59:49","slug":"mas-si-chantavas-la-vita","status":"publish","type":"product","link":"https:\/\/www.libraria-occitana.org\/oc\/produch\/mas-si-chantavas-la-vita\/","title":{"rendered":"Mas si chantavas la vita&#8230;"},"content":{"rendered":"<p>Chansons en occitan avec traduction fran\u00e7aise et partition musicale not\u00e9e par Fran\u00e7oise \u00c9tay.<\/p>\n<p>Melhau se dit homme du n\u00e9olithique revivifi\u00e9 par la romanit\u00e9 limousine des XIe et XIIe si\u00e8cles. Depuis, se survivre&#8230;<\/p>\n<p>Ces quatorze chansons \u00e9crites en quelques jours entre 2005 et 2006, sont dans cette tonalit\u00e9. Elles te donnent toutes les raisons d\u2019esp\u00e9rer\u2026 en la camarde. On en prend plein la gueule, mais avec le sourire. On les trouve enregistr\u00e9es sur le <a title=\"Mas si chantavas la vita\u2026\" href=\"http:\/\/www.libraria-occitana.org\/all-products\/mas-si-chantavas-la-vita-2\">CD du m\u00eame titre<\/a>.<\/p>\n","protected":false},"excerpt":{"rendered":"<p>Chansons en occitan avec traduction fran\u00e7aise et partition musicale not\u00e9e par Fran\u00e7oise \u00c9tay. Melhau se dit homme du n\u00e9olithique revivifi\u00e9 par la romanit\u00e9 limousine des XIe et XIIe si\u00e8cles. Depuis, se survivre&#8230; Ces quatorze chansons \u00e9crites en quelques jours entre 2005 et 2006, sont dans cette tonalit\u00e9. Elles te donnent toutes les raisons d\u2019esp\u00e9rer\u2026 en [&hellip;]<\/p>\n","protected":false},"featured_media":20613,"template":"","meta":{"_acf_changed":false,"_genesis_hide_title":false,"_genesis_hide_breadcrumbs":false,"_genesis_hide_singular_image":false,"_genesis_hide_footer_widgets":false,"_genesis_custom_body_class":"","_genesis_custom_post_class":"","_genesis_layout":""},"product_brand":[],"product_cat":[7133,7191,7193],"product_tag":[],"class_list":{"0":"post-28141","1":"product","2":"type-product","3":"status-publish","4":"has-post-thumbnail","6":"product_cat-libres-oc","7":"product_cat-musica-danca-oc","8":"product_cat-particions-paraulas-de-chancons-oc","9":"pa_auteur-melhau-jan-dau-fr-oc","10":"pa_editeur-lo-chamin-de-sent-jaume-oc","11":"pa_langue-occitan-lemosin-oc","12":"pa_langue-occitan-francais-oc","13":"entry","15":"first","16":"instock","17":"shipping-taxable","18":"purchasable","19":"product-type-simple"},"acf":[],"_links":{"self":[{"href":"https:\/\/www.libraria-occitana.org\/oc\/wp-json\/wp\/v2\/product\/28141","targetHints":{"allow":["GET"]}}],"collection":[{"href":"https:\/\/www.libraria-occitana.org\/oc\/wp-json\/wp\/v2\/product"}],"about":[{"href":"https:\/\/www.libraria-occitana.org\/oc\/wp-json\/wp\/v2\/types\/product"}],"wp:featuredmedia":[{"embeddable":true,"href":"https:\/\/www.libraria-occitana.org\/oc\/wp-json\/wp\/v2\/media\/20613"}],"wp:attachment":[{"href":"https:\/\/www.libraria-occitana.org\/oc\/wp-json\/wp\/v2\/media?parent=28141"}],"wp:term":[{"taxonomy":"product_brand","embeddable":true,"href":"https:\/\/www.libraria-occitana.org\/oc\/wp-json\/wp\/v2\/product_brand?post=28141"},{"taxonomy":"product_cat","embeddable":true,"href":"https:\/\/www.libraria-occitana.org\/oc\/wp-json\/wp\/v2\/product_cat?post=28141"},{"taxonomy":"product_tag","embeddable":true,"href":"https:\/\/www.libraria-occitana.org\/oc\/wp-json\/wp\/v2\/product_tag?post=28141"}],"curies":[{"name":"wp","href":"https:\/\/api.w.org\/{rel}","templated":true}]}}