{"id":28147,"date":"2006-06-01T16:55:46","date_gmt":"2006-06-01T15:55:46","guid":{"rendered":"http:\/\/www.libraria-occitana.org\/all-products\/mas-vielhas-mes-vieilles?lang=oc"},"modified":"2026-04-29T10:59:44","modified_gmt":"2026-04-29T08:59:44","slug":"mas-vielhas-mes-vieilles","status":"publish","type":"product","link":"https:\/\/www.libraria-occitana.org\/oc\/produch\/mas-vielhas-mes-vieilles\/","title":{"rendered":"Mas vielhas &#8211; Mes vieilles"},"content":{"rendered":"<p>En occitan avec traduction en regard.<\/p>\n<p><em>Mas Vielhas<\/em>, ce sont la grand-m\u00e8re et la grand-tante-marraine de l\u2019auteur \u00e0 la fin de leur vie.<\/p>\n<p>Belles-s\u0153urs, elles ont v\u00e9cu ensemble pr\u00e8s de soixante ans, lorsque, suite \u00e0 une attaque paralysante, l\u2019hospitalisation d\u00e9finitive de la premi\u00e8re la s\u00e9pare de la seconde qui reste seule \u00e0 la maison.<\/p>\n<p>Attendre \u00e0 l\u2019h\u00f4pital que la mort veuille bien de vous, en choisir, chez soi, le moment. Et de l\u2019une \u00e0 l\u2019autre, avec affection, portant t\u00e9moignage, le petit-fils et filleul\u2026<\/p>\n<p><strong>Colleccion \u00ab N\u00f2stre monde \u00bb :<\/strong><br \/>\nNotre monde, nos gens, les n\u00f4tres, chez nous\u2026 Souvenirs, t\u00e9moignages, une bonne tranche de vie, une miette seulement, un \u00e9v\u00e9nement, le quotidien, la personne, la maison, le lignage, tout ce qui fait m\u00e9moire d\u2019\u00eatre humain (mais pourquoi pas le chien, la vache !), de grande allure ou de petite, ce qui finit, eh oui, par faire la m\u00e9moire d\u2019un pays. N\u00f2stre monde en tricotera livres et brochures, pourvu qu\u2019ils aient le ton juste, qu\u2019ils soient n\u00e9cessaires.<\/p>\n","protected":false},"excerpt":{"rendered":"<p>En occitan avec traduction en regard. Mas Vielhas, ce sont la grand-m\u00e8re et la grand-tante-marraine de l\u2019auteur \u00e0 la fin de leur vie. Belles-s\u0153urs, elles ont v\u00e9cu ensemble pr\u00e8s de soixante ans, lorsque, suite \u00e0 une attaque paralysante, l\u2019hospitalisation d\u00e9finitive de la premi\u00e8re la s\u00e9pare de la seconde qui reste seule \u00e0 la maison. Attendre [&hellip;]<\/p>\n","protected":false},"featured_media":36498,"template":"","meta":{"_acf_changed":false,"_genesis_hide_title":false,"_genesis_hide_breadcrumbs":false,"_genesis_hide_singular_image":false,"_genesis_hide_footer_widgets":false,"_genesis_custom_body_class":"","_genesis_custom_post_class":"","_genesis_layout":""},"product_brand":[],"product_cat":[7133,7175,7187],"product_tag":[],"class_list":{"0":"post-28147","1":"product","2":"type-product","3":"status-publish","4":"has-post-thumbnail","6":"product_cat-libres-oc","7":"product_cat-literatura-oc","8":"product_cat-temonhatges-memoris-oc","9":"pa_auteur-melhau-jan-dau-fr-oc","10":"pa_editeur-lo-chamin-de-sent-jaume-oc","11":"pa_langue-occitan-lemosin-oc","12":"pa_langue-occitan-francais-oc","13":"entry","15":"first","16":"instock","17":"shipping-taxable","18":"purchasable","19":"product-type-simple"},"acf":[],"_links":{"self":[{"href":"https:\/\/www.libraria-occitana.org\/oc\/wp-json\/wp\/v2\/product\/28147","targetHints":{"allow":["GET"]}}],"collection":[{"href":"https:\/\/www.libraria-occitana.org\/oc\/wp-json\/wp\/v2\/product"}],"about":[{"href":"https:\/\/www.libraria-occitana.org\/oc\/wp-json\/wp\/v2\/types\/product"}],"wp:featuredmedia":[{"embeddable":true,"href":"https:\/\/www.libraria-occitana.org\/oc\/wp-json\/wp\/v2\/media\/36498"}],"wp:attachment":[{"href":"https:\/\/www.libraria-occitana.org\/oc\/wp-json\/wp\/v2\/media?parent=28147"}],"wp:term":[{"taxonomy":"product_brand","embeddable":true,"href":"https:\/\/www.libraria-occitana.org\/oc\/wp-json\/wp\/v2\/product_brand?post=28147"},{"taxonomy":"product_cat","embeddable":true,"href":"https:\/\/www.libraria-occitana.org\/oc\/wp-json\/wp\/v2\/product_cat?post=28147"},{"taxonomy":"product_tag","embeddable":true,"href":"https:\/\/www.libraria-occitana.org\/oc\/wp-json\/wp\/v2\/product_tag?post=28147"}],"curies":[{"name":"wp","href":"https:\/\/api.w.org\/{rel}","templated":true}]}}