{"id":28201,"date":"2005-05-01T13:33:28","date_gmt":"2005-05-01T12:33:28","guid":{"rendered":"http:\/\/www.libraria-occitana.org\/all-products\/au-dela-des-rives-les-orients-doccitanie-2?lang=oc"},"modified":"2024-07-04T00:02:38","modified_gmt":"2024-07-03T22:02:38","slug":"au-dela-des-rives-les-orients-doccitanie-2","status":"publish","type":"product","link":"https:\/\/www.libraria-occitana.org\/oc\/produch\/au-dela-des-rives-les-orients-doccitanie-2\/","title":{"rendered":"Au-del\u00e0 des rives : Les Orients d&#8217;Occitanie"},"content":{"rendered":"<p>Il fut un temps ou les Pyr\u00e9n\u00e9es ont plus uni qu\u2019elles n\u2019ont s\u00e9par\u00e9, un temps ou l\u2019 \u201d Entre-deux-mers \u201d tournait r\u00e9solument le dos au nord de l\u2019Europe et \u00e9tait essentiellement anim\u00e9 par une dynamique m\u00e9diterran\u00e9enne.<\/p>\n<p>Des Ib\u00e8res \u00e0 l\u2019\u00e9poque m\u00e9di\u00e9vale, ce territoire a connu un brassage tr\u00e8s important de peuples et de civilisations et ses populations ont r\u00e9guli\u00e8rement nou\u00e9 contact avec celles des rives oppos\u00e9es. Il en est r\u00e9sult\u00e9, pour les pays d\u2019Oc et les Pyr\u00e9n\u00e9es, un imaginaire riche et complexe, profond\u00e9ment original, ou s\u2019entrelacent la l\u00e9gende et l\u2019histoire, la passion et la raison, le dogme et le doute. \u00c0 travers l\u2019\u00e9vocation des routes s\u00e9farades, des principaut\u00e9s pyr\u00e9n\u00e9ennes, des conqu\u00eates et reconqu\u00eates, l\u2019errance des troubadours, les mosqu\u00e9es et forteresses musulmanes, les foyers d\u2019art roman, les pens\u00e9es et spiritualit\u00e9s h\u00e9t\u00e9rodoxes, c\u2019est toute une civilisation qui resurgit, longtemps occult\u00e9e par les historiens fran\u00e7ais.<\/p>\n<p>Cette passionnante fresque d\u2019un pass\u00e9 oubli\u00e9 invite le lecteur \u00e0 une conversion du regard lui permettant de reconsid\u00e9rer sa vision de l\u2019histoire et de la g\u00e9ographie.<\/p>\n","protected":false},"excerpt":{"rendered":"<p>Il fut un temps ou les Pyr\u00e9n\u00e9es ont plus uni qu\u2019elles n\u2019ont s\u00e9par\u00e9, un temps ou l\u2019 \u201d Entre-deux-mers \u201d tournait r\u00e9solument le dos au nord de l\u2019Europe et \u00e9tait essentiellement anim\u00e9 par une dynamique m\u00e9diterran\u00e9enne. Des Ib\u00e8res \u00e0 l\u2019\u00e9poque m\u00e9di\u00e9vale, ce territoire a connu un brassage tr\u00e8s important de peuples et de civilisations et [&hellip;]<\/p>\n","protected":false},"featured_media":36553,"template":"","meta":{"_acf_changed":false,"_genesis_hide_title":false,"_genesis_hide_breadcrumbs":false,"_genesis_hide_singular_image":false,"_genesis_hide_footer_widgets":false,"_genesis_custom_body_class":"","_genesis_custom_post_class":"","_genesis_layout":""},"product_brand":[],"product_cat":[7161,7149,7133],"product_tag":[],"class_list":{"0":"post-28201","1":"product","2":"type-product","3":"status-publish","4":"has-post-thumbnail","6":"product_cat-istoria-medievala-oc","7":"product_cat-istoria-geografia-oc","8":"product_cat-libres-oc","9":"pa_auteur-surre-garcia-alem-oc","10":"pa_editeur-dervy-oc","11":"pa_langue-francais-oc","12":"entry","14":"first","15":"outofstock","16":"shipping-taxable","17":"purchasable","18":"product-type-simple"},"acf":[],"_links":{"self":[{"href":"https:\/\/www.libraria-occitana.org\/oc\/wp-json\/wp\/v2\/product\/28201","targetHints":{"allow":["GET"]}}],"collection":[{"href":"https:\/\/www.libraria-occitana.org\/oc\/wp-json\/wp\/v2\/product"}],"about":[{"href":"https:\/\/www.libraria-occitana.org\/oc\/wp-json\/wp\/v2\/types\/product"}],"wp:featuredmedia":[{"embeddable":true,"href":"https:\/\/www.libraria-occitana.org\/oc\/wp-json\/wp\/v2\/media\/36553"}],"wp:attachment":[{"href":"https:\/\/www.libraria-occitana.org\/oc\/wp-json\/wp\/v2\/media?parent=28201"}],"wp:term":[{"taxonomy":"product_brand","embeddable":true,"href":"https:\/\/www.libraria-occitana.org\/oc\/wp-json\/wp\/v2\/product_brand?post=28201"},{"taxonomy":"product_cat","embeddable":true,"href":"https:\/\/www.libraria-occitana.org\/oc\/wp-json\/wp\/v2\/product_cat?post=28201"},{"taxonomy":"product_tag","embeddable":true,"href":"https:\/\/www.libraria-occitana.org\/oc\/wp-json\/wp\/v2\/product_tag?post=28201"}],"curies":[{"name":"wp","href":"https:\/\/api.w.org\/{rel}","templated":true}]}}