{"id":28706,"date":"2016-04-11T17:48:56","date_gmt":"2016-04-11T16:48:56","guid":{"rendered":"http:\/\/www.libraria-occitana.org\/all-products\/contes-dun-doman-acabat-contes-dun-futur-acheve?lang=oc"},"modified":"2026-04-29T10:31:06","modified_gmt":"2026-04-29T08:31:06","slug":"contes-dun-doman-acabat-contes-dun-futur-acheve","status":"publish","type":"product","link":"https:\/\/www.libraria-occitana.org\/oc\/produch\/contes-dun-doman-acabat-contes-dun-futur-acheve\/","title":{"rendered":"Contes d&#8217;un doman acabat &#8211; Contes d&#8217;un futur achev\u00e9"},"content":{"rendered":"<p>\u00c9crire en gascon \u00e0 l\u2019or\u00e9e du XXIe si\u00e8cle est une gageure.<br \/>\nCet ouvrage accompagne-t-il les derniers \u00e9clats d\u2019une langue et d\u2019une culture mill\u00e9naire qui fut celle de l\u2019Aquitaine jusqu\u2019\u00e0 nos jours, ou se fait-il l\u2019\u00e9cho d\u2019un nouvel avenir ? Ce sera au futur d\u2019en d\u00e9cider : un futur qui pourrait bien alors ne pas s\u2019achever !<br \/>\nLe r\u00e9cit est un genre \u00e0 part enti\u00e8re dans la litt\u00e9rature occitane : le conteur s\u2019empare d\u2019un \u00e9v\u00e9nement de la vie quotidienne, un petit rien pass\u00e9 inaper\u00e7u, qu\u2019il met en sc\u00e8ne pour illustrer sa propre vision du monde.<br \/>\nDu conte populaire au r\u00e9cit de cr\u00e9ation, ce livre raconte. Une observation du monde parfois caustique mais toujours tendre, glan\u00e9e par les chemins d\u2019ici et d\u2019ailleurs au sein de la compagnie Gric de Prat.<\/p>\n","protected":false},"excerpt":{"rendered":"<p>\u00c9crire en gascon \u00e0 l\u2019or\u00e9e du XXIe si\u00e8cle est une gageure. Cet ouvrage accompagne-t-il les derniers \u00e9clats d\u2019une langue et d\u2019une culture mill\u00e9naire qui fut celle de l\u2019Aquitaine jusqu\u2019\u00e0 nos jours, ou se fait-il l\u2019\u00e9cho d\u2019un nouvel avenir ? Ce sera au futur d\u2019en d\u00e9cider : un futur qui pourrait bien alors ne pas s\u2019achever [&hellip;]<\/p>\n","protected":false},"featured_media":28704,"template":"","meta":{"_acf_changed":false,"_genesis_hide_title":false,"_genesis_hide_breadcrumbs":false,"_genesis_hide_singular_image":false,"_genesis_hide_footer_widgets":false,"_genesis_custom_body_class":"","_genesis_custom_post_class":"","_genesis_layout":""},"product_brand":[],"product_cat":[7177,7133,7175],"product_tag":[],"class_list":{"0":"post-28706","1":"product","2":"type-product","3":"status-publish","4":"has-post-thumbnail","6":"product_cat-contes-fablas-oc","7":"product_cat-libres-oc","8":"product_cat-literatura-oc","9":"pa_auteur-rivet-jean-michel-oc","10":"pa_auteur-roulet-eric-en-oc","11":"pa_auteur-roulet-casaucau-nathalie-oc","12":"pa_editeur-sud-ouest-oc","13":"pa_langue-occitan-gascon-oc","14":"pa_langue-occitan-francais-oc","15":"entry","17":"first","18":"instock","19":"shipping-taxable","20":"purchasable","21":"product-type-simple"},"acf":[],"_links":{"self":[{"href":"https:\/\/www.libraria-occitana.org\/oc\/wp-json\/wp\/v2\/product\/28706","targetHints":{"allow":["GET"]}}],"collection":[{"href":"https:\/\/www.libraria-occitana.org\/oc\/wp-json\/wp\/v2\/product"}],"about":[{"href":"https:\/\/www.libraria-occitana.org\/oc\/wp-json\/wp\/v2\/types\/product"}],"wp:featuredmedia":[{"embeddable":true,"href":"https:\/\/www.libraria-occitana.org\/oc\/wp-json\/wp\/v2\/media\/28704"}],"wp:attachment":[{"href":"https:\/\/www.libraria-occitana.org\/oc\/wp-json\/wp\/v2\/media?parent=28706"}],"wp:term":[{"taxonomy":"product_brand","embeddable":true,"href":"https:\/\/www.libraria-occitana.org\/oc\/wp-json\/wp\/v2\/product_brand?post=28706"},{"taxonomy":"product_cat","embeddable":true,"href":"https:\/\/www.libraria-occitana.org\/oc\/wp-json\/wp\/v2\/product_cat?post=28706"},{"taxonomy":"product_tag","embeddable":true,"href":"https:\/\/www.libraria-occitana.org\/oc\/wp-json\/wp\/v2\/product_tag?post=28706"}],"curies":[{"name":"wp","href":"https:\/\/api.w.org\/{rel}","templated":true}]}}