{"id":28885,"date":"2009-03-07T16:15:51","date_gmt":"2009-03-07T15:15:51","guid":{"rendered":"http:\/\/www.libraria-occitana.org\/all-products\/lombre-de-loccitan-des-romanciers-francais-a-lepreuve-dune-autre-langue?lang=oc"},"modified":"2026-04-25T22:11:07","modified_gmt":"2026-04-25T20:11:07","slug":"lombre-de-loccitan-des-romanciers-francais-a-lepreuve-dune-autre-langue","status":"publish","type":"product","link":"https:\/\/www.libraria-occitana.org\/oc\/produch\/lombre-de-loccitan-des-romanciers-francais-a-lepreuve-dune-autre-langue\/","title":{"rendered":"L&#8217;ombre de l&#8217;occitan : Des romanciers fran\u00e7ais \u00e0 l&#8217;\u00e9preuve d&#8217;une autre langue"},"content":{"rendered":"<p>L&#8217;unilinguisme est probablement un leurre, et pour cette raison tout \u00e9crivain, y compris souvent sans en avoir conscience, \u00e9crit en plusieurs langues. Mais tandis que certaines s&#8217;imposent, d&#8217;autres demeurent en retrait, jusqu&#8217;\u00e0 devenir invisibles, sans dispara\u00eetre totalement.<br \/>\nPlus nombreux qu&#8217;on pourrait le croire sont les \u00e9crivains fran\u00e7ais dont l&#8217;\u0153uvre n&#8217;a jamais pu se d\u00e9faire de l&#8217;ombre d&#8217;une autre langue, laiss\u00e9e sur le bord de la route, ou seulement connue par bribes, ou encore entr&#8217;aper\u00e7ue au hasard des rencontres.<br \/>\nL&#8217;essai de Philippe Gardy part \u00e0 la recherche d&#8217;une langue, l&#8217;occitan, qui, sans \u00eatre le moins du monde leur langue d&#8217;\u00e9criture, a \u00e9t\u00e9 ou demeure, pour certains \u00e9crivains &#8211; des romanciers surtout &#8211; un autre soi-m\u00eame, la part d&#8217;ombre plus ou moins dissimul\u00e9e de leurs mots et de leurs fictions. Cette ombre traverse le XXe si\u00e8cle (chez des auteurs comme Jean Giono, Fran\u00e7ois Mauriac, Joseph Delteil) et se prolonge jusqu&#8217;au XXIe si\u00e8cle chez d&#8217;autres dont elle influence secr\u00e8tement l&#8217;univers narratif, les personnages, le style, et jusqu&#8217;aux r\u00e9gions les plus enfouies de leur imaginaire (Fran\u00e7ois Salvaing, Pierre Michon, Pierre Bergounioux, Richard Millet).<br \/>\nEn contrepoint, l&#8217;exemple, moins connu, d&#8217;Emmanuel Delbousquet, montre comment l&#8217;occitan a pu s&#8217;imposer \u00e0 un \u00e9crivain d&#8217;expression fran\u00e7aise hant\u00e9 par son obscure pr\u00e9sence.<\/p>\n","protected":false},"excerpt":{"rendered":"<p>L&#8217;unilinguisme est probablement un leurre, et pour cette raison tout \u00e9crivain, y compris souvent sans en avoir conscience, \u00e9crit en plusieurs langues. Mais tandis que certaines s&#8217;imposent, d&#8217;autres demeurent en retrait, jusqu&#8217;\u00e0 devenir invisibles, sans dispara\u00eetre totalement. Plus nombreux qu&#8217;on pourrait le croire sont les \u00e9crivains fran\u00e7ais dont l&#8217;\u0153uvre n&#8217;a jamais pu se d\u00e9faire de [&hellip;]<\/p>\n","protected":false},"featured_media":28883,"template":"","meta":{"_acf_changed":false,"_genesis_hide_title":false,"_genesis_hide_breadcrumbs":false,"_genesis_hide_singular_image":false,"_genesis_hide_footer_widgets":false,"_genesis_custom_body_class":"","_genesis_custom_post_class":"","_genesis_layout":""},"product_brand":[],"product_cat":[7189,7133,7175],"product_tag":[],"class_list":{"0":"post-28885","1":"product","2":"type-product","3":"status-publish","4":"has-post-thumbnail","6":"product_cat-estudis-literaris-oc","7":"product_cat-libres-oc","8":"product_cat-literatura-oc","9":"pa_auteur-gardy-philippe-oc","10":"pa_editeur-pu-rennes-oc","11":"pa_langue-francais-oc","12":"entry","14":"first","15":"outofstock","16":"shipping-taxable","17":"purchasable","18":"product-type-simple"},"acf":[],"_links":{"self":[{"href":"https:\/\/www.libraria-occitana.org\/oc\/wp-json\/wp\/v2\/product\/28885","targetHints":{"allow":["GET"]}}],"collection":[{"href":"https:\/\/www.libraria-occitana.org\/oc\/wp-json\/wp\/v2\/product"}],"about":[{"href":"https:\/\/www.libraria-occitana.org\/oc\/wp-json\/wp\/v2\/types\/product"}],"wp:featuredmedia":[{"embeddable":true,"href":"https:\/\/www.libraria-occitana.org\/oc\/wp-json\/wp\/v2\/media\/28883"}],"wp:attachment":[{"href":"https:\/\/www.libraria-occitana.org\/oc\/wp-json\/wp\/v2\/media?parent=28885"}],"wp:term":[{"taxonomy":"product_brand","embeddable":true,"href":"https:\/\/www.libraria-occitana.org\/oc\/wp-json\/wp\/v2\/product_brand?post=28885"},{"taxonomy":"product_cat","embeddable":true,"href":"https:\/\/www.libraria-occitana.org\/oc\/wp-json\/wp\/v2\/product_cat?post=28885"},{"taxonomy":"product_tag","embeddable":true,"href":"https:\/\/www.libraria-occitana.org\/oc\/wp-json\/wp\/v2\/product_tag?post=28885"}],"curies":[{"name":"wp","href":"https:\/\/api.w.org\/{rel}","templated":true}]}}