{"id":29129,"date":"2007-03-05T12:58:24","date_gmt":"2007-03-05T11:58:24","guid":{"rendered":"http:\/\/www.libraria-occitana.org\/all-products\/tant-deman?lang=oc"},"modified":"2026-04-29T05:06:13","modified_gmt":"2026-04-29T03:06:13","slug":"tant-deman","status":"publish","type":"product","link":"https:\/\/www.libraria-occitana.org\/oc\/produch\/tant-deman\/","title":{"rendered":"Tant deman"},"content":{"rendered":"<p><strong>Manu Th\u00e9ron, Denis Sampieri, Sebastien Spessa, Benjamin Novarino Giana, Manu Barth\u00e9l\u00e9my, Rodin Kaufmann :<\/strong> Chant, percussions<\/p>\n<p>Musiques \u00e0 danser.<br \/>\nSix chanteurs-percussionnistes, interpr\u00e8tes d\u00e9jant\u00e9s repr\u00e9sentatifs de la sc\u00e8ne marseillaise actuelle : jeune, hyper-urbaine, bigarr\u00e9e, polymorphe et sans complexe. Tr\u00e8s loin des habituelles polyphonies, ils chantent \u00e0 tue-t\u00eate, tapent des pieds, des mains et sur leurs bendirs, \u00e9voquant toutes les formes de danses de transe qui les font vibrer. Leur interpr\u00e9tation du r\u00e9pertoire occitan est bas\u00e9e sur le d\u00e9cha\u00eenement et la fi\u00e8vre\u2026<\/p>\n<p><strong>Titres :<\/strong><br \/>\n1. Tant deman 4&#8217;25<br \/>\n2. La novi\u00f2ta 3&#8217;56<br \/>\n3. Cond\u00e9s 3&#8217;19<br \/>\n4. Fanfarn\u00e8ta 6&#8217;13<br \/>\n5. Feniant e gromand 4&#8217;19<br \/>\n6. Nau gojatas 6&#8217;30<br \/>\n7. Bosin 4&#8217;18<br \/>\n8. Rompe bassas 4&#8217;06<br \/>\n9. La vi\u00e8lha 2&#8217;09<br \/>\n10. L\u00e8va ti dau mitan 4&#8217;33<br \/>\n11. Jorns de mai 2&#8217;33<br \/>\n12. Mi parl\u00e8tz pas de trabalhar 4&#8217;08<\/p>\n","protected":false},"excerpt":{"rendered":"<p>Manu Th\u00e9ron, Denis Sampieri, Sebastien Spessa, Benjamin Novarino Giana, Manu Barth\u00e9l\u00e9my, Rodin Kaufmann : Chant, percussions Musiques \u00e0 danser. Six chanteurs-percussionnistes, interpr\u00e8tes d\u00e9jant\u00e9s repr\u00e9sentatifs de la sc\u00e8ne marseillaise actuelle : jeune, hyper-urbaine, bigarr\u00e9e, polymorphe et sans complexe. Tr\u00e8s loin des habituelles polyphonies, ils chantent \u00e0 tue-t\u00eate, tapent des pieds, des mains et sur leurs bendirs, [&hellip;]<\/p>\n","protected":false},"featured_media":29127,"template":"","meta":{"_acf_changed":false,"_genesis_hide_title":false,"_genesis_hide_breadcrumbs":false,"_genesis_hide_singular_image":false,"_genesis_hide_footer_widgets":false,"_genesis_custom_body_class":"","_genesis_custom_post_class":"","_genesis_layout":""},"product_brand":[],"product_cat":[16683,7231],"product_tag":[],"class_list":{"0":"post-29129","1":"product","2":"type-product","3":"status-publish","4":"has-post-thumbnail","6":"product_cat-musica-oc","7":"product_cat-polifonias-oc","8":"pa_auteur-lo-cor-de-la-plana-oc","9":"pa_editeur-buda-oc","10":"pa_langue-occitan-oc","11":"pa_langue-occitan-provencau-oc","12":"entry","14":"first","15":"outofstock","16":"shipping-taxable","17":"purchasable","18":"product-type-simple"},"acf":[],"_links":{"self":[{"href":"https:\/\/www.libraria-occitana.org\/oc\/wp-json\/wp\/v2\/product\/29129","targetHints":{"allow":["GET"]}}],"collection":[{"href":"https:\/\/www.libraria-occitana.org\/oc\/wp-json\/wp\/v2\/product"}],"about":[{"href":"https:\/\/www.libraria-occitana.org\/oc\/wp-json\/wp\/v2\/types\/product"}],"wp:featuredmedia":[{"embeddable":true,"href":"https:\/\/www.libraria-occitana.org\/oc\/wp-json\/wp\/v2\/media\/29127"}],"wp:attachment":[{"href":"https:\/\/www.libraria-occitana.org\/oc\/wp-json\/wp\/v2\/media?parent=29129"}],"wp:term":[{"taxonomy":"product_brand","embeddable":true,"href":"https:\/\/www.libraria-occitana.org\/oc\/wp-json\/wp\/v2\/product_brand?post=29129"},{"taxonomy":"product_cat","embeddable":true,"href":"https:\/\/www.libraria-occitana.org\/oc\/wp-json\/wp\/v2\/product_cat?post=29129"},{"taxonomy":"product_tag","embeddable":true,"href":"https:\/\/www.libraria-occitana.org\/oc\/wp-json\/wp\/v2\/product_tag?post=29129"}],"curies":[{"name":"wp","href":"https:\/\/api.w.org\/{rel}","templated":true}]}}