{"id":29588,"date":"2016-10-01T20:16:49","date_gmt":"2016-10-01T18:16:49","guid":{"rendered":"http:\/\/www.libraria-occitana.org\/?post_type=product&#038;p=29588&#038;lang=oc"},"modified":"2026-04-29T02:51:13","modified_gmt":"2026-04-29T00:51:13","slug":"en-tot-caminar","status":"publish","type":"product","link":"https:\/\/www.libraria-occitana.org\/oc\/produch\/en-tot-caminar\/","title":{"rendered":"En tot caminar"},"content":{"rendered":"<p><strong>Fanny Ch\u00e2telain, Amandine Marie, Audrey P\u00e9mouli\u00e9 :<\/strong> Chant<\/p>\n<p>Las Mondinas est un groupe de trois jeunes femmes qui se sont rencontr\u00e9es fin 2008 dans la ville du c\u00e9l\u00e8bre Raymond IV de Toulouse. Un nom historique et po\u00e9tique pour des filles r\u00e9unies autour de la passion du chant traditionnel polyphonique. Caract\u00e9ris\u00e9 par une belle harmonie des voix et une grande complicit\u00e9, le groupe s\u2019int\u00e9resse au r\u00e9pertoire de l&#8217;Occitanie au sens large, principalement Bigourdan et B\u00e9arnais.<\/p>\n<p><strong>Titres :<\/strong><br \/>\n1. Atau quan l&#8217;arr\u00f2sa ei nav\u00e8ra<br \/>\n2. Amor d&#8217;Aussau (Marcel Abbadie \/ Bernard Bou\u00e9)<br \/>\n3. Cessatz v\u00f2ste ramatge<br \/>\n4. Lo mau d&#8217;amor<br \/>\n5. Los hilhs de la montanha (Alexis Arette-Lendresse \/ Jean-Claude Coudouy)<br \/>\n6. A l&#8217;arrastora deu hroment<br \/>\n7. Cantatz filhetas<br \/>\n8. Maudit sia l&#8217;amor<br \/>\n9. Parla mi<br \/>\n10. Suu camin (Marcel Abbadie &#8211; Fanny Ch\u00e2telain \/ Fanny Ch\u00e2telain)<\/p>\n","protected":false},"excerpt":{"rendered":"<p>Fanny Ch\u00e2telain, Amandine Marie, Audrey P\u00e9mouli\u00e9 : Chant Las Mondinas est un groupe de trois jeunes femmes qui se sont rencontr\u00e9es fin 2008 dans la ville du c\u00e9l\u00e8bre Raymond IV de Toulouse. Un nom historique et po\u00e9tique pour des filles r\u00e9unies autour de la passion du chant traditionnel polyphonique. Caract\u00e9ris\u00e9 par une belle harmonie des [&hellip;]<\/p>\n","protected":false},"featured_media":29586,"template":"","meta":{"_acf_changed":false,"_genesis_hide_title":false,"_genesis_hide_breadcrumbs":false,"_genesis_hide_singular_image":false,"_genesis_hide_footer_widgets":false,"_genesis_custom_body_class":"","_genesis_custom_post_class":"","_genesis_layout":""},"product_brand":[],"product_cat":[16683,7231],"product_tag":[],"class_list":{"0":"post-29588","1":"product","2":"type-product","3":"status-publish","4":"has-post-thumbnail","6":"product_cat-musica-oc","7":"product_cat-polifonias-oc","8":"pa_auteur-las-mondinas-oc","9":"pa_langue-occitan-gascon-oc","10":"pa_langue-occitan-francais-oc","11":"entry","13":"first","14":"outofstock","15":"shipping-taxable","16":"purchasable","17":"product-type-simple"},"acf":[],"_links":{"self":[{"href":"https:\/\/www.libraria-occitana.org\/oc\/wp-json\/wp\/v2\/product\/29588","targetHints":{"allow":["GET"]}}],"collection":[{"href":"https:\/\/www.libraria-occitana.org\/oc\/wp-json\/wp\/v2\/product"}],"about":[{"href":"https:\/\/www.libraria-occitana.org\/oc\/wp-json\/wp\/v2\/types\/product"}],"wp:featuredmedia":[{"embeddable":true,"href":"https:\/\/www.libraria-occitana.org\/oc\/wp-json\/wp\/v2\/media\/29586"}],"wp:attachment":[{"href":"https:\/\/www.libraria-occitana.org\/oc\/wp-json\/wp\/v2\/media?parent=29588"}],"wp:term":[{"taxonomy":"product_brand","embeddable":true,"href":"https:\/\/www.libraria-occitana.org\/oc\/wp-json\/wp\/v2\/product_brand?post=29588"},{"taxonomy":"product_cat","embeddable":true,"href":"https:\/\/www.libraria-occitana.org\/oc\/wp-json\/wp\/v2\/product_cat?post=29588"},{"taxonomy":"product_tag","embeddable":true,"href":"https:\/\/www.libraria-occitana.org\/oc\/wp-json\/wp\/v2\/product_tag?post=29588"}],"curies":[{"name":"wp","href":"https:\/\/api.w.org\/{rel}","templated":true}]}}