{"id":33010,"date":"2003-02-04T14:13:39","date_gmt":"2003-02-04T13:13:39","guid":{"rendered":"http:\/\/www.libraria-occitana.org\/?post_type=product&#038;p=33010\/"},"modified":"2026-04-26T04:06:29","modified_gmt":"2026-04-26T02:06:29","slug":"tres-palometas-blancas-trois-blanches-colombes","status":"publish","type":"product","link":"https:\/\/www.libraria-occitana.org\/oc\/produch\/tres-palometas-blancas-trois-blanches-colombes\/","title":{"rendered":"Tres palometas blancas &#8211; Trois blanches colombes"},"content":{"rendered":"<p>Ce recueil se situe dans la ligne de <em>Tres auc\u00e8ls de l&#8217;ombra<\/em> (1967) et<em> Tres cast\u00e8ls del diable<\/em> (1968) r\u00e9unissant des contes \u00ab semi-traditionnels, \u00e9crit dans une langue alerte \u00bb (<em>Nouvelle histoire de la litt\u00e9rature occitane<\/em>) et qui, tenus pour des \u00ab mod\u00e8les d&#8217;\u00e9criture classique \u00bb (<em>Dictionnaire Larousse des litt\u00e9ratures<\/em>) ont connu un succ\u00e8s qui a justifi\u00e9 plusieurs \u00e9ditions.<\/p>\n<p>Les contes rassembl\u00e9s ici ont \u00e9t\u00e9 comme les pr\u00e9c\u00e9dents reconstruits pas Andr\u00e9 Lagarde \u00e0 partir de plusieurs versions recueillies \u00ab de bouche \u00e0 oreille \u00bb dans son entourage, aux confins de l&#8217;Ari\u00e8ge et de l&#8217;Aude, vers 1960. Sans en changer la trame ou les \u00e9l\u00e9ments, il en a fait des textes agr\u00e9ables au lecteur d&#8217;aujourd&#8217;hui et susceptibles d&#8217;inciter celui-ci \u00e0 les conter \u00e0 son tour.<\/p>\n<p>Josiane Bru, ethnologue charg\u00e9e du Catalogue des contes populaires fran\u00e7ais, fait suivre les textes de brefs commentaires pour les situer dans la tradition orale en g\u00e9n\u00e9ral, en particulier dans la culture occitane dont ils sont issus.<\/p>\n<p>L&#8217;illustration de Jacques Fauch\u00e9, par les oppositions vigoureuses de noir et de blanc et le style \u00e9pur\u00e9 du dessin qu&#8217;impose la linogravure, souligne le caract\u00e8re particulier du genre.<\/p>\n<p>\u00c9dition bilingue, textes originaux occitans et traduction fran\u00e7aise en regard.<\/p>\n","protected":false},"excerpt":{"rendered":"<p>Ce recueil se situe dans la ligne de Tres auc\u00e8ls de l&#8217;ombra (1967) et Tres cast\u00e8ls del diable (1968) r\u00e9unissant des contes \u00ab semi-traditionnels, \u00e9crit dans une langue alerte \u00bb (Nouvelle histoire de la litt\u00e9rature occitane) et qui, tenus pour des \u00ab mod\u00e8les d&#8217;\u00e9criture classique \u00bb (Dictionnaire Larousse des litt\u00e9ratures) ont connu un succ\u00e8s qui [&hellip;]<\/p>\n","protected":false},"featured_media":55833,"template":"","meta":{"_acf_changed":false,"_genesis_hide_title":false,"_genesis_hide_breadcrumbs":false,"_genesis_hide_singular_image":false,"_genesis_hide_footer_widgets":false,"_genesis_custom_body_class":"","_genesis_custom_post_class":"","_genesis_layout":""},"product_brand":[],"product_cat":[7177,7133,7175],"product_tag":[],"class_list":{"0":"post-33010","1":"product","2":"type-product","3":"status-publish","4":"has-post-thumbnail","6":"product_cat-contes-fablas-oc","7":"product_cat-libres-oc","8":"product_cat-literatura-oc","9":"pa_auteur-lagarda-andrieu-oc","10":"pa_editeur-andre-lagarde-oc","11":"pa_illustrateur-fauche-jacques-oc","12":"pa_langue-occitan-lengadocian-oc","13":"pa_langue-occitan-francais-oc","14":"entry","16":"first","17":"instock","18":"shipping-taxable","19":"purchasable","20":"product-type-simple"},"acf":[],"_links":{"self":[{"href":"https:\/\/www.libraria-occitana.org\/oc\/wp-json\/wp\/v2\/product\/33010","targetHints":{"allow":["GET"]}}],"collection":[{"href":"https:\/\/www.libraria-occitana.org\/oc\/wp-json\/wp\/v2\/product"}],"about":[{"href":"https:\/\/www.libraria-occitana.org\/oc\/wp-json\/wp\/v2\/types\/product"}],"wp:featuredmedia":[{"embeddable":true,"href":"https:\/\/www.libraria-occitana.org\/oc\/wp-json\/wp\/v2\/media\/55833"}],"wp:attachment":[{"href":"https:\/\/www.libraria-occitana.org\/oc\/wp-json\/wp\/v2\/media?parent=33010"}],"wp:term":[{"taxonomy":"product_brand","embeddable":true,"href":"https:\/\/www.libraria-occitana.org\/oc\/wp-json\/wp\/v2\/product_brand?post=33010"},{"taxonomy":"product_cat","embeddable":true,"href":"https:\/\/www.libraria-occitana.org\/oc\/wp-json\/wp\/v2\/product_cat?post=33010"},{"taxonomy":"product_tag","embeddable":true,"href":"https:\/\/www.libraria-occitana.org\/oc\/wp-json\/wp\/v2\/product_tag?post=33010"}],"curies":[{"name":"wp","href":"https:\/\/api.w.org\/{rel}","templated":true}]}}