{"id":33012,"date":"2026-08-31T17:32:54","date_gmt":"2026-08-31T15:32:54","guid":{"rendered":"http:\/\/www.libraria-occitana.org\/?post_type=product&#038;p=33012\/"},"modified":"2026-08-31T17:32:58","modified_gmt":"2026-08-31T15:32:58","slug":"tres-pobles-de-la-lona-trois-peuples-de-la-lagune-libre-cd","status":"publish","type":"product","link":"https:\/\/www.libraria-occitana.org\/oc\/produch\/tres-pobles-de-la-lona-trois-peuples-de-la-lagune-libre-cd\/","title":{"rendered":"TRES P\u00f2BLES DE LA L\u00f2NA &#8211; TROIS PEUPLES DE LA LAGUNE (LIBRE + CD)"},"content":{"rendered":"<p style=\"margin:0;\"><span style=\"font-family:'Times New Roman';font-size:12pt;\">Tres p\u00f2bles de la l\u00f2na &#8211; Trois peuples de la lagune <wbr>(libre + CD)<\/p>\n<p>Las c\u00f2las de Fontfreda e de la Clapa, la conca immensa de l&#8217;estanh dob\u00e8rta de cap a la mar&#8230;<br \/>Una via ferrada e un autorota trav\u00e8rsan aqueles pa\u00efsatges de la Narbonesa. Lo viatjaire agacha e s\u00f2mia, los p\u00f2bla de sos fantasmas, de sas angoissas. Tres faulas po\u00ebticas son nascudas d&#8217;aquela panta\u00efssada, tres p\u00f2bles imaginaris, passat, present, avenidor : lo p\u00f2ble correire de la l\u00f2na, los salvatges del terraplen central, n\u00f2stres felens que manjar\u00e0n de mots&#8230;<\/p>\n<p>Les collines de Fontfroide et de la Clape, la conque immense de l&#8217;\u00e9tang ouverte vers la mer&#8230; Une voie ferr\u00e9e et une autoroute traversent ces paysages de la Narbonnaise. Le voyageur regarde et r\u00eave, les peuple de ses fantasmes, de ses angoisses. Trois fables po\u00e9tiques sont n\u00e9es de cette r\u00eaverie, trois peuples imaginaires, pass\u00e9, pr\u00e9sent, futur : le peuple coureur de la lagune, les sauvages du terre-plein central, nos petits enfants qui mangeront des mots&#8230;<\/p>\n<p>Coll\u00e8ges &gt; lyc\u00e9es.<\/p>\n<p>Complement de titre : Etnografias im\u00e0ginarias &#8211; Ethnographies imaginaires<br \/>Autor : For\u00eat, Jean-Claude<br \/>Illustracions : Schilling, J\u00fcrgen<br \/>Musica : R\u00e9mond, Herv\u00e9<br \/>Legeire CD : For\u00eat, Jean-Claude<br \/>Linga : Occitan <wbr>(lengadocian) &#8211; franc\u00e9s<br \/>Parucion : 09\/2006<br \/>Editor : CRDP Montpellier<br \/>Colleccion : Los camins de la vida<br \/>Nb de pajas : 111<br \/>Format : 15 x 21 cm<br \/>P\u00e9s : 242 g<br \/>EAN 13 : 9782866262426<\/span><\/p>\n","protected":false},"excerpt":{"rendered":"<p>Tres p\u00f2bles de la l\u00f2na &#8211; Trois peuples de la lagune (libre + CD) Las c\u00f2las de Fontfreda e de la Clapa, la conca immensa de l&#8217;estanh dob\u00e8rta de cap a la mar&#8230;Una via ferrada e un autorota trav\u00e8rsan aqueles pa\u00efsatges de la Narbonesa. Lo viatjaire agacha e s\u00f2mia, los p\u00f2bla de sos fantasmas, de [&hellip;]<\/p>\n","protected":false},"featured_media":0,"template":"","meta":{"_acf_changed":false,"_genesis_hide_title":false,"_genesis_hide_breadcrumbs":false,"_genesis_hide_singular_image":false,"_genesis_hide_footer_widgets":false,"_genesis_custom_body_class":"","_genesis_custom_post_class":"","_genesis_layout":""},"product_brand":[],"product_cat":[7167,7165,7133,16136],"product_tag":[],"class_list":["post-33012","product","type-product","status-publish","product_cat-ados-oc","product_cat-jounessa-bd-umor","product_cat-libres-oc","product_cat-non-classe-oc","pa_editeur-crdp-montpellier-fr-oc","entry","first","outofstock","purchasable","product-type-simple"],"acf":[],"_links":{"self":[{"href":"https:\/\/www.libraria-occitana.org\/oc\/wp-json\/wp\/v2\/product\/33012","targetHints":{"allow":["GET"]}}],"collection":[{"href":"https:\/\/www.libraria-occitana.org\/oc\/wp-json\/wp\/v2\/product"}],"about":[{"href":"https:\/\/www.libraria-occitana.org\/oc\/wp-json\/wp\/v2\/types\/product"}],"wp:attachment":[{"href":"https:\/\/www.libraria-occitana.org\/oc\/wp-json\/wp\/v2\/media?parent=33012"}],"wp:term":[{"taxonomy":"product_brand","embeddable":true,"href":"https:\/\/www.libraria-occitana.org\/oc\/wp-json\/wp\/v2\/product_brand?post=33012"},{"taxonomy":"product_cat","embeddable":true,"href":"https:\/\/www.libraria-occitana.org\/oc\/wp-json\/wp\/v2\/product_cat?post=33012"},{"taxonomy":"product_tag","embeddable":true,"href":"https:\/\/www.libraria-occitana.org\/oc\/wp-json\/wp\/v2\/product_tag?post=33012"}],"curies":[{"name":"wp","href":"https:\/\/api.w.org\/{rel}","templated":true}]}}