{"id":33255,"date":"2026-08-31T17:34:51","date_gmt":"2026-08-31T15:34:51","guid":{"rendered":"http:\/\/www.libraria-occitana.org\/?post_type=product&#038;p=33255\/"},"modified":"2026-08-31T17:34:54","modified_gmt":"2026-08-31T15:34:54","slug":"rene-nelli-la-recherche-du-poeme-parfait","status":"publish","type":"product","link":"https:\/\/www.libraria-occitana.org\/oc\/produch\/rene-nelli-la-recherche-du-poeme-parfait\/","title":{"rendered":"RENE NELLI, LA RECHERCHE DU POEME PARFAIT"},"content":{"rendered":"<p style=\"margin:0;\"><span style=\"font-family:'Times New Roman';font-size:12pt;\">L\u2019oeuvre po\u00e9tique de Ren\u00e9 Nelli <wbr>(Carcassonne 1906-1982) est de celles qui donnent le vertige. On y est toujours en pays de connaissance, et l\u2019on s\u2019y perd toujours&#8230;Les pi\u00e8ces qui la composent nous apparaissent innombrables, non pas tant l\u2019ampleur d\u2019une \u00e9criture abondante et multiple, que par le jeu constant des rappels, des \u00e9chos et des correspondances qui nous assaillent au fur et \u00e0 mesure que nous croyons en avoir \u00e9puis\u00e9 l\u2019inventaire. La dualit\u00e9 des langues, occitan et fran\u00e7ais, ne fait que renforcer une facult\u00e9 d\u2019illimitation dont elle constitue peut-\u00eatre l\u2019origine profonde, \u00e0 la fois cach\u00e9e et affich\u00e9e par le po\u00e8te.<br \/>L\u2019ouvrage de Philippe Gardy propose un voyage chronologique \u00e0 travers cette marqueterie de po\u00e8mes, depuis Pr\u00e9sence <wbr>(1928) jusqu\u2019\u00e0 l\u2019Ode \u00e0 Monts\u00e9gur <wbr>(1971-1981), afin de nous aider \u00e0 mieux appr\u00e9hender ce qui se trouve au coeur d\u2019une exp\u00e9rience litt\u00e9raire tr\u00e8s surprenante : la pr\u00e9sence, en de\u00e7\u00e0 et au-del\u00e0 des po\u00e8mes isol\u00e9s ou r\u00e9unis en recueils, d\u2019un Po\u00e8me sup\u00e9rieur, les r\u00e9unissant tous et se trouvant \u00e0 leur origine, mais dont il n\u2019\u00e9tait possible d\u2019envisager la repr\u00e9sentation autrement que sous les esp\u00e8ces d\u2019une r\u00e9alit\u00e9 intouchable. Un \u00ab Po\u00e8me parfait \u00bb, semblable \u00e0 ce \u00ab Conte parfait \u00bb \u00e0 la recherche duquel Jo\u00eb Bousquet, d\u2019apr\u00e8s Nelli, aurait consacr\u00e9 les derni\u00e8res ann\u00e9es de son existence.<br \/>L\u2019ouvrage s\u2019appuie sur un Choix de po\u00e8mes de Ren\u00e9 Nelli.<\/p>\n<p>Complement de titre : Suivi de : Ren\u00e9 Nelli, choix de po\u00e8mes<br \/>Autor : Gardy, Philippe ; Nelli, Ren\u00e9<br \/>Linga : Franc\u00e9s, occitan <wbr>(lengadocian)<br \/>Parucion : 01\/2011<br \/>Editor : Garae H\u00e9siode<br \/>Nb de pajas : 445<br \/>Format : 15 x 22 cm<br \/>P\u00e9s : 678 g<br \/>EAN 13 : 9782906156395<br \/><\/span><\/p>\n","protected":false},"excerpt":{"rendered":"<p>L\u2019oeuvre po\u00e9tique de Ren\u00e9 Nelli (Carcassonne 1906-1982) est de celles qui donnent le vertige. On y est toujours en pays de connaissance, et l\u2019on s\u2019y perd toujours&#8230;Les pi\u00e8ces qui la composent nous apparaissent innombrables, non pas tant l\u2019ampleur d\u2019une \u00e9criture abondante et multiple, que par le jeu constant des rappels, des \u00e9chos et des correspondances [&hellip;]<\/p>\n","protected":false},"featured_media":0,"template":"","meta":{"_acf_changed":false,"_genesis_hide_title":false,"_genesis_hide_breadcrumbs":false,"_genesis_hide_singular_image":false,"_genesis_hide_footer_widgets":false,"_genesis_custom_body_class":"","_genesis_custom_post_class":"","_genesis_layout":""},"product_brand":[],"product_cat":[7189,7133,7175,16136],"product_tag":[],"class_list":["post-33255","product","type-product","status-publish","product_cat-estudis-literaris-oc","product_cat-libres-oc","product_cat-literatura-oc","product_cat-non-classe-oc","pa_auteur-gardy-philippe-oc","pa_auteur-nelli-renat-oc","pa_auteurs-gardy-philippe-nelli-rene","pa_editeur-garae-hesiode-oc","pa_langue-francais-oc","pa_langue-occitan-oc","pa_langue-occitan-lengadocian-oc","entry","first","instock","purchasable","product-type-simple"],"acf":[],"_links":{"self":[{"href":"https:\/\/www.libraria-occitana.org\/oc\/wp-json\/wp\/v2\/product\/33255","targetHints":{"allow":["GET"]}}],"collection":[{"href":"https:\/\/www.libraria-occitana.org\/oc\/wp-json\/wp\/v2\/product"}],"about":[{"href":"https:\/\/www.libraria-occitana.org\/oc\/wp-json\/wp\/v2\/types\/product"}],"wp:attachment":[{"href":"https:\/\/www.libraria-occitana.org\/oc\/wp-json\/wp\/v2\/media?parent=33255"}],"wp:term":[{"taxonomy":"product_brand","embeddable":true,"href":"https:\/\/www.libraria-occitana.org\/oc\/wp-json\/wp\/v2\/product_brand?post=33255"},{"taxonomy":"product_cat","embeddable":true,"href":"https:\/\/www.libraria-occitana.org\/oc\/wp-json\/wp\/v2\/product_cat?post=33255"},{"taxonomy":"product_tag","embeddable":true,"href":"https:\/\/www.libraria-occitana.org\/oc\/wp-json\/wp\/v2\/product_tag?post=33255"}],"curies":[{"name":"wp","href":"https:\/\/api.w.org\/{rel}","templated":true}]}}