{"id":33285,"date":"2013-05-24T16:35:53","date_gmt":"2013-05-24T14:35:53","guid":{"rendered":"http:\/\/www.libraria-occitana.org\/?post_type=product&#038;p=33285\/"},"modified":"2026-04-29T07:01:10","modified_gmt":"2026-04-29T05:01:10","slug":"quora-despareisseron-lu-colombs","status":"publish","type":"product","link":"https:\/\/www.libraria-occitana.org\/oc\/produch\/quora-despareisseron-lu-colombs\/","title":{"rendered":"Quora despareiss\u00e8ron lu colombs"},"content":{"rendered":"<p>L\u2019\u00f2bra de Sofi Oksanen nen parla au c\u00f2r perqu\u00e9 es prefondament umana, perqu\u00e9 partiss\u00e8m l\u2019experien\u00e7a dei sieus personatges tot au c\u00f2up tant frales e tant s\u00f2dos e que, tra elu, capiss\u00e8m un pauc cen qu\u2019an poscut viure lu n\u00f2stres vi\u00e8lhs, qu\u2019esfloram tanben un questionament sus la f\u00f2r\u00e7a de la n\u00f2stra conscien\u00e7a, dei n\u00f2stri conviccions. Per tant, minga li\u00e7on es donada. Sofi non fa lo retrach dau ben \u00f2 dau mau, men fa ressentir l\u2019\u00e0nima umana davant dau sieu destin.<\/p>\n","protected":false},"excerpt":{"rendered":"<p>L\u2019\u00f2bra de Sofi Oksanen nen parla au c\u00f2r perqu\u00e9 es prefondament umana, perqu\u00e9 partiss\u00e8m l\u2019experien\u00e7a dei sieus personatges tot au c\u00f2up tant frales e tant s\u00f2dos e que, tra elu, capiss\u00e8m un pauc cen qu\u2019an poscut viure lu n\u00f2stres vi\u00e8lhs, qu\u2019esfloram tanben un questionament sus la f\u00f2r\u00e7a de la n\u00f2stra conscien\u00e7a, dei n\u00f2stri conviccions. Per [&hellip;]<\/p>\n","protected":false},"featured_media":37200,"template":"","meta":{"_acf_changed":false,"_genesis_hide_title":false,"_genesis_hide_breadcrumbs":false,"_genesis_hide_singular_image":false,"_genesis_hide_footer_widgets":false,"_genesis_custom_body_class":"","_genesis_custom_post_class":"","_genesis_layout":""},"product_brand":[],"product_cat":[7133,7175,7183],"product_tag":[],"class_list":{"0":"post-33285","1":"product","2":"type-product","3":"status-publish","4":"has-post-thumbnail","6":"product_cat-libres-oc","7":"product_cat-literatura-oc","8":"product_cat-romans-novelas-oc","9":"pa_auteur-oksanen-sofi-oc","10":"pa_editeur-creo-provenca-oc-2","11":"pa_editeur-ieo-paca-oc","12":"pa_illustrateur-cagnoli-sebastien-oc","13":"pa_illustrateur-carabatta-miquel-de-oc","14":"pa_langue-occitan-oc","15":"pa_langue-occitan-provencau-oc","16":"entry","18":"first","19":"instock","20":"shipping-taxable","21":"purchasable","22":"product-type-simple"},"acf":[],"_links":{"self":[{"href":"https:\/\/www.libraria-occitana.org\/oc\/wp-json\/wp\/v2\/product\/33285","targetHints":{"allow":["GET"]}}],"collection":[{"href":"https:\/\/www.libraria-occitana.org\/oc\/wp-json\/wp\/v2\/product"}],"about":[{"href":"https:\/\/www.libraria-occitana.org\/oc\/wp-json\/wp\/v2\/types\/product"}],"wp:featuredmedia":[{"embeddable":true,"href":"https:\/\/www.libraria-occitana.org\/oc\/wp-json\/wp\/v2\/media\/37200"}],"wp:attachment":[{"href":"https:\/\/www.libraria-occitana.org\/oc\/wp-json\/wp\/v2\/media?parent=33285"}],"wp:term":[{"taxonomy":"product_brand","embeddable":true,"href":"https:\/\/www.libraria-occitana.org\/oc\/wp-json\/wp\/v2\/product_brand?post=33285"},{"taxonomy":"product_cat","embeddable":true,"href":"https:\/\/www.libraria-occitana.org\/oc\/wp-json\/wp\/v2\/product_cat?post=33285"},{"taxonomy":"product_tag","embeddable":true,"href":"https:\/\/www.libraria-occitana.org\/oc\/wp-json\/wp\/v2\/product_tag?post=33285"}],"curies":[{"name":"wp","href":"https:\/\/api.w.org\/{rel}","templated":true}]}}