{"id":33304,"date":"2026-08-31T17:37:38","date_gmt":"2026-08-31T15:37:38","guid":{"rendered":"http:\/\/www.libraria-occitana.org\/?post_type=product&#038;p=33304\/"},"modified":"2026-08-31T17:37:41","modified_gmt":"2026-08-31T15:37:41","slug":"proses-de-norib-integrale-des-oeuvres-tome-ii","status":"publish","type":"product","link":"https:\/\/www.libraria-occitana.org\/oc\/produch\/proses-de-norib-integrale-des-oeuvres-tome-ii\/","title":{"rendered":"PROSES DE NORIB : INTEGRALE DES OEUVRES, TOME II"},"content":{"rendered":"<p style=\"margin:0;\"><span style=\"font-family:'Times New Roman';font-size:12pt;\">Les \u00e9crits en prose de Pierre Biron <wbr>(Int\u00e9grale tome 2), moins connus que ses po\u00e9sies, sont int\u00e9ressants \u00e0 diff\u00e9rents titres et indispensables pour comprendre et situer cet \u00e9crivain paysan original.<br \/>L\u00e9gendes, r\u00e9cits peu connus, souvenirs de famille y font \u00e9merger le pays profond de Norib, travers\u00e9 par la Truy\u00e8re entre Faverolles et Anglards, un peu \u00e9clips\u00e9 par le viaduc de Garabit.<br \/>Les r\u00e9actions de l&#8217;auteur permettent une perception plus locale de la vie de l&#8217;\u00e9poque, le XIXe si\u00e8cle finissant, la la\u00efcit\u00e9 militante, les changements amen\u00e9s par le progr\u00e8s, la guerre de 14-18, l&#8217;entre-deux guerres\u2026<br \/>On y d\u00e9couvre les autres pseudonymes de Norib : Toinou d&#8217;Alleuze l&#8217;anticl\u00e9rical, Toinou l&#8217;honn\u00eate homme \u00e9clair\u00e9, un &#8216;Bourrut&#8217; champion de la Libert\u00e9, PRIBON, PROBIN\u2026 ainsi que des aspects jusqu&#8217;ici peu \u00e9tudi\u00e9s de la vie culturelle r\u00e9gionale en Plan\u00e8ze et Margeride\u2026 Populaire, amuseur au besoin, ferme et g\u00e9n\u00e9reux, Pierre Biron est un humaniste opini\u00e2tre et profond en lequel les esp\u00e9rances du socialisme fran\u00e7ais utopique des origines se m\u00ealent \u00e0 la lucidit\u00e9 de la terre.<br \/>Son \u0153uvre est un document exceptionnel sur la langue d&#8217;Auvergne, restitu\u00e9e fid\u00e8lement en graphie originale et en graphie classique adapt\u00e9e, avec traduction fran\u00e7aise et lexique.<\/p>\n<p>Autor : Biron, Pierre ; Lafon, Lucienne <wbr>(rev.)<br \/>Illustracions : Brug\u00e8s, Daniel<br \/>Linga : Occitan <wbr>(auvernhat) &#8211; franc\u00e9s<br \/>Parucion : 09\/2013<br \/>Editor : Lo Convise<br \/>Nb de pajas : 704<br \/>Format : 14,5 x 24 cm<br \/>P\u00e9s : 1156 g<br \/>EAN 13 : 9782953732733<br \/><\/span><\/p>\n","protected":false},"excerpt":{"rendered":"<p>Les \u00e9crits en prose de Pierre Biron (Int\u00e9grale tome 2), moins connus que ses po\u00e9sies, sont int\u00e9ressants \u00e0 diff\u00e9rents titres et indispensables pour comprendre et situer cet \u00e9crivain paysan original.L\u00e9gendes, r\u00e9cits peu connus, souvenirs de famille y font \u00e9merger le pays profond de Norib, travers\u00e9 par la Truy\u00e8re entre Faverolles et Anglards, un peu \u00e9clips\u00e9 [&hellip;]<\/p>\n","protected":false},"featured_media":0,"template":"","meta":{"_acf_changed":false,"_genesis_hide_title":false,"_genesis_hide_breadcrumbs":false,"_genesis_hide_singular_image":false,"_genesis_hide_footer_widgets":false,"_genesis_custom_body_class":"","_genesis_custom_post_class":"","_genesis_layout":""},"product_brand":[],"product_cat":[7133,7175,16136,7187],"product_tag":[],"class_list":["post-33304","product","type-product","status-publish","product_cat-libres-oc","product_cat-literatura-oc","product_cat-non-classe-oc","product_cat-temonhatges-memoris-oc","pa_auteurs-biron-pierre-lafon-lucienne-rev","entry","first","instock","purchasable","product-type-simple"],"acf":[],"_links":{"self":[{"href":"https:\/\/www.libraria-occitana.org\/oc\/wp-json\/wp\/v2\/product\/33304","targetHints":{"allow":["GET"]}}],"collection":[{"href":"https:\/\/www.libraria-occitana.org\/oc\/wp-json\/wp\/v2\/product"}],"about":[{"href":"https:\/\/www.libraria-occitana.org\/oc\/wp-json\/wp\/v2\/types\/product"}],"wp:attachment":[{"href":"https:\/\/www.libraria-occitana.org\/oc\/wp-json\/wp\/v2\/media?parent=33304"}],"wp:term":[{"taxonomy":"product_brand","embeddable":true,"href":"https:\/\/www.libraria-occitana.org\/oc\/wp-json\/wp\/v2\/product_brand?post=33304"},{"taxonomy":"product_cat","embeddable":true,"href":"https:\/\/www.libraria-occitana.org\/oc\/wp-json\/wp\/v2\/product_cat?post=33304"},{"taxonomy":"product_tag","embeddable":true,"href":"https:\/\/www.libraria-occitana.org\/oc\/wp-json\/wp\/v2\/product_tag?post=33304"}],"curies":[{"name":"wp","href":"https:\/\/api.w.org\/{rel}","templated":true}]}}