{"id":33367,"date":"2026-08-31T16:21:29","date_gmt":"2026-08-31T14:21:29","guid":{"rendered":"http:\/\/www.libraria-occitana.org\/?post_type=product&#038;p=33367\/"},"modified":"2026-08-31T16:21:36","modified_gmt":"2026-08-31T14:21:36","slug":"petite-hist-accordeon-diatonique-landes","status":"publish","type":"product","link":"https:\/\/www.libraria-occitana.org\/oc\/produch\/petite-hist-accordeon-diatonique-landes\/","title":{"rendered":"PETITE HIST ACCORDEON DIATONIQUE LANDES"},"content":{"rendered":"<p style=\"margin:0;\"><span style=\"font-family:'Times New Roman';font-size:12pt;\">Petite histoire de l&#8217;accord\u00e9on diatonique dans les Landes de Gascogne <wbr>(libre+CD)<\/p>\n<p>Invent\u00e9 \u00e0 Vienne en 1829, l\u2019accord\u00e9on diatonique a \u00e9t\u00e9, pendant la premi\u00e8re moiti\u00e9 du XXe si\u00e8cle, l\u2019instrument populaire par excellence dans les Landes de Gascogne. Pendant un demi-si\u00e8cle, il a ainsi accompagn\u00e9 la vie musicale des petits villages landais, fait danser des dizaines de couples, anim\u00e9 les noces et les bals clandestins, men\u00e9 les tourn\u00e9es de carnaval, de b\u0153ufs gras et de conscrits, \u00e9gaill\u00e9 la vie des soldats dans les casernes, permis aux prisonniers de guerre de soulager le mal du pays.<br \/>D\u00e9mod\u00e9 apr\u00e8s la guerre puis remis\u00e9 au grenier, l\u2019accord\u00e9on diatonique a retrouv\u00e9 un second souffle, dans les ann\u00e9es 1970, et conna\u00eet aujourd\u2019hui, gr\u00e2ce \u00e0 des musiciens comme Marc Perrone, une renaissance spectaculaire.<br \/>\u00c0 partir de rencontres avec d\u2019anciens accord\u00e9oneux n\u00e9s au d\u00e9but du XXe si\u00e8cle, Patrick Lavaud se fait conteur et nous entra\u00eene sur les traces de l\u2019accord\u00e9on diatonique dans les Landes de Gascogne. Illustr\u00e9 de nombreuses photographies, souvent extraites d\u2019albums de famille, cet ouvrage est accompagn\u00e9 d\u2019un disque de collectage, regroupant et pr\u00e9sentant des t\u00e9moignages en occitan et des airs de danse, chant\u00e9s et jou\u00e9s \u00e0 l\u2019accord\u00e9on. Alors que la grande majorit\u00e9 de ces accord\u00e9oneux est aujourd\u2019hui disparu et que leur souvenir s\u2019efface progressivement de la m\u00e9moire collective, cet ouvrage est un hommage \u00e0 ces modestes musiciens de village et un document pr\u00e9cieux sur la vie musicale dans les Landes de Gascogne.<\/p>\n<p>Autor : Lavaud, Patrick<br \/>Linga : Franc\u00e9s, occitan <wbr>(gascon)<br \/>Parucion : 06\/2014<br \/>Editor : Confluences ; Les Nuits Atypiques<br \/>Nb de pajas : 140<br \/>Format : 23,5 x 22,5 cm<br \/>P\u00e9s : 724 g<br \/>EAN 13 : 9782355271496<br \/><\/span><\/p>\n","protected":false},"excerpt":{"rendered":"<p>Petite histoire de l&#8217;accord\u00e9on diatonique dans les Landes de Gascogne (libre+CD) Invent\u00e9 \u00e0 Vienne en 1829, l\u2019accord\u00e9on diatonique a \u00e9t\u00e9, pendant la premi\u00e8re moiti\u00e9 du XXe si\u00e8cle, l\u2019instrument populaire par excellence dans les Landes de Gascogne. Pendant un demi-si\u00e8cle, il a ainsi accompagn\u00e9 la vie musicale des petits villages landais, fait danser des dizaines de [&hellip;]<\/p>\n","protected":false},"featured_media":0,"template":"","meta":{"_acf_changed":false,"_genesis_hide_title":false,"_genesis_hide_breadcrumbs":false,"_genesis_hide_singular_image":false,"_genesis_hide_footer_widgets":false,"_genesis_custom_body_class":"","_genesis_custom_post_class":"","_genesis_layout":""},"product_brand":[],"product_cat":[7195,7133,7191,16136],"product_tag":[],"class_list":["post-33367","product","type-product","status-publish","product_cat-estudis-oc","product_cat-libres-oc","product_cat-musica-danca-oc","product_cat-non-classe-oc","entry","first","outofstock","purchasable","product-type-simple"],"acf":[],"_links":{"self":[{"href":"https:\/\/www.libraria-occitana.org\/oc\/wp-json\/wp\/v2\/product\/33367","targetHints":{"allow":["GET"]}}],"collection":[{"href":"https:\/\/www.libraria-occitana.org\/oc\/wp-json\/wp\/v2\/product"}],"about":[{"href":"https:\/\/www.libraria-occitana.org\/oc\/wp-json\/wp\/v2\/types\/product"}],"wp:attachment":[{"href":"https:\/\/www.libraria-occitana.org\/oc\/wp-json\/wp\/v2\/media?parent=33367"}],"wp:term":[{"taxonomy":"product_brand","embeddable":true,"href":"https:\/\/www.libraria-occitana.org\/oc\/wp-json\/wp\/v2\/product_brand?post=33367"},{"taxonomy":"product_cat","embeddable":true,"href":"https:\/\/www.libraria-occitana.org\/oc\/wp-json\/wp\/v2\/product_cat?post=33367"},{"taxonomy":"product_tag","embeddable":true,"href":"https:\/\/www.libraria-occitana.org\/oc\/wp-json\/wp\/v2\/product_tag?post=33367"}],"curies":[{"name":"wp","href":"https:\/\/api.w.org\/{rel}","templated":true}]}}