{"id":33394,"date":"2026-08-31T16:56:01","date_gmt":"2026-08-31T14:56:01","guid":{"rendered":"http:\/\/www.libraria-occitana.org\/?post_type=product&#038;p=33394\/"},"modified":"2026-08-31T16:56:05","modified_gmt":"2026-08-31T14:56:05","slug":"per-robert-lafont","status":"publish","type":"product","link":"https:\/\/www.libraria-occitana.org\/oc\/produch\/per-robert-lafont\/","title":{"rendered":"PER ROBERT LAFONT"},"content":{"rendered":"<p style=\"margin:0;\"><span style=\"font-family:'Times New Roman';font-size:12pt;\">Lenga e pa\u00eds d&#8217;\u00f2c est la revue de r\u00e9f\u00e9rence et de liaison des enseignants d&#8217;occitan. C&#8217;est un lieu ouvert, transversal, de r\u00e9flexions et d&#8217;\u00e9changes concernant l&#8217;enseignement de la langue et de la culture occitanes. La nouveaut\u00e9 de certaines situations d&#8217;enseignement, les difficult\u00e9s rencontr\u00e9es elles-m\u00eames, la diversit\u00e9 des enseignants font na\u00eetre, en un domaine o\u00f9 tout est neuf ou presque, des r\u00e9ponses p\u00e9dagogiques personnelles, originales, qui m\u00e9ritent d&#8217;\u00eatre expos\u00e9es et transmises. En cela la revue est un outil de formation indispensable.<\/p>\n<p>Ce num\u00e9ro double 50-51 est consacr\u00e9 \u00e0 Robert Lafont <wbr>(1923-2009). plusieurs articles retracent son parcours d&#8217;occitaniste, d&#8217;\u00e9crivain et de chercheur ainsi que ses engagements dans le si\u00e8cle. Des \u00e9tudes plus particuli\u00e8res portent sur diff\u00e9rents aspects de son oeuvre, son entr\u00e9e en po\u00e9sie, son activit\u00e9 de critique litt\u00e9raire, sa r\u00e9flexion linguistique, sa production romanesque.<br \/>Les auteurs ont pris le parti de citer abondamment les \u00e9crits de Robert Lafont lui-m\u00eame sur tous les th\u00e8mes abord\u00e9s : l&#8217;enseignement, les lettres d&#8217;oc, la langue et la soci\u00e9t\u00e9. Pendant plus d&#8217;un demi-si\u00e8cle, Robert Lafont a \u00e9t\u00e9, pour plusieurs g\u00e9n\u00e9rations, en France et en Europe, un \u00e9veilleur, un mod\u00e8le et la voix d&#8217;une haute ambition pour l&#8217;avenir de la langue et du pays d&#8217;oc. Il \u00e9tait juste de lui d\u00e9dier ce num\u00e9ro sp\u00e9cial de la revue Lenga e pa\u00eds d&#8217;\u00f2c dont il a \u00e9t\u00e9 le fondateur.<\/p>\n<p>Robert Lafont, 50 ans d&#8217;occitanisme :<br \/>&#8211; Lis id\u00e8as dins la batesta <wbr>(R. Lafont)<br \/>&#8211; Le grand bruissement de la pens\u00e9e <wbr>(R. Lafont)<br \/>&#8211; Viatge escolar a Barcelona <wbr>(R. Lafont)<br \/>&#8211; Laus de Proven\u00e7a <wbr>(R. Lafont)<\/p>\n<p>Questions de lenga e d&#8217;ensenhament :<br \/>&#8211; Robert Lafont et la p\u00e9dagogie au sein de l&#8217;IEO <wbr>(Y. Lespoux)<br \/>&#8211; Entrecompreneson occitana a l&#8217;esc\u00f2la <wbr>(R. Lafont)<br \/>&#8211; Bofam sus un fu\u00f2c d&#8217;avenir <wbr>(R. Lafont)<br \/>&#8211; La seconde r\u00e9volution p\u00e9dagogique <wbr>(R. Lafont)<br \/>&#8211; Nostre mestre Robert Lafont <wbr>(Gentil puig i moreno)<br \/>&#8211; Le patois <wbr>(R. Lafont)<\/p>\n<p>Naissen\u00e7a d&#8217;un po\u00e8ta :<br \/>&#8211; Robert Lafont : naissance d&#8217;un po\u00e8te <wbr>(P. Gardy)<br \/>&#8211; Tres po\u00e8mas <wbr>(R. Lafont)<\/p>\n<p>Camins de la critica :<br \/>&#8211; Robert Lafont critic literari <wbr>(P. Gardy)<br \/>&#8211; Una antologia de po\u00ebtas walons <wbr>(R. Lafont)<br \/>&#8211; La produccion catalana <wbr>(R. Lafont)<br \/>&#8211; Ist\u00f2ria liter\u00e0ria <wbr>(R. Lafont)<br \/>&#8211; Una granda po\u00ebsia morala <wbr>(R. Lafont)<br \/>&#8211; Literatura galiciana <wbr>(R. Lafont)<br \/>&#8211; La po\u00ebsia populara segon Pasolini <wbr>(R. Lafont)<br \/>&#8211; Un capital exceptionnel d&#8217;oeuvres litt\u00e9raires <wbr>(R. Lafont)<\/p>\n<p>Bastisons narrativas :<br \/>&#8211; Lo viatge en Espanha dins La Reborsiera <wbr>(M.-J. Verny)<br \/>&#8211; L&#8217;ironia de l&#8217;ist\u00f2ria dins La Reborsiera <wbr>(C. Torreilles)<br \/>&#8211; La \u00ab Reborsiera \u00bb, una \u00ab maquina diabolica \u00bb ? <wbr>(P. Gardy)<br \/>&#8211; Per legir Insularas <wbr>(J.-C. For\u00eat)<\/p>\n<p>Complement de titre : 50 ans d&#8217;occitanisme ; Questions de lenga e d&#8217;ensenhament ; Naissen\u00e7a d&#8217;un po\u00e8ta ; Camins de la critica ; Bastisons narrativas : La reborsi\u00e8ra e Insularas<br \/>Revuda Lenga e pa\u00eds d&#8217;\u00f2c N\u00b0 50-51<br \/>Autor : Collectiu<br \/>Linga : Occitan, franc\u00e9s<br \/>Parucion : 04\/2011<br \/>Editor : CRDP Montpellier<br \/>Nb de pajas : 192<br \/>Format : 17 x 24 cm<br \/>P\u00e9s : 352 g<br \/>ISSN : 07541775<br \/><\/span><\/p>\n","protected":false},"excerpt":{"rendered":"<p>Lenga e pa\u00eds d&#8217;\u00f2c est la revue de r\u00e9f\u00e9rence et de liaison des enseignants d&#8217;occitan. C&#8217;est un lieu ouvert, transversal, de r\u00e9flexions et d&#8217;\u00e9changes concernant l&#8217;enseignement de la langue et de la culture occitanes. La nouveaut\u00e9 de certaines situations d&#8217;enseignement, les difficult\u00e9s rencontr\u00e9es elles-m\u00eames, la diversit\u00e9 des enseignants font na\u00eetre, en un domaine o\u00f9 tout [&hellip;]<\/p>\n","protected":false},"featured_media":0,"template":"","meta":{"_acf_changed":false,"_genesis_hide_title":false,"_genesis_hide_breadcrumbs":false,"_genesis_hide_singular_image":false,"_genesis_hide_footer_widgets":false,"_genesis_custom_body_class":"","_genesis_custom_post_class":"","_genesis_layout":""},"product_brand":[],"product_cat":[7189,7133,7175,16136],"product_tag":[],"class_list":["post-33394","product","type-product","status-publish","product_cat-estudis-literaris-oc","product_cat-libres-oc","product_cat-literatura-oc","product_cat-non-classe-oc","pa_auteur-collectiu-oc-2","pa_editeur-crdp-montpellier-fr-oc","entry","first","outofstock","purchasable","product-type-simple"],"acf":[],"_links":{"self":[{"href":"https:\/\/www.libraria-occitana.org\/oc\/wp-json\/wp\/v2\/product\/33394","targetHints":{"allow":["GET"]}}],"collection":[{"href":"https:\/\/www.libraria-occitana.org\/oc\/wp-json\/wp\/v2\/product"}],"about":[{"href":"https:\/\/www.libraria-occitana.org\/oc\/wp-json\/wp\/v2\/types\/product"}],"wp:attachment":[{"href":"https:\/\/www.libraria-occitana.org\/oc\/wp-json\/wp\/v2\/media?parent=33394"}],"wp:term":[{"taxonomy":"product_brand","embeddable":true,"href":"https:\/\/www.libraria-occitana.org\/oc\/wp-json\/wp\/v2\/product_brand?post=33394"},{"taxonomy":"product_cat","embeddable":true,"href":"https:\/\/www.libraria-occitana.org\/oc\/wp-json\/wp\/v2\/product_cat?post=33394"},{"taxonomy":"product_tag","embeddable":true,"href":"https:\/\/www.libraria-occitana.org\/oc\/wp-json\/wp\/v2\/product_tag?post=33394"}],"curies":[{"name":"wp","href":"https:\/\/api.w.org\/{rel}","templated":true}]}}