{"id":33422,"date":"2026-08-31T16:40:10","date_gmt":"2026-08-31T14:40:10","guid":{"rendered":"http:\/\/www.libraria-occitana.org\/?post_type=product&#038;p=33422\/"},"modified":"2026-08-31T16:40:13","modified_gmt":"2026-08-31T14:40:13","slug":"pays-duzerche","status":"publish","type":"product","link":"https:\/\/www.libraria-occitana.org\/oc\/produch\/pays-duzerche\/","title":{"rendered":"PAYS D&#8217;UZERCHE"},"content":{"rendered":"<p style=\"margin:0;\"><span style=\"font-family:'Times New Roman';font-size:12pt;\">Pays d&#8217;Uzerche &#8211; Land of Uzerche : Rayonnement d&#8217;une ville-paysage<\/p>\n<p>Uzerche, munie de ses tourelles, de ses \u00e9chauguettes, de ses traces d&#8217;enceinte fi\u00e8rement d\u00e9ploy\u00e9es au-dessus du m\u00e9andre de la V\u00e9z\u00e8re n&#8217;est pas une ville mur\u00e9e, une \u00ab ville coffre-fort \u00bb.<br \/>Ville-\u00e9crin en Corr\u00e8ze, elle offre aux visiteurs une remarquable unit\u00e9 et une complicit\u00e9 entre des couleurs et des lumi\u00e8res changeantes d&#8217;un pays o\u00f9 l&#8217;eau, l&#8217;air, la terre et les mat\u00e9riaux se combinent.<br \/>Cet ouvrage, r\u00e9alis\u00e9 par les membres du CRDAP sous la direction de Corinne Michel, se pr\u00e9sente \u00e0 la fois comme une synth\u00e8se historique et un livre d&#8217;images sur Uzerche et son pays. Une histoire partag\u00e9e par 9 communes au coeur d&#8217;une r\u00e9gion encore m\u00e9connue, le Limousin. Une histoire qui se lit dans un patrimoine remarquable attestant l&#8217;antique implantation humaine de ce territoire. D\u00e9crypter les \u00e9l\u00e9ments fondamentaux qui composent un paysage participe de cette volont\u00e9 \u00e9ducative \u00e0 faire partager un patrimoine collectif sans le figer.<br \/>Du troubadour Gaucelm Faidit \u00e0 Simone de Beauvoir, de Marie Lafarge \u00e0 Alexis Boyer ou de Louis Jouvet \u00e0 Henri Cueco, ce livre \u00e9voque aussi la diversit\u00e9 de parcours des personnalit\u00e9s qui participent de l&#8217;\u00e2me du pays d&#8217;Uzerche.<\/p>\n<p>Autor : Collectiu ; Michel, Corinne <wbr>(dir.)<br \/>Linga : Franc\u00e9s &#8211; angl\u00e9s<br \/>Parucion : 05\/2008<br \/>Editor : Les Ardents \u00c9diteurs<br \/>Colleccion : Carr\u00e9ment patrimoine<br \/>Nb de pajas : 155<br \/>Format : 18 x 18 cm<br \/>P\u00e9s : 382 g<br \/>EAN 13 : 9782917032084<br \/><\/span><\/p>\n","protected":false},"excerpt":{"rendered":"<p>Pays d&#8217;Uzerche &#8211; Land of Uzerche : Rayonnement d&#8217;une ville-paysage Uzerche, munie de ses tourelles, de ses \u00e9chauguettes, de ses traces d&#8217;enceinte fi\u00e8rement d\u00e9ploy\u00e9es au-dessus du m\u00e9andre de la V\u00e9z\u00e8re n&#8217;est pas une ville mur\u00e9e, une \u00ab ville coffre-fort \u00bb.Ville-\u00e9crin en Corr\u00e8ze, elle offre aux visiteurs une remarquable unit\u00e9 et une complicit\u00e9 entre des couleurs [&hellip;]<\/p>\n","protected":false},"featured_media":0,"template":"","meta":{"_acf_changed":false,"_genesis_hide_title":false,"_genesis_hide_breadcrumbs":false,"_genesis_hide_singular_image":false,"_genesis_hide_footer_widgets":false,"_genesis_custom_body_class":"","_genesis_custom_post_class":"","_genesis_layout":""},"product_brand":[],"product_cat":[7157,7149,7133,16136],"product_tag":[],"class_list":["post-33422","product","type-product","status-publish","product_cat-istoria-generala-oc","product_cat-istoria-geografia-oc","product_cat-libres-oc","product_cat-non-classe-oc","pa_auteur-collectiu-oc-2","pa_auteurs-collectif","pa_editeurs-ardents","entry","first","instock","purchasable","product-type-simple"],"acf":[],"_links":{"self":[{"href":"https:\/\/www.libraria-occitana.org\/oc\/wp-json\/wp\/v2\/product\/33422","targetHints":{"allow":["GET"]}}],"collection":[{"href":"https:\/\/www.libraria-occitana.org\/oc\/wp-json\/wp\/v2\/product"}],"about":[{"href":"https:\/\/www.libraria-occitana.org\/oc\/wp-json\/wp\/v2\/types\/product"}],"wp:attachment":[{"href":"https:\/\/www.libraria-occitana.org\/oc\/wp-json\/wp\/v2\/media?parent=33422"}],"wp:term":[{"taxonomy":"product_brand","embeddable":true,"href":"https:\/\/www.libraria-occitana.org\/oc\/wp-json\/wp\/v2\/product_brand?post=33422"},{"taxonomy":"product_cat","embeddable":true,"href":"https:\/\/www.libraria-occitana.org\/oc\/wp-json\/wp\/v2\/product_cat?post=33422"},{"taxonomy":"product_tag","embeddable":true,"href":"https:\/\/www.libraria-occitana.org\/oc\/wp-json\/wp\/v2\/product_tag?post=33422"}],"curies":[{"name":"wp","href":"https:\/\/api.w.org\/{rel}","templated":true}]}}