{"id":33454,"date":"2005-10-26T19:44:18","date_gmt":"2005-10-26T17:44:18","guid":{"rendered":"http:\/\/www.libraria-occitana.org\/?post_type=product&#038;p=33454\/"},"modified":"2026-04-29T02:56:16","modified_gmt":"2026-04-29T00:56:16","slug":"paraulas-de-canconiers-chansonniers-de-lalbigeois-du-quercy-et-du-rouergue","status":"publish","type":"product","link":"https:\/\/www.libraria-occitana.org\/oc\/produch\/paraulas-de-canconiers-chansonniers-de-lalbigeois-du-quercy-et-du-rouergue\/","title":{"rendered":"Paraulas de can\u00e7oni\u00e8rs : Chansonniers de l&#8217;Albigeois, du Quercy et du Rouergue&#8230;"},"content":{"rendered":"<p>Avec L\u00e9on Pech, Georges Jalby, Adrien Souli\u00e9, Eliette Sagnet, Simone Andrieu, Charles Alexandre, Michel Maru\u00e9jouls, Edmond Landes, Marcelle Albespy, Yves Coulon, Jean Rivi\u00e8re, Odilon Nouvel, Maria Sabo, L\u00e9o Mirc, Jacques Souli\u00e9, Robert Vali\u00e8re, Jean Doat, Elie Magnabal, Emilienne Beno\u00eet, Paul Cousty.<\/p>\n<p><strong>Titres :<\/strong><br \/>\n1. A la v\u00f2ta de nauc\u00e8la (A la f\u00eate de Naucelle) 2&#8217;16<br \/>\n2. Aic\u00ed ne tiram un fotut temps (Ici nous vivons une dr\u00f4le d&#8217;\u00e9poque) 2&#8217;16<br \/>\n3. La chanson de l&#8217;aff\u00fbteur 1&#8217;42<br \/>\n4. Citoyens 2&#8217;56<br \/>\n5. Le mineur polonais 2&#8217;36<br \/>\n6. La can\u00e7on de Landon (La chanson de Landou) 1&#8217;21<br \/>\n7. Lo carre fumaire (La charrette qui fume) 1&#8217;37<br \/>\n8. La societat de ca\u00e7a (La soci\u00e9t\u00e9 de chasse) 3&#8217;30<br \/>\n9. Las ep\u00f2cas de ma vida (Les \u00e9poques de ma vie) 0&#8217;43<br \/>\n10. La can\u00e7on de Fau Montanha (La chanson de Fau Montagne) 3&#8217;17<br \/>\n11. Rufa P\u00e8ira (Ruffepeyre) 3&#8217;23<br \/>\n12. Entre Toulouse et Albi 1&#8217;42<br \/>\n13. La can\u00e7on del F\u00e8l (La chanson du Fel) 0&#8217;50<br \/>\n14. Lo r\u00f2c end r\u00f2l (Le rock&#8217;n&#8217; roll) 1&#8217;22<br \/>\n15. L&#8217;avion 3&#8217;01<br \/>\n16. Jol pont (Sous le pont) 2&#8217;21<br \/>\n17. La triste vie du cochon 4&#8217;04<br \/>\n18. La tat\u00e0 de Gargar\u00f2s 2&#8217;41<br \/>\n19. Can\u00e7on de ca\u00e7a (Chanson de chasse)3&#8217;07<br \/>\n20. La vida del carboni\u00e8r (La vie du mineur) 4&#8217;02<br \/>\n21. Lo cantoni\u00e8r (Le cantonnier) 1&#8217;09<br \/>\n22. La bicicleta (La bicyclette) 1&#8217;16<br \/>\n23. Le vent d&#8217;autan 2&#8217;55<br \/>\n24. Lo cocut es m\u00f2rt (Le coucou est mort) 2&#8217;39<br \/>\n25. L&#8217;aim\u00e0vem n\u00f2stre Segalar (Nous l&#8217;aimons notre S\u00e9gala) 2&#8217;46<br \/>\n26. Le crime de Vezins 2&#8217;00<br \/>\n27. Viva la retr\u00e8ta (Vive la retraite) 2&#8217;44<br \/>\n28. Al bon \u00e8r de Lagui\u00f2la (Au bon air de Laguiole) 1&#8217;24<\/p>\n<p>Peut \u00eatre achet\u00e9 seul ou accompagn\u00e9 du livre <a href=\"http:\/\/www.libraria-occitana.org\/produit\/lart-des-chansonniers-e-canti-que-canti\/\"><em>L&#8217;art des chansonniers : E canti que canti&#8230;<\/em><\/a><\/p>\n","protected":false},"excerpt":{"rendered":"<p>Avec L\u00e9on Pech, Georges Jalby, Adrien Souli\u00e9, Eliette Sagnet, Simone Andrieu, Charles Alexandre, Michel Maru\u00e9jouls, Edmond Landes, Marcelle Albespy, Yves Coulon, Jean Rivi\u00e8re, Odilon Nouvel, Maria Sabo, L\u00e9o Mirc, Jacques Souli\u00e9, Robert Vali\u00e8re, Jean Doat, Elie Magnabal, Emilienne Beno\u00eet, Paul Cousty. Titres : 1. A la v\u00f2ta de nauc\u00e8la (A la f\u00eate de Naucelle) 2&#8217;16 [&hellip;]<\/p>\n","protected":false},"featured_media":42991,"template":"","meta":{"_acf_changed":false,"_genesis_hide_title":false,"_genesis_hide_breadcrumbs":false,"_genesis_hide_singular_image":false,"_genesis_hide_footer_widgets":false,"_genesis_custom_body_class":"","_genesis_custom_post_class":"","_genesis_layout":""},"product_brand":[],"product_cat":[16683,7237],"product_tag":[],"class_list":{"0":"post-33454","1":"product","2":"type-product","3":"status-publish","4":"has-post-thumbnail","6":"product_cat-musica-oc","7":"product_cat-tradicion-oc","8":"pa_auteur-loddo-daniel-oc","9":"pa_editeur-cordae-la-talvera-oc","10":"pa_langue-francais-oc","11":"pa_langue-occitan-oc","12":"pa_langue-occitan-lengadocian-oc","13":"entry","15":"first","16":"instock","17":"shipping-taxable","18":"purchasable","19":"product-type-simple"},"acf":[],"_links":{"self":[{"href":"https:\/\/www.libraria-occitana.org\/oc\/wp-json\/wp\/v2\/product\/33454","targetHints":{"allow":["GET"]}}],"collection":[{"href":"https:\/\/www.libraria-occitana.org\/oc\/wp-json\/wp\/v2\/product"}],"about":[{"href":"https:\/\/www.libraria-occitana.org\/oc\/wp-json\/wp\/v2\/types\/product"}],"wp:featuredmedia":[{"embeddable":true,"href":"https:\/\/www.libraria-occitana.org\/oc\/wp-json\/wp\/v2\/media\/42991"}],"wp:attachment":[{"href":"https:\/\/www.libraria-occitana.org\/oc\/wp-json\/wp\/v2\/media?parent=33454"}],"wp:term":[{"taxonomy":"product_brand","embeddable":true,"href":"https:\/\/www.libraria-occitana.org\/oc\/wp-json\/wp\/v2\/product_brand?post=33454"},{"taxonomy":"product_cat","embeddable":true,"href":"https:\/\/www.libraria-occitana.org\/oc\/wp-json\/wp\/v2\/product_cat?post=33454"},{"taxonomy":"product_tag","embeddable":true,"href":"https:\/\/www.libraria-occitana.org\/oc\/wp-json\/wp\/v2\/product_tag?post=33454"}],"curies":[{"name":"wp","href":"https:\/\/api.w.org\/{rel}","templated":true}]}}