{"id":33672,"date":"2013-01-19T11:44:59","date_gmt":"2013-01-19T10:44:59","guid":{"rendered":"http:\/\/www.libraria-occitana.org\/?post_type=product&#038;p=33672\/"},"modified":"2026-04-26T21:21:15","modified_gmt":"2026-04-26T19:21:15","slug":"les-tapissiers-et-les-tapisseries-de-bellegarde-dans-lhistoire-du-pays-franc-alleu","status":"publish","type":"product","link":"https:\/\/www.libraria-occitana.org\/oc\/produch\/les-tapissiers-et-les-tapisseries-de-bellegarde-dans-lhistoire-du-pays-franc-alleu\/","title":{"rendered":"Les tapissiers et les tapisseries de Bellegarde dans l&#8217;histoire du Pays Franc-Alleu"},"content":{"rendered":"<p>La manufacture de tapisserie de la ville de Bellegarde a \u00e9t\u00e9 l&#8217;un des berceaux de cet art et industrie dans le centre de la France avec Aubusson et Felletin. Ses ateliers ont durant deux si\u00e8cles et demi cons\u00e9cutifs produit de multiples verdures et panneaux \u00e0 personnages connus d\u00e8s l&#8217;\u00e9poque de la Renaissance \u00e0 Paris, appr\u00e9ci\u00e9s \u00e0 Lyon et ailleurs. Ses tapissiers \u2013 quelque cent trente-six d&#8217;entre eux sont d\u00e9sormais identifi\u00e9s \u2013 s&#8217;illustr\u00e8rent d&#8217;abord par leurs \u00ab tapisseries d&#8217;Auvergne \u00bb, puis par leur \u00ab menu-vert de Bellegarde \u00bb. Cette cit\u00e9 tapissi\u00e8re, de tr\u00e8s lointaine origine, \u00e9tait la capitale d&#8217;une petite province situ\u00e9e aux limites de l&#8217;Auvergne, du Bourbonnais, du Limousin, de la Marche, du Poitou. Elle rayonnait sur un Pays r\u00e9pondant au nom de \u00ab Franc-Alleu \u00bb, synonyme de libert\u00e9s aux \u00e9poques f\u00e9odales. L&#8217;histoire de la ville, de sa manufacture et celle du Pays sont pour la premi\u00e8re fois r\u00e9unies et pr\u00e9sent\u00e9es au public par un ouvrage o\u00f9 se d\u00e9couvrent des pans entiers de r\u00e9alit\u00e9s longtemps demeur\u00e9es sous le boisseau. Son \u00e9laboration a demand\u00e9 un patient travail de recherches et de v\u00e9rifications documentaires. Le lecteur y trouvera maints renseignements in\u00e9dits provenant des fonds d&#8217;archives attest\u00e9es.<\/p>\n","protected":false},"excerpt":{"rendered":"<p>La manufacture de tapisserie de la ville de Bellegarde a \u00e9t\u00e9 l&#8217;un des berceaux de cet art et industrie dans le centre de la France avec Aubusson et Felletin. Ses ateliers ont durant deux si\u00e8cles et demi cons\u00e9cutifs produit de multiples verdures et panneaux \u00e0 personnages connus d\u00e8s l&#8217;\u00e9poque de la Renaissance \u00e0 Paris, appr\u00e9ci\u00e9s [&hellip;]<\/p>\n","protected":false},"featured_media":38030,"template":"","meta":{"_acf_changed":false,"_genesis_hide_title":false,"_genesis_hide_breadcrumbs":false,"_genesis_hide_singular_image":false,"_genesis_hide_footer_widgets":false,"_genesis_custom_body_class":"","_genesis_custom_post_class":"","_genesis_layout":""},"product_brand":[],"product_cat":[7133,7213,7239,7207],"product_tag":[],"class_list":{"0":"post-33672","1":"product","2":"type-product","3":"status-publish","4":"has-post-thumbnail","6":"product_cat-libres-oc","7":"product_cat-metiers-saubre-far-oc","8":"product_cat-promos-oc","9":"product_cat-tradicions-patrimoni-oc","10":"pa_auteur-marrane-jean-oc","11":"pa_editeur-geste-oc","12":"pa_langue-francais-oc","13":"entry","15":"first","16":"instock","17":"shipping-taxable","18":"purchasable","19":"product-type-simple"},"acf":[],"_links":{"self":[{"href":"https:\/\/www.libraria-occitana.org\/oc\/wp-json\/wp\/v2\/product\/33672","targetHints":{"allow":["GET"]}}],"collection":[{"href":"https:\/\/www.libraria-occitana.org\/oc\/wp-json\/wp\/v2\/product"}],"about":[{"href":"https:\/\/www.libraria-occitana.org\/oc\/wp-json\/wp\/v2\/types\/product"}],"wp:featuredmedia":[{"embeddable":true,"href":"https:\/\/www.libraria-occitana.org\/oc\/wp-json\/wp\/v2\/media\/38030"}],"wp:attachment":[{"href":"https:\/\/www.libraria-occitana.org\/oc\/wp-json\/wp\/v2\/media?parent=33672"}],"wp:term":[{"taxonomy":"product_brand","embeddable":true,"href":"https:\/\/www.libraria-occitana.org\/oc\/wp-json\/wp\/v2\/product_brand?post=33672"},{"taxonomy":"product_cat","embeddable":true,"href":"https:\/\/www.libraria-occitana.org\/oc\/wp-json\/wp\/v2\/product_cat?post=33672"},{"taxonomy":"product_tag","embeddable":true,"href":"https:\/\/www.libraria-occitana.org\/oc\/wp-json\/wp\/v2\/product_tag?post=33672"}],"curies":[{"name":"wp","href":"https:\/\/api.w.org\/{rel}","templated":true}]}}