{"id":33725,"date":"2026-08-31T16:31:21","date_gmt":"2026-08-31T14:31:21","guid":{"rendered":"http:\/\/www.libraria-occitana.org\/?post_type=product&#038;p=33725\/"},"modified":"2026-08-31T16:31:24","modified_gmt":"2026-08-31T14:31:24","slug":"les-cathares-entre-legende-et-histoire","status":"publish","type":"product","link":"https:\/\/www.libraria-occitana.org\/oc\/produch\/les-cathares-entre-legende-et-histoire\/","title":{"rendered":"LES CATHARES ENTRE LEGENDE ET HISTOIRE"},"content":{"rendered":"<p style=\"margin:0;\"><span style=\"font-family:'Times New Roman';font-size:12pt;\">Les cathares entre l\u00e9gende et histoire<\/p>\n<p>Apr\u00e8s un bref \u00e9tat de la question o\u00f9 sont \u00e9voqu\u00e9es les donn\u00e9es de la recherche contemporaine, la premi\u00e8re partie couvre, de 1870 \u00e0 1970, un si\u00e8cle revendiquant explicitement l&#8217;h\u00e9ritage fondateur de Napol\u00e9on Peyrat. La deuxi\u00e8me partie correspond \u00e0 la d\u00e9cennie 1970-1981. Pendant cette p\u00e9riode, les s\u00e9quelles du mouvement soixante-huitard engendrent une translation vers l&#8217;extr\u00eame-gauche et le courant politique est l&#8217;objet d&#8217;une r\u00e9cup\u00e9ration par la revendication r\u00e9gionaliste r\u00e9volutionnaire. La derni\u00e8re p\u00e9riode couvre les ann\u00e9es de 1981 \u00e0 2002. Elle est marqu\u00e9e par un d\u00e9clin sans pr\u00e9c\u00e9dent des courants politique et mystique de l&#8217;albig\u00e9isme, ce dernier parvenant \u00e0 survivre sur le plan \u00e9sot\u00e9rico-\u00e9ditorial, participant ainsi \u00e0 la spectaculaire irruption sur le devant de la sc\u00e8ne de l&#8217;albig\u00e9isme marchandise. Face \u00e0 cette intrusion, les historiens, en rappelant bri\u00e8vement l&#8217;histoire du Languedoc du XIIe au d\u00e9but du XIVe si\u00e8cle, lorsque s&#8217;en fait sentir le besoin, tentent de faire pr\u00e9valoir la v\u00e9rit\u00e9 sur le pass\u00e9.<\/p>\n<p>Cet ouvrage construit comme un r\u00e9cit, traite de la m\u00e9moire de l&#8217;albig\u00e9isme. L&#8217;objet central de cette \u00e9tude, et son versant anthropologique, est bien le cheminement des m\u00e9moires et leurs manifestations sous forme d&#8217;instrumentalisation du pass\u00e9, de c\u00e9l\u00e9brations ou de non c\u00e9l\u00e9brations, qu&#8217;il faut bien qualifier d&#8217;enjeux politiques. Quant au versant historique, il appara\u00eet en contrepoint. il consiste \u00e0 confronter ces jeux et enjeux de m\u00e9moire \u00e0 ce que la recherche universitaire nous apprend des \u00e9v\u00e9nements auxquels ils font r\u00e9f\u00e9rence.<\/p>\n<p>Complement de titre : La m\u00e9moire de l&#8217;albig\u00e9isme du XIXe si\u00e8cle \u00e0 nos jours<br \/>Autor : Soula, Ren\u00e9<br \/>Linga : Franc\u00e9s<br \/>Parucion : 03\/2005<br \/>Editor : IEO<br \/>Nb de pajas : 592<br \/>Format : 16 x 22,5 cm<br \/>P\u00e9s : 882 g<br \/>EAN 13 : 9782859103644<br \/><\/span><\/p>\n","protected":false},"excerpt":{"rendered":"<p>Les cathares entre l\u00e9gende et histoire Apr\u00e8s un bref \u00e9tat de la question o\u00f9 sont \u00e9voqu\u00e9es les donn\u00e9es de la recherche contemporaine, la premi\u00e8re partie couvre, de 1870 \u00e0 1970, un si\u00e8cle revendiquant explicitement l&#8217;h\u00e9ritage fondateur de Napol\u00e9on Peyrat. La deuxi\u00e8me partie correspond \u00e0 la d\u00e9cennie 1970-1981. Pendant cette p\u00e9riode, les s\u00e9quelles du mouvement soixante-huitard [&hellip;]<\/p>\n","protected":false},"featured_media":0,"template":"","meta":{"_acf_changed":false,"_genesis_hide_title":false,"_genesis_hide_breadcrumbs":false,"_genesis_hide_singular_image":false,"_genesis_hide_footer_widgets":false,"_genesis_custom_body_class":"","_genesis_custom_post_class":"","_genesis_layout":""},"product_brand":[],"product_cat":[7161,7149,7133,16136],"product_tag":[],"class_list":["post-33725","product","type-product","status-publish","product_cat-istoria-medievala-oc","product_cat-istoria-geografia-oc","product_cat-libres-oc","product_cat-non-classe-oc","pa_auteurs-collectif","pa_editeur-ieo-fr-oc","entry","first","outofstock","purchasable","product-type-simple"],"acf":[],"_links":{"self":[{"href":"https:\/\/www.libraria-occitana.org\/oc\/wp-json\/wp\/v2\/product\/33725","targetHints":{"allow":["GET"]}}],"collection":[{"href":"https:\/\/www.libraria-occitana.org\/oc\/wp-json\/wp\/v2\/product"}],"about":[{"href":"https:\/\/www.libraria-occitana.org\/oc\/wp-json\/wp\/v2\/types\/product"}],"wp:attachment":[{"href":"https:\/\/www.libraria-occitana.org\/oc\/wp-json\/wp\/v2\/media?parent=33725"}],"wp:term":[{"taxonomy":"product_brand","embeddable":true,"href":"https:\/\/www.libraria-occitana.org\/oc\/wp-json\/wp\/v2\/product_brand?post=33725"},{"taxonomy":"product_cat","embeddable":true,"href":"https:\/\/www.libraria-occitana.org\/oc\/wp-json\/wp\/v2\/product_cat?post=33725"},{"taxonomy":"product_tag","embeddable":true,"href":"https:\/\/www.libraria-occitana.org\/oc\/wp-json\/wp\/v2\/product_tag?post=33725"}],"curies":[{"name":"wp","href":"https:\/\/api.w.org\/{rel}","templated":true}]}}