{"id":33727,"date":"2026-08-31T16:21:01","date_gmt":"2026-08-31T14:21:01","guid":{"rendered":"http:\/\/www.libraria-occitana.org\/?post_type=product&#038;p=33727\/"},"modified":"2026-08-31T16:21:05","modified_gmt":"2026-08-31T14:21:05","slug":"les-cathares-in-situ","status":"publish","type":"product","link":"https:\/\/www.libraria-occitana.org\/oc\/produch\/les-cathares-in-situ\/","title":{"rendered":"LES CATHARES-IN SITU"},"content":{"rendered":"<p style=\"margin:0;\"><span style=\"font-family:'Times New Roman';font-size:12pt;\">Les cathares<\/p>\n<p>Aux premiers si\u00e8cles de notre \u00e8re, le dogme chr\u00e9tien s&#8217;\u00e9labore peu \u00e0 peu. Ceux qui s&#8217;en \u00e9cartent, les h\u00e9r\u00e9tiques, sont exclus de l&#8217;Eglise, voire combattus par les pouvoirs temporels. Au XIIe si\u00e8cle, aux quatre coins de l&#8217;Europe, un christianisme dualiste, le catharisme, interpelle nombre de croyants soucieux de mieux observer les pr\u00e9ceptes \u00e9vang\u00e9liques. Son implantation en Occitanie inqui\u00e8te les pouvoirs eccl\u00e9siastiques. En 1208, le pape Innocent III lance un appel \u00e0 la croisade contre ces albigeois.<br \/>Pendant plus d&#8217;un si\u00e8cle, trag\u00e9dies et malheurs vont s&#8217;abattre sur un Languedoc qui sera r\u00e9uni au royaume de France, en 1271, et d&#8217;o\u00f9 l&#8217;h\u00e9r\u00e9sie cathare appara\u00eetra totalement extirp\u00e9e, en 1321.<\/p>\n<p>Complement de titre : Dogme et h\u00e9r\u00e9sies ; Cathares d&#8217;Europe et d&#8217;Occitanie ; Pr\u00eaches et croisades ; Inquisition ; Ch\u00e2teaux et autres sites en Languedoc<br \/>Autor : Roux-Perino, Julie<br \/>Linga : Franc\u00e9s<br \/>Parucion : 02\/2008<br \/>Editor : MSM<br \/>Colleccion : In Situ<br \/>Nb de pajas : 320<br \/>Format : 17 x 24 cm<br \/>P\u00e9s : 918 g<br \/>EAN 13 : 9782350800448<br \/><\/span><\/p>\n","protected":false},"excerpt":{"rendered":"<p>Les cathares Aux premiers si\u00e8cles de notre \u00e8re, le dogme chr\u00e9tien s&#8217;\u00e9labore peu \u00e0 peu. Ceux qui s&#8217;en \u00e9cartent, les h\u00e9r\u00e9tiques, sont exclus de l&#8217;Eglise, voire combattus par les pouvoirs temporels. Au XIIe si\u00e8cle, aux quatre coins de l&#8217;Europe, un christianisme dualiste, le catharisme, interpelle nombre de croyants soucieux de mieux observer les pr\u00e9ceptes \u00e9vang\u00e9liques. [&hellip;]<\/p>\n","protected":false},"featured_media":0,"template":"","meta":{"_acf_changed":false,"_genesis_hide_title":false,"_genesis_hide_breadcrumbs":false,"_genesis_hide_singular_image":false,"_genesis_hide_footer_widgets":false,"_genesis_custom_body_class":"","_genesis_custom_post_class":"","_genesis_layout":""},"product_brand":[],"product_cat":[7161,7149,7133,16136],"product_tag":[],"class_list":["post-33727","product","type-product","status-publish","product_cat-istoria-medievala-oc","product_cat-istoria-geografia-oc","product_cat-libres-oc","product_cat-non-classe-oc","pa_auteurs-roux-julie","entry","first","outofstock","purchasable","product-type-simple"],"acf":[],"_links":{"self":[{"href":"https:\/\/www.libraria-occitana.org\/oc\/wp-json\/wp\/v2\/product\/33727","targetHints":{"allow":["GET"]}}],"collection":[{"href":"https:\/\/www.libraria-occitana.org\/oc\/wp-json\/wp\/v2\/product"}],"about":[{"href":"https:\/\/www.libraria-occitana.org\/oc\/wp-json\/wp\/v2\/types\/product"}],"wp:attachment":[{"href":"https:\/\/www.libraria-occitana.org\/oc\/wp-json\/wp\/v2\/media?parent=33727"}],"wp:term":[{"taxonomy":"product_brand","embeddable":true,"href":"https:\/\/www.libraria-occitana.org\/oc\/wp-json\/wp\/v2\/product_brand?post=33727"},{"taxonomy":"product_cat","embeddable":true,"href":"https:\/\/www.libraria-occitana.org\/oc\/wp-json\/wp\/v2\/product_cat?post=33727"},{"taxonomy":"product_tag","embeddable":true,"href":"https:\/\/www.libraria-occitana.org\/oc\/wp-json\/wp\/v2\/product_tag?post=33727"}],"curies":[{"name":"wp","href":"https:\/\/api.w.org\/{rel}","templated":true}]}}