{"id":33810,"date":"2026-08-31T16:22:39","date_gmt":"2026-08-31T14:22:39","guid":{"rendered":"http:\/\/www.libraria-occitana.org\/?post_type=product&#038;p=33810\/"},"modified":"2026-08-31T16:22:42","modified_gmt":"2026-08-31T14:22:42","slug":"la-main-de-petain-1940-1944-controle-et-repression-des-indesirables-par-letat-francais","status":"publish","type":"product","link":"https:\/\/www.libraria-occitana.org\/oc\/produch\/la-main-de-petain-1940-1944-controle-et-repression-des-indesirables-par-letat-francais\/","title":{"rendered":"LA MAIN DE PETAIN 1940 1944 CONTROLE ET REPRESSION DES &#8220;INDESIRABLES&#8221; PAR L&#8217;ETAT FRANCAIS"},"content":{"rendered":"<p style=\"margin:0;\"><span style=\"font-family:'Times New Roman';font-size:12pt;\">La Main de P\u00e9tain<\/p>\n<p>Au lendemain de la d\u00e9faite de 1940, le gouvernement du mar\u00e9chal P\u00e9tain con\u00e7oit un syst\u00e8me \u00e9labor\u00e9 de contr\u00f4le et de r\u00e9pression \u00e0 l&#8217;encontre des populations jug\u00e9es &#8220;ind\u00e9sirables&#8221; : opposants aux r\u00e9gimes, communistes&#8230; Mais aussi r\u00e9fugi\u00e9s \u00e9trangers d&#8217;origine espagnole, juifs chass\u00e9s par les nazis&#8230;<br \/>L&#8217;\u00c9tat fran\u00e7ais organise la surveillance et l&#8217;internement des personnes &#8220;suspectes&#8221; selon ses propres crit\u00e8res d&#8217;exclusion, y compris les enfants ! D\u00e8s juillet 1940, il cr\u00e9e ou p\u00e9rennise des camps qu&#8217;ils soient de &#8220;rassemblement des \u00e9trangers&#8221; ou de &#8220;s\u00e9jour surveill\u00e9&#8221;.<br \/>Gr\u00e2ce \u00e0 de nombreux t\u00e9moignages de survivants et \u00e0 un remarquable travail de collecte de documents, photographies, cartes\u2026, Guy Perlier nous plonge dans les heures noires du quotidien de ces camps ! Rappelons qu\u2019ils furent d\u2019abord destin\u00e9s \u00e0 servir la r\u00e9pression politique du r\u00e9gime de P\u00e9tain, mais que rapidement ils furent enti\u00e8rement soumis \u00e0 la collaboration avec l\u2019Allemagne nazie. L\u2019auteur nous offre ainsi une v\u00e9ritable \u00ab autopsie \u00bb des rapports entre les populations locales \u00e0 majorit\u00e9 \u00ab Front Populaire \u00bb et ces structures r\u00e9pressives agressives : une originalit\u00e9.<\/p>\n<p>Complement de titre : 1940-1944 : Contr\u00f4le et r\u00e9pression des &#8220;ind\u00e9sirables&#8221; par l&#8217;\u00c9tat fran\u00e7ais&#8221; &#8211; Limousin &#8211; Berry &#8211; P\u00e9rigord<br \/>Autor : Perlier, Guy<br \/>Linga : Franc\u00e9s<br \/>Parucion : 10\/2014<br \/>Editor : Les Mon\u00e9di\u00e8res<br \/>Nb de pajas : 239<br \/>Format : 14,5 x 24 cm<br \/>P\u00e9s : 422 g<br \/>EAN 13 : 9782363400574<br \/><\/span><\/p>\n","protected":false},"excerpt":{"rendered":"<p>La Main de P\u00e9tain Au lendemain de la d\u00e9faite de 1940, le gouvernement du mar\u00e9chal P\u00e9tain con\u00e7oit un syst\u00e8me \u00e9labor\u00e9 de contr\u00f4le et de r\u00e9pression \u00e0 l&#8217;encontre des populations jug\u00e9es &#8220;ind\u00e9sirables&#8221; : opposants aux r\u00e9gimes, communistes&#8230; Mais aussi r\u00e9fugi\u00e9s \u00e9trangers d&#8217;origine espagnole, juifs chass\u00e9s par les nazis&#8230;L&#8217;\u00c9tat fran\u00e7ais organise la surveillance et l&#8217;internement des personnes [&hellip;]<\/p>\n","protected":false},"featured_media":0,"template":"","meta":{"_acf_changed":false,"_genesis_hide_title":false,"_genesis_hide_breadcrumbs":false,"_genesis_hide_singular_image":false,"_genesis_hide_footer_widgets":false,"_genesis_custom_body_class":"","_genesis_custom_post_class":"","_genesis_layout":""},"product_brand":[],"product_cat":[7159,7149,7133,16136],"product_tag":[],"class_list":["post-33810","product","type-product","status-publish","product_cat-istoria-moderna-e-contemporala-oc","product_cat-istoria-geografia-oc","product_cat-libres-oc","product_cat-non-classe-oc","entry","first","instock","purchasable","product-type-simple"],"acf":[],"_links":{"self":[{"href":"https:\/\/www.libraria-occitana.org\/oc\/wp-json\/wp\/v2\/product\/33810","targetHints":{"allow":["GET"]}}],"collection":[{"href":"https:\/\/www.libraria-occitana.org\/oc\/wp-json\/wp\/v2\/product"}],"about":[{"href":"https:\/\/www.libraria-occitana.org\/oc\/wp-json\/wp\/v2\/types\/product"}],"wp:attachment":[{"href":"https:\/\/www.libraria-occitana.org\/oc\/wp-json\/wp\/v2\/media?parent=33810"}],"wp:term":[{"taxonomy":"product_brand","embeddable":true,"href":"https:\/\/www.libraria-occitana.org\/oc\/wp-json\/wp\/v2\/product_brand?post=33810"},{"taxonomy":"product_cat","embeddable":true,"href":"https:\/\/www.libraria-occitana.org\/oc\/wp-json\/wp\/v2\/product_cat?post=33810"},{"taxonomy":"product_tag","embeddable":true,"href":"https:\/\/www.libraria-occitana.org\/oc\/wp-json\/wp\/v2\/product_tag?post=33810"}],"curies":[{"name":"wp","href":"https:\/\/api.w.org\/{rel}","templated":true}]}}