{"id":34037,"date":"2018-02-12T12:44:22","date_gmt":"2018-02-12T11:44:22","guid":{"rendered":"http:\/\/www.libraria-occitana.org\/?post_type=product&#038;p=34037\/"},"modified":"2026-04-29T10:17:09","modified_gmt":"2026-04-29T08:17:09","slug":"lecole-francaise-et-loccitan-le-sourd-et-le-begue","status":"publish","type":"product","link":"https:\/\/www.libraria-occitana.org\/oc\/produch\/lecole-francaise-et-loccitan-le-sourd-et-le-begue\/","title":{"rendered":"L&#8217;\u00e9cole fran\u00e7aise et l&#8217;occitan : Le sourd et le b\u00e8gue"},"content":{"rendered":"<p>\u00ab Le Fran\u00e7ais sera seul en usage dans l&#8217;\u00e9cole. \u00bb<br \/>\nCet alexandrin boiteux, article 14 du r\u00e8glement type des \u00e9coles de Jules Ferry, d\u00e9cr\u00e9tait, sans le dire ouvertement, l&#8217;exclusion totale des langues de France, dont l&#8217;occitan. Et pourtant, plus d&#8217;un si\u00e8cle plus tard, et apr\u00e8s des d\u00e9cennies de revendications, ces langues ont une (toute petite) place dans le syst\u00e8me \u00e9ducatif fran\u00e7ais. Les articles ici r\u00e9unis analysent certains \u00e9pisodes de cette histoire depuis le XIXe si\u00e8cle. Ils n&#8217;affirment pas (avec fureur) que l&#8217;\u00e9cole fran\u00e7aise a pers\u00e9cut\u00e9 les langues de France, car tous les ma\u00eetres n&#8217;ont pas \u00e9t\u00e9 forc\u00e9ment r\u00e9pressifs. Ils n&#8217;affirment pas davantage (avec attendrissement) que les hussards de la R\u00e9publique, \u00e9pris de local et amoureux de leur petite patrie, n&#8217;ont rien fait contre les langues de France, qui auraient donc d\u00e9clin\u00e9 toutes seules, car ce n&#8217;est pas si simple. Et c&#8217;est de la complexit\u00e9 et des contradictions de tout un processus que l&#8217;on essayera de rendre compte ici, \u00e0 partir du cas occitan.<\/p>\n","protected":false},"excerpt":{"rendered":"<p>\u00ab Le Fran\u00e7ais sera seul en usage dans l&#8217;\u00e9cole. \u00bb Cet alexandrin boiteux, article 14 du r\u00e8glement type des \u00e9coles de Jules Ferry, d\u00e9cr\u00e9tait, sans le dire ouvertement, l&#8217;exclusion totale des langues de France, dont l&#8217;occitan. Et pourtant, plus d&#8217;un si\u00e8cle plus tard, et apr\u00e8s des d\u00e9cennies de revendications, ces langues ont une (toute petite) [&hellip;]<\/p>\n","protected":false},"featured_media":52514,"template":"","meta":{"_acf_changed":false,"_genesis_hide_title":false,"_genesis_hide_breadcrumbs":false,"_genesis_hide_singular_image":false,"_genesis_hide_footer_widgets":false,"_genesis_custom_body_class":"","_genesis_custom_post_class":"","_genesis_layout":""},"product_brand":[],"product_cat":[7133,7203],"product_tag":[],"class_list":{"0":"post-34037","1":"product","2":"type-product","3":"status-publish","4":"has-post-thumbnail","6":"product_cat-libres-oc","7":"product_cat-politica-sociologia-actualitat-oc","8":"pa_auteur-martel-philippe-oc","9":"pa_editeur-pu-mediterranee-oc","10":"pa_langue-francais-oc","11":"entry","13":"first","14":"instock","15":"shipping-taxable","16":"purchasable","17":"product-type-simple"},"acf":[],"_links":{"self":[{"href":"https:\/\/www.libraria-occitana.org\/oc\/wp-json\/wp\/v2\/product\/34037","targetHints":{"allow":["GET"]}}],"collection":[{"href":"https:\/\/www.libraria-occitana.org\/oc\/wp-json\/wp\/v2\/product"}],"about":[{"href":"https:\/\/www.libraria-occitana.org\/oc\/wp-json\/wp\/v2\/types\/product"}],"wp:featuredmedia":[{"embeddable":true,"href":"https:\/\/www.libraria-occitana.org\/oc\/wp-json\/wp\/v2\/media\/52514"}],"wp:attachment":[{"href":"https:\/\/www.libraria-occitana.org\/oc\/wp-json\/wp\/v2\/media?parent=34037"}],"wp:term":[{"taxonomy":"product_brand","embeddable":true,"href":"https:\/\/www.libraria-occitana.org\/oc\/wp-json\/wp\/v2\/product_brand?post=34037"},{"taxonomy":"product_cat","embeddable":true,"href":"https:\/\/www.libraria-occitana.org\/oc\/wp-json\/wp\/v2\/product_cat?post=34037"},{"taxonomy":"product_tag","embeddable":true,"href":"https:\/\/www.libraria-occitana.org\/oc\/wp-json\/wp\/v2\/product_tag?post=34037"}],"curies":[{"name":"wp","href":"https:\/\/api.w.org\/{rel}","templated":true}]}}