{"id":34044,"date":"2026-08-31T16:33:11","date_gmt":"2026-08-31T14:33:11","guid":{"rendered":"http:\/\/www.libraria-occitana.org\/?post_type=product&#038;p=34044\/"},"modified":"2026-08-31T16:33:14","modified_gmt":"2026-08-31T14:33:14","slug":"juifs-et-source-juive-en-occitanie","status":"publish","type":"product","link":"https:\/\/www.libraria-occitana.org\/oc\/produch\/juifs-et-source-juive-en-occitanie\/","title":{"rendered":"JUIFS ET SOURCE JUIVE EN OCCITANIE"},"content":{"rendered":"<p style=\"margin:0;\"><span style=\"font-family:'Times New Roman';font-size:12pt;font-weight:bold;\">R\u00e9sum\u00e9 :<\/span><span style=\"font-family:'Times New Roman';font-size:12pt;\"><\/p>\n<p>Ce livre a \u00e9t\u00e9 pens\u00e9 comme un dossier sur la pr\u00e9sence juive en Occitanie, mais aussi une qu\u00eate de l&#8217;h\u00e9ritage juif dans la civilisation occitane.<br \/>Pour cela, il devait \u00eatre \u00e9crit aussi bien par des Juifs que par des non-Juifs, sans obligation d&#8217;harmoniser leurs points de vue dans le d\u00e9tail. Il devait mettre en lumi\u00e8re, non seulement des dits et faits concernant les Juifs, mais aussi ce que des non-Juifs &#8211; chr\u00e9tiens ou d&#8217;origine chr\u00e9tienne &#8211; percevaient comme juif dans leur champ culturel.<br \/>On croisera en chemin les traditions gnostique et cathare. On rencontrera Simone Weil, non qu&#8217;elle soit repr\u00e9sentative du juda\u00efsme qu&#8217;elle connaissait fort mal, mais parce que sa jud\u00e9it\u00e9 la rend diff\u00e9rente, et parce qu&#8217;elle a attribu\u00e9 \u00e0 l&#8217;Occitanie m\u00e9di\u00e9vale un pouvoir d&#8217;antidote au nazisme. En quelque sorte, la marraine du mouvement occitan la\u00efque contemporain.<br \/>On rencontrera la Bible en occitan, parce que le seul fait de traduire \u00e9tait souvent un acte de r\u00e9sistance, et parce que les lettres occitanes sont ind\u00e9chiffrables \u00e0 qui ignore totalement Le Livre. Qu&#8217;on pense \u00e0 la place du Paradis terrestre chez Boudou&#8230;<br \/>Au total 15 articles allant du moyen \u00e2ge \u00e0 l&#8217;Occupation, r\u00e9dig\u00e9s par les meilleurs sp\u00e9cialistes et embrassant la pr\u00e9sence juive en Occitanie sous ses aspects historiques, linguistiques, litt\u00e9raires et id\u00e9ologiques.<\/p>\n<p>Autor : Collectiu<br \/>Linga : Franc\u00e9s<br \/>Parucion : 04\/1988<br \/>Editor : Vent Terral<br \/>Nb de pajas : 220<br \/>Format : 17 x 24 cm<br \/>P\u00e9s : 438 g<br \/>ISBN 10 : 2859270566<\/span><\/p>\n","protected":false},"excerpt":{"rendered":"<p>R\u00e9sum\u00e9 : Ce livre a \u00e9t\u00e9 pens\u00e9 comme un dossier sur la pr\u00e9sence juive en Occitanie, mais aussi une qu\u00eate de l&#8217;h\u00e9ritage juif dans la civilisation occitane.Pour cela, il devait \u00eatre \u00e9crit aussi bien par des Juifs que par des non-Juifs, sans obligation d&#8217;harmoniser leurs points de vue dans le d\u00e9tail. Il devait mettre en [&hellip;]<\/p>\n","protected":false},"featured_media":0,"template":"","meta":{"_acf_changed":false,"_genesis_hide_title":false,"_genesis_hide_breadcrumbs":false,"_genesis_hide_singular_image":false,"_genesis_hide_footer_widgets":false,"_genesis_custom_body_class":"","_genesis_custom_post_class":"","_genesis_layout":""},"product_brand":[],"product_cat":[7161,7149,7133,16136],"product_tag":[],"class_list":["post-34044","product","type-product","status-publish","product_cat-istoria-medievala-oc","product_cat-istoria-geografia-oc","product_cat-libres-oc","product_cat-non-classe-oc","pa_auteur-collectiu-oc-2","pa_auteurs-collectif","entry","first","instock","purchasable","product-type-simple"],"acf":[],"_links":{"self":[{"href":"https:\/\/www.libraria-occitana.org\/oc\/wp-json\/wp\/v2\/product\/34044","targetHints":{"allow":["GET"]}}],"collection":[{"href":"https:\/\/www.libraria-occitana.org\/oc\/wp-json\/wp\/v2\/product"}],"about":[{"href":"https:\/\/www.libraria-occitana.org\/oc\/wp-json\/wp\/v2\/types\/product"}],"wp:attachment":[{"href":"https:\/\/www.libraria-occitana.org\/oc\/wp-json\/wp\/v2\/media?parent=34044"}],"wp:term":[{"taxonomy":"product_brand","embeddable":true,"href":"https:\/\/www.libraria-occitana.org\/oc\/wp-json\/wp\/v2\/product_brand?post=34044"},{"taxonomy":"product_cat","embeddable":true,"href":"https:\/\/www.libraria-occitana.org\/oc\/wp-json\/wp\/v2\/product_cat?post=34044"},{"taxonomy":"product_tag","embeddable":true,"href":"https:\/\/www.libraria-occitana.org\/oc\/wp-json\/wp\/v2\/product_tag?post=34044"}],"curies":[{"name":"wp","href":"https:\/\/api.w.org\/{rel}","templated":true}]}}