{"id":34070,"date":"2026-08-31T17:14:50","date_gmt":"2026-08-31T15:14:50","guid":{"rendered":"http:\/\/www.libraria-occitana.org\/?post_type=product&#038;p=34070\/"},"modified":"2026-08-31T17:14:53","modified_gmt":"2026-08-31T15:14:53","slug":"jean-lurcat-le-reve-ensoleille","status":"publish","type":"product","link":"https:\/\/www.libraria-occitana.org\/oc\/produch\/jean-lurcat-le-reve-ensoleille\/","title":{"rendered":"JEAN LURCAT : LE REVE ENSOLEILLE"},"content":{"rendered":"<p style=\"margin:0;\"><span style=\"font-family:'Times New Roman';font-size:12pt;\">Jean Lur\u00e7at, le r\u00eave ensoleill\u00e9. 26 min<\/p>\n<p>Le film retrace l\u2019itin\u00e9raire de Jean Lur\u00e7at gr\u00e2ce \u00e0 diff\u00e9rentes s\u00e9quences tourn\u00e9es dans ses ateliers, Villa Seurat \u00e0 Paris et aux Tours Saint Laurent pr\u00e8s de Saint-C\u00e9r\u00e9, mais aussi dans les salles des Mus\u00e9es d\u2019Angers o\u00f9 sont notamment expos\u00e9es les tapisseries de l\u2019Apocalypse et le grand \u0153uvre de Jean Lur\u00e7at : Le chant du monde.<br \/>Le Mus\u00e9e D\u00e9partemental de la Tapisserie \u00e0 Aubusson pr\u00e9sente \u00e9galement une grande vari\u00e9t\u00e9 des \u0153uvres de l\u2019artiste.<br \/>Des documents d\u2019archives <wbr>(photos et extraits de films montrant Lur\u00e7at au travail \u00e0 Saint C\u00e9r\u00e9 mais aussi acteur dans un film militant), le t\u00e9moignage du lissier Fran\u00e7ois Tabard et du critique Jean Cassou, les textes et po\u00e8mes de Jean Lur\u00e7at dits par Daniel G\u00e9lin permettent de comprendre comment l\u2019artiste a trouv\u00e9 dans la tapisserie son art de pr\u00e9dilection apr\u00e8s s\u2019\u00eatre essay\u00e9 \u00e0 la peinture de chevalet et au canevas. C\u2019est \u00e0 Jean Lur\u00e7at que l\u2019on doit une v\u00e9ritable renaissance de la tapisserie, un art auquel il a su donner un souffle contemporain.<\/p>\n<p>Compl\u00e9ment de programme :<\/p>\n<p>Jean Lur\u00e7at, la maison et le monde. 11 min<\/p>\n<p>Itin\u00e9raire po\u00e9tique sur les traces de Jean Lur\u00e7at dans le Lot et au Mus\u00e9e du Chant du Monde d\u2019Angers, ce film permet de d\u00e9couvrir la personnalit\u00e9 complexe et tourment\u00e9e du peintre cartonnier, intimement li\u00e9e aux drames et espoirs de son \u00e9poque.<\/p>\n<p>Production : Les Films du Horla<br \/>D\u00e9partement de la Creuse<br \/>Centre Jean Lur\u00e7at d\u2019Aubussson<br \/>France 3 Limousin Poitou Charentes<\/p>\n<p>Auteur-R\u00e9alisateur : Patrick CAZALS<\/p>\n<p>Photographie : Philippe TH\u00c9AUDI\u00c8RE<br \/>Op\u00e9rateur : Ren\u00e9 LARTIGAUD<br \/>Montage : Fr\u00e9d\u00e9ric DECOSSAS<br \/>Mixage : Michel BOISSI\u00c8RE<br \/>Voix de Jean Lur\u00e7at : Daniel G\u00c9LIN<\/p>\n<p>Autor : Cazals, Patrick<br \/>Linga : Franc\u00e9s<br \/>Editor : Les Films du Horla<br \/>Durada : 37&#8242;<br \/>Format : 13,5 x 19 cm<br \/>P\u00e9s : 84 g<br \/><\/span><\/p>\n","protected":false},"excerpt":{"rendered":"<p>Jean Lur\u00e7at, le r\u00eave ensoleill\u00e9. 26 min Le film retrace l\u2019itin\u00e9raire de Jean Lur\u00e7at gr\u00e2ce \u00e0 diff\u00e9rentes s\u00e9quences tourn\u00e9es dans ses ateliers, Villa Seurat \u00e0 Paris et aux Tours Saint Laurent pr\u00e8s de Saint-C\u00e9r\u00e9, mais aussi dans les salles des Mus\u00e9es d\u2019Angers o\u00f9 sont notamment expos\u00e9es les tapisseries de l\u2019Apocalypse et le grand \u0153uvre de [&hellip;]<\/p>\n","protected":false},"featured_media":0,"template":"","meta":{"_acf_changed":false,"_genesis_hide_title":false,"_genesis_hide_breadcrumbs":false,"_genesis_hide_singular_image":false,"_genesis_hide_footer_widgets":false,"_genesis_custom_body_class":"","_genesis_custom_post_class":"","_genesis_layout":""},"product_brand":[],"product_cat":[7242,16136,7240],"product_tag":[],"class_list":["post-34070","product","type-product","status-publish","product_cat-documentari-oc","product_cat-non-classe-oc","product_cat-video-oc","entry","first","outofstock","purchasable","product-type-simple"],"acf":[],"_links":{"self":[{"href":"https:\/\/www.libraria-occitana.org\/oc\/wp-json\/wp\/v2\/product\/34070","targetHints":{"allow":["GET"]}}],"collection":[{"href":"https:\/\/www.libraria-occitana.org\/oc\/wp-json\/wp\/v2\/product"}],"about":[{"href":"https:\/\/www.libraria-occitana.org\/oc\/wp-json\/wp\/v2\/types\/product"}],"wp:attachment":[{"href":"https:\/\/www.libraria-occitana.org\/oc\/wp-json\/wp\/v2\/media?parent=34070"}],"wp:term":[{"taxonomy":"product_brand","embeddable":true,"href":"https:\/\/www.libraria-occitana.org\/oc\/wp-json\/wp\/v2\/product_brand?post=34070"},{"taxonomy":"product_cat","embeddable":true,"href":"https:\/\/www.libraria-occitana.org\/oc\/wp-json\/wp\/v2\/product_cat?post=34070"},{"taxonomy":"product_tag","embeddable":true,"href":"https:\/\/www.libraria-occitana.org\/oc\/wp-json\/wp\/v2\/product_tag?post=34070"}],"curies":[{"name":"wp","href":"https:\/\/api.w.org\/{rel}","templated":true}]}}