{"id":34302,"date":"2006-10-01T12:53:33","date_gmt":"2006-10-01T10:53:33","guid":{"rendered":"http:\/\/www.libraria-occitana.org\/?post_type=product&#038;p=34302\/"},"modified":"2026-04-29T04:51:56","modified_gmt":"2026-04-29T02:51:56","slug":"emotions-revoltes-et-guerres-populaires-en-aquitaine-xvie-xviiie-siecle","status":"publish","type":"product","link":"https:\/\/www.libraria-occitana.org\/oc\/produch\/emotions-revoltes-et-guerres-populaires-en-aquitaine-xvie-xviiie-siecle\/","title":{"rendered":"\u00c9motions, r\u00e9voltes et guerres populaires en Aquitaine (XVIe-XVIIIe si\u00e8cle)"},"content":{"rendered":"<p>Cet ouvrage met en lumi\u00e8re quelques-uns des aspects les plus significatifs des r\u00e9voltes, guerres paysannes, guerres de religion, \u00e9meutes qui ont marqu\u00e9 l&#8217;histoire du Grand Sud-Ouest, du XVIe au XVIIIe si\u00e8cle. Ces r\u00e9voltes paysannes, qui accompagnent la mont\u00e9e en puissance de l&#8217;\u00e9tat moderne et qui \u00e9clatent un peu partout dans le royaume de France, avec plus ou moins d&#8217;intensit\u00e9, entrecoup\u00e9es de plus ou moins grandes p\u00e9riodes de calme relatif, ont bien s\u00fbr laiss\u00e9 par la suite de nombreuses traces dans la m\u00e9moire collective.<\/p>\n<p>Dans un premier temps, les historiens ont analys\u00e9 ce que furent r\u00e9ellement ces crises, manifestations de la mis\u00e8re, des injustices fiscales, des exactions de la soldatesque, des d\u00e9chirements religieux.<\/p>\n<p>Dans une second temps, ils ont cherch\u00e9 \u00e0 comprendre comment et pourquoi certains des personnages li\u00e9s aux \u00e9v\u00e9nements, qu&#8217;ils soient r\u00e9els comme le c\u00e9l\u00e8bre Buffarot, ou imaginaires comme le non moins c\u00e9l\u00e8bre Jacquou le Croquant, ont nourri pendant des d\u00e9cennies la mythologie populaire, au point, pour ce qui concerne Jacquou, de stimuler le courage des hommes de la R\u00e9sistance p\u00e9rigourdine.<\/p>\n<p>Ont collabor\u00e9 \u00e0 cet ouvrage : Yves-Marie Berc\u00e9 &#8211; Anne-Marie Cocula &#8211; V\u00e9ronique Garrigue &#8211; Miton Gossare &#8211; Hubert Delpont &#8211; Jo\u00eblle Chev\u00e9 &#8211; G\u00e9rard Fayolle &#8211; Christine Escarment &#8211; Dominique Pauvert &#8211; Michel Combet.<\/p>\n","protected":false},"excerpt":{"rendered":"<p>Cet ouvrage met en lumi\u00e8re quelques-uns des aspects les plus significatifs des r\u00e9voltes, guerres paysannes, guerres de religion, \u00e9meutes qui ont marqu\u00e9 l&#8217;histoire du Grand Sud-Ouest, du XVIe au XVIIIe si\u00e8cle. Ces r\u00e9voltes paysannes, qui accompagnent la mont\u00e9e en puissance de l&#8217;\u00e9tat moderne et qui \u00e9clatent un peu partout dans le royaume de France, avec [&hellip;]<\/p>\n","protected":false},"featured_media":55419,"template":"","meta":{"_acf_changed":false,"_genesis_hide_title":false,"_genesis_hide_breadcrumbs":false,"_genesis_hide_singular_image":false,"_genesis_hide_footer_widgets":false,"_genesis_custom_body_class":"","_genesis_custom_post_class":"","_genesis_layout":""},"product_brand":[],"product_cat":[7159,7149,7133],"product_tag":[],"class_list":{"0":"post-34302","1":"product","2":"type-product","3":"status-publish","4":"has-post-thumbnail","6":"product_cat-istoria-moderna-e-contemporala-oc","7":"product_cat-istoria-geografia-oc","8":"product_cat-libres-oc","9":"pa_auteur-bordes-richard-oc","10":"pa_auteur-collectiu-oc-2","11":"pa_editeur-ieo-perigord-novelum-oc","12":"pa_langue-francais-oc","13":"entry","15":"first","16":"instock","17":"shipping-taxable","18":"purchasable","19":"product-type-simple"},"acf":[],"_links":{"self":[{"href":"https:\/\/www.libraria-occitana.org\/oc\/wp-json\/wp\/v2\/product\/34302","targetHints":{"allow":["GET"]}}],"collection":[{"href":"https:\/\/www.libraria-occitana.org\/oc\/wp-json\/wp\/v2\/product"}],"about":[{"href":"https:\/\/www.libraria-occitana.org\/oc\/wp-json\/wp\/v2\/types\/product"}],"wp:featuredmedia":[{"embeddable":true,"href":"https:\/\/www.libraria-occitana.org\/oc\/wp-json\/wp\/v2\/media\/55419"}],"wp:attachment":[{"href":"https:\/\/www.libraria-occitana.org\/oc\/wp-json\/wp\/v2\/media?parent=34302"}],"wp:term":[{"taxonomy":"product_brand","embeddable":true,"href":"https:\/\/www.libraria-occitana.org\/oc\/wp-json\/wp\/v2\/product_brand?post=34302"},{"taxonomy":"product_cat","embeddable":true,"href":"https:\/\/www.libraria-occitana.org\/oc\/wp-json\/wp\/v2\/product_cat?post=34302"},{"taxonomy":"product_tag","embeddable":true,"href":"https:\/\/www.libraria-occitana.org\/oc\/wp-json\/wp\/v2\/product_tag?post=34302"}],"curies":[{"name":"wp","href":"https:\/\/api.w.org\/{rel}","templated":true}]}}