{"id":34372,"date":"2026-08-31T17:37:30","date_gmt":"2026-08-31T15:37:30","guid":{"rendered":"http:\/\/www.libraria-occitana.org\/?post_type=product&#038;p=34372\/"},"modified":"2026-08-31T17:37:34","modified_gmt":"2026-08-31T15:37:34","slug":"dictionnaire-des-auteurs-de-langue-doc-de-1800-a-nos-jours","status":"publish","type":"product","link":"https:\/\/www.libraria-occitana.org\/oc\/produch\/dictionnaire-des-auteurs-de-langue-doc-de-1800-a-nos-jours\/","title":{"rendered":"DICTIONNAIRE DES AUTEURS DE LANGUE D&#8217;OC DE 1800 A NOS JOURS"},"content":{"rendered":"<p style=\"margin:0;\"><span style=\"font-family:'Times New Roman';font-size:12pt;\">La premi\u00e8re \u00e9dition du Dictionnaire des auteurs de Langue d&#8217;Oc datait de 1994. L&#8217;ouvrage avait connu un certain succ\u00e8s et se trouvait \u00e9puis\u00e9 depuis longtemps. Une nouvelle \u00e9dition s&#8217;imposait. C&#8217;est le travail qu&#8217;a r\u00e9alis\u00e9 Jean Fouri\u00e9 avec l&#8217;aide de nombreux informateurs.<br \/>Plus d&#8217;une centaine de notices nouvelles sont venues s&#8217;ajouter aux quelques huit cent d\u00e9j\u00e0 existantes. L&#8217;ensemble de l&#8217;ouvrage a \u00e9t\u00e9 enti\u00e8rement revu, augment\u00e9 et corrig\u00e9 dans la mesure du possible, s&#8217;effor\u00e7ant d&#8217;atteindre un niveau de fiabilit\u00e9 \u00e9lev\u00e9.<br \/>En fin de volume est ajout\u00e9 un chapitre pr\u00e9sentant sommairement les p\u00e9riodiques du domaine occitan ainsi qu&#8217;un essai de listage des almanachs. Loin d&#8217;\u00eatre exhaustif, il apporte tout de m\u00eame un minimum de pr\u00e9cisions indispensables en ce domaine jusqu&#8217;alors tr\u00e8s peu exploit\u00e9. il sera am\u00e9lior\u00e9 dans de prochaines \u00e9ditions.<br \/>Outil de travail dont l&#8217;utilit\u00e9 a maintes fois \u00e9t\u00e9 soulign\u00e9e, ce dictionnaire se veut avant tout une vitrine, plus qu&#8217;une simple recension, de la production \u00e9crite en langue d&#8217;Oc depuis le d\u00e9but du XIXe si\u00e8cle, t\u00e9moignant ainsi \u00e9loquemment, en dehors de toute appr\u00e9ciation qualitative, de la p\u00e9rennit\u00e9, de la diversit\u00e9 et de la richesse d&#8217;une litt\u00e9rature gu\u00e8re connue du grand public &#8211; ni m\u00eame de nombreux sp\u00e9cialistes &#8211; mais qui montre l&#8217;importance d&#8217;une culture et le poids de sa production &#8220;imprim\u00e9e&#8221;.<\/p>\n<p>Originaire d&#8217;Esp\u00e9raza, dans la haute vall\u00e9e de l&#8217;Aude, l&#8217;auteur a longtemps v\u00e9cu en r\u00e9gion parisienne pour des raisons professionnelles. C&#8217;est au sein de l&#8217;Association des Amis de la langue d&#8217;Oc qu&#8217;il a \u00e9t\u00e9 initi\u00e9 au combat pour la d\u00e9fense des langues r\u00e9gionales en g\u00e9n\u00e9ral et de celle des troubadours en particulier. Inscrit au F\u00e9librige depuis 1973 puis \u00e0 l&#8217;Institut d&#8217;Etudes Occitanes, ancien \u00e9l\u00e8ve du coll\u00e8ge d&#8217;Occitanie \u00e0 Toulouse, Jean Fouri\u00e9 a longtemps milit\u00e9 dans plusieurs associations d&#8217;originaires et s&#8217;est investi dans l&#8217;organisation des f\u00e9libr\u00e9es de Sceaux.<br \/>Po\u00e8te \u00e0 ses heures, M\u00e8stre en Gai-saber, \u00e9lu Majoral du F\u00e9librige en 1987, titulaire de la Cigale de l&#8217;Olivier, Assesseur du F\u00e9librige de Languedoc et du Roussillon, pr\u00e9sident de la section audoise de l&#8217;Institut d&#8217;Etudes Occitanes, Pr\u00e9sident de l&#8217;Esc\u00f2la occitana, Jean Fouri\u00e9 vit une retraite studieuse et particuli\u00e8rement active dans sa commune natale o\u00f9 il assume des charges \u00e9dilitaires et associatives, animant un cercle occitan et poursuivant ses recherches dans les domaines de l&#8217;\u00e9crit de langue d&#8217;oc et de l&#8217;histoire locale.<\/p>\n<p>Autor : Fouri\u00e9, Jean<br \/>Linga : Franc\u00e9s<br \/>Parucion : 01\/2009<br \/>Editor : Felibrige<br \/>Nb de pajas : 369<br \/>Format : 21 x 30 cm<br \/>P\u00e9s : 992 g<br \/>EAN 13 : 9782953359107<\/span><\/p>\n","protected":false},"excerpt":{"rendered":"<p>La premi\u00e8re \u00e9dition du Dictionnaire des auteurs de Langue d&#8217;Oc datait de 1994. L&#8217;ouvrage avait connu un certain succ\u00e8s et se trouvait \u00e9puis\u00e9 depuis longtemps. Une nouvelle \u00e9dition s&#8217;imposait. C&#8217;est le travail qu&#8217;a r\u00e9alis\u00e9 Jean Fouri\u00e9 avec l&#8217;aide de nombreux informateurs.Plus d&#8217;une centaine de notices nouvelles sont venues s&#8217;ajouter aux quelques huit cent d\u00e9j\u00e0 existantes. [&hellip;]<\/p>\n","protected":false},"featured_media":0,"template":"","meta":{"_acf_changed":false,"_genesis_hide_title":false,"_genesis_hide_breadcrumbs":false,"_genesis_hide_singular_image":false,"_genesis_hide_footer_widgets":false,"_genesis_custom_body_class":"","_genesis_custom_post_class":"","_genesis_layout":""},"product_brand":[],"product_cat":[7189,7133,7175,16136],"product_tag":[],"class_list":["post-34372","product","type-product","status-publish","product_cat-estudis-literaris-oc","product_cat-libres-oc","product_cat-literatura-oc","product_cat-non-classe-oc","entry","first","instock","purchasable","product-type-simple"],"acf":[],"_links":{"self":[{"href":"https:\/\/www.libraria-occitana.org\/oc\/wp-json\/wp\/v2\/product\/34372","targetHints":{"allow":["GET"]}}],"collection":[{"href":"https:\/\/www.libraria-occitana.org\/oc\/wp-json\/wp\/v2\/product"}],"about":[{"href":"https:\/\/www.libraria-occitana.org\/oc\/wp-json\/wp\/v2\/types\/product"}],"wp:attachment":[{"href":"https:\/\/www.libraria-occitana.org\/oc\/wp-json\/wp\/v2\/media?parent=34372"}],"wp:term":[{"taxonomy":"product_brand","embeddable":true,"href":"https:\/\/www.libraria-occitana.org\/oc\/wp-json\/wp\/v2\/product_brand?post=34372"},{"taxonomy":"product_cat","embeddable":true,"href":"https:\/\/www.libraria-occitana.org\/oc\/wp-json\/wp\/v2\/product_cat?post=34372"},{"taxonomy":"product_tag","embeddable":true,"href":"https:\/\/www.libraria-occitana.org\/oc\/wp-json\/wp\/v2\/product_tag?post=34372"}],"curies":[{"name":"wp","href":"https:\/\/api.w.org\/{rel}","templated":true}]}}