{"id":34434,"date":"2012-01-15T15:47:55","date_gmt":"2012-01-15T14:47:55","guid":{"rendered":"http:\/\/www.libraria-occitana.org\/?post_type=product&#038;p=34434\/"},"modified":"2026-04-27T02:36:08","modified_gmt":"2026-04-27T00:36:08","slug":"dancarem-musiciens-traditionnels-du-quercy","status":"publish","type":"product","link":"https:\/\/www.libraria-occitana.org\/oc\/produch\/dancarem-musiciens-traditionnels-du-quercy\/","title":{"rendered":"Dan\u00e7arem : Musiciens traditionnels du Quercy"},"content":{"rendered":"<p>Dan\u00e7arem vous propose de d\u00e9couvrir certains airs issus du collectage lotois. Il rend ainsi hommage \u00e0 deux collecteurs du d\u00e9but du XXe si\u00e8cle : l&#8217;abb\u00e9 Fran\u00e7ois Maurice Lacoste et le colonel Gilbert Salani\u00e9. Autour de ce r\u00e9pertoire, R\u00e9mi Geffroy r\u00e9unit pas moins de\u00a016 musiciens et chanteurs quercinois, amateurs ou professionnels, afin de faire vivre et de transmettre ces airs datant parfois de plus d&#8217;un si\u00e8cle. On peut \u00e9galement y \u00e9couter un commentaire de Gilbert Salani\u00e9 sur la pratique de la danse dans le Lot en 1900. Le pass\u00e9 est \u00e0 l&#8217;honneur mais pas seulement, viennent \u00e9galement s&#8217;ajouter quelques compositions : la musique traditionnelle reste avant tout une musique actuelle. Un bon moment d&#8217;\u00e9coute en territoire quercinois !<\/p>\n<p>Avec : Nathalie Ayral (violon), Guilhem Boucher (fifre), Cyrille Brotto (accord\u00e9on diatonique), R\u00e9gis Daniel (guitare), Bastien Fontanille (vielle \u00e0 roue), R\u00e9mi Geffroy (accord\u00e9on diatonique), Christian Mage (fifre, chant), Jacques Martr\u00e8s (cornemuse), le quatuor 2B2R (chant) : Monique et G\u00e9rard Roussilhe, Danielle et Maurice Barri\u00e8re, Guillaume Roussilhe (chant, fl\u00fbte, cornemuse), Martine Serres (chant), Vincent Souriat (percussions), Didier Vergne (chant), Xavier Vidal (violon).<\/p>\n<p><strong>Titres :<\/strong><br \/>\n1. Dessul pont de Lion (Complainte revisit\u00e9e en ronde) &#8211; Trad du Quercy<br \/>\n2. Calvinhada &#8211; Trad du Quercy<br \/>\n3. Carnaval &#8211; Commentaires de Gilbert Salani\u00e9<br \/>\n4. Suite de bourr\u00e9es &#8211; Trad du Quercy<br \/>\nRegret \u00ab Rue Garezac\u00a0\u00bb &#8211; Composition Jacques Martr\u00e8s<br \/>\n5. L&#8217;Isabeleta (Scottish) &#8211; Trad du Quercy<br \/>\n6. La vila de Marmanda (Complainte) &#8211; Trad du Quercy<br \/>\n7. Suite de rondes &#8211; Trad du Quercy<br \/>\n8. Le bal &#8211; Commentaires de Gilbert Salani\u00e9<br \/>\n9. Farandoles &#8211; Trad du Quercy<br \/>\n10. La vila de Sarlat (Valse) &#8211; Trad du Quercy<br \/>\n11. Les danses &#8211; Commentaires de Gilbert Salani\u00e9<br \/>\n12. Polka des cadurques &#8211; Composition Xavier Vidal<br \/>\n13. Au bord de l&#8217;eau (Mazurka) &#8211; Composition R\u00e9mi Geffroy<br \/>\n14. Non la dan\u00e7arem pus (Bourr\u00e9e \u00e0 2 temps) &#8211; Trad du Quercy<\/p>\n","protected":false},"excerpt":{"rendered":"<p>Dan\u00e7arem vous propose de d\u00e9couvrir certains airs issus du collectage lotois. Il rend ainsi hommage \u00e0 deux collecteurs du d\u00e9but du XXe si\u00e8cle : l&#8217;abb\u00e9 Fran\u00e7ois Maurice Lacoste et le colonel Gilbert Salani\u00e9. Autour de ce r\u00e9pertoire, R\u00e9mi Geffroy r\u00e9unit pas moins de\u00a016 musiciens et chanteurs quercinois, amateurs ou professionnels, afin de faire vivre et [&hellip;]<\/p>\n","protected":false},"featured_media":38572,"template":"","meta":{"_acf_changed":false,"_genesis_hide_title":false,"_genesis_hide_breadcrumbs":false,"_genesis_hide_singular_image":false,"_genesis_hide_footer_widgets":false,"_genesis_custom_body_class":"","_genesis_custom_post_class":"","_genesis_layout":""},"product_brand":[],"product_cat":[16683,7229],"product_tag":[],"class_list":{"0":"post-34434","1":"product","2":"type-product","3":"status-publish","4":"has-post-thumbnail","6":"product_cat-musica-oc","7":"product_cat-novela-tradicion-oc","8":"pa_auteur-collectiu-oc-2","9":"pa_editeur-amtp-quercy-oc","10":"pa_langue-occitan-oc","11":"pa_langue-occitan-lengadocian-oc","12":"entry","14":"first","15":"outofstock","16":"shipping-taxable","17":"purchasable","18":"product-type-simple"},"acf":[],"_links":{"self":[{"href":"https:\/\/www.libraria-occitana.org\/oc\/wp-json\/wp\/v2\/product\/34434","targetHints":{"allow":["GET"]}}],"collection":[{"href":"https:\/\/www.libraria-occitana.org\/oc\/wp-json\/wp\/v2\/product"}],"about":[{"href":"https:\/\/www.libraria-occitana.org\/oc\/wp-json\/wp\/v2\/types\/product"}],"wp:featuredmedia":[{"embeddable":true,"href":"https:\/\/www.libraria-occitana.org\/oc\/wp-json\/wp\/v2\/media\/38572"}],"wp:attachment":[{"href":"https:\/\/www.libraria-occitana.org\/oc\/wp-json\/wp\/v2\/media?parent=34434"}],"wp:term":[{"taxonomy":"product_brand","embeddable":true,"href":"https:\/\/www.libraria-occitana.org\/oc\/wp-json\/wp\/v2\/product_brand?post=34434"},{"taxonomy":"product_cat","embeddable":true,"href":"https:\/\/www.libraria-occitana.org\/oc\/wp-json\/wp\/v2\/product_cat?post=34434"},{"taxonomy":"product_tag","embeddable":true,"href":"https:\/\/www.libraria-occitana.org\/oc\/wp-json\/wp\/v2\/product_tag?post=34434"}],"curies":[{"name":"wp","href":"https:\/\/api.w.org\/{rel}","templated":true}]}}