{"id":34522,"date":"2026-08-31T16:27:42","date_gmt":"2026-08-31T14:27:42","guid":{"rendered":"http:\/\/www.libraria-occitana.org\/?post_type=product&#038;p=34522\/"},"modified":"2026-08-31T16:27:46","modified_gmt":"2026-08-31T14:27:46","slug":"confreries-et-confreres-en-limousin-du-moyen-age-a-nos-jours","status":"publish","type":"product","link":"https:\/\/www.libraria-occitana.org\/oc\/produch\/confreries-et-confreres-en-limousin-du-moyen-age-a-nos-jours\/","title":{"rendered":"CONFRERIES ET CONFRERES EN LIMOUSIN &#8211; DU MOYEN AGE A NOS JOURS"},"content":{"rendered":"<p style=\"margin:0;\"><span style=\"font-family:'Times New Roman';font-size:12pt;\">Les confr\u00e9ries religieuses, associations fraternelles de la\u00efcs, ont connu un grand succ\u00e8s en Limousin depuis le XIIe si\u00e8cle, puisqu&#8217;elles se sont compt\u00e9es par centaines en Haute-Vienne, Creuse, Corr\u00e8ze ainsi que dans le Confolentais et le Nontronnais qui appartenaient au dioc\u00e8se de Limoges jusqu&#8217;\u00e0 la R\u00e9volution. Aujourd&#8217;hui charg\u00e9es de la garde des reliques et de la diffusion du culte des saints r\u00e9gionaux, elles sont surtout connues du grand public pour l&#8217;organisation des grandes Ostensions, qui ont lieu tous les sept ans. A ce titre, elles font partie int\u00e9grante du coeur de l&#8217;identit\u00e9 limousine.<br \/>Depuis quelques ann\u00e9es, les historiens red\u00e9couvrent l&#8217;importance que ces soci\u00e9t\u00e9s fraternelles ont prise dans la soci\u00e9t\u00e9 m\u00e9di\u00e9vale, particuli\u00e8rement entre le XIIIe et le XVIe si\u00e8cle, o\u00f9 l&#8217;homme seul n&#8217;avait pas de place. Par ailleurs, les grandes transformations sociales et religieuses observ\u00e9es en Limousin comme dans toute l&#8217;Europe occidentale du XIIe au XXe si\u00e8cle ont sans doute conditionn\u00e9 les \u00e9volutions des missions remplies par les confr\u00e9ries ansi que leur recrutement et leur spiritualit\u00e9. D\u00e8s lors, il est n\u00e9cessaire de d\u00e9passer l&#8217;imagerie folkloris\u00e9e \u00e0 laquelle renvoient les confr\u00e9ries limousines pour s&#8217;int\u00e9resser de pr\u00e8s aux sources \u00e0 partir desquelles peut s&#8217;\u00e9crire leur histoire du Moyen Age \u00e0 nos jours.<br \/>Dans cet ouvrage, tous les questionnements de la recherche actuelle sont abord\u00e9s : la place occup\u00e9e par les confr\u00e9ries dans la sociabilit\u00e9 limousine, \u00e0 c\u00f4t\u00e9 des autres r\u00e9seaux que sont la paroisse, les communaut\u00e9s de pr\u00eatres et les ordres religieux ; les conditions qui ont pr\u00e9sid\u00e9 \u00e0 leur naissance et \u00e0 leur d\u00e9veloppement \u00e0 partir du XIIe si\u00e8cle ; leurs diff\u00e9rentes missions, leur fonctionnement, leur recrutement, leur patrimoine mobilier et la commande d&#8217;objets d&#8217;art dont ils ont l&#8217;initiative avant et apr\u00e8s la R\u00e9volution.<\/p>\n<p>Au sommaire&#8230;<\/p>\n<p>PREMIERE PARTIE : Regard d&#8217;ensemble sur les confr\u00e9ries limousines Les confr\u00e9ries limousines <wbr>(XIIe-XXIe s.) : famili\u00e8res ou m\u00e9connues ? Les sources publiques et priv\u00e9es sur les confr\u00e9ries limousines <wbr>(XIIe-XXIe s.) : typologie, apports et perspectives Le mouvement confr\u00e9rial en Limousin du XIVe au XXe s.<br \/>DEUXIEME PARTIE : Etudes de cas Les confr\u00e9ries \u00e0 Limoges \u00e0 la fin du Moyen Age <wbr>(XIIIe-XVe s.) Coutumes particuli\u00e8res \u00e0 quelques confr\u00e9ries limousines du XVIe au XVIIIes. Le Martyre de sainte Val\u00e9rie d&#8217;Yvernaud Baroque et confr\u00e9ries religieuses \u00e0 Limoges en 1669 Indications bibliographiques compl\u00e9mentaires La confr\u00e9rie Saint-Aur\u00e9lien aux risques de la ville de Limoges <wbr>(XVIe-XXIe si\u00e8cles) La Grande Confr\u00e9rie de Saint Martial au XIXe si\u00e8cle Le mobilier de la Confr\u00e9rie du Saint-Sacrement de l&#8217;\u00e9glise Saint-Pierre-du-Queyroix \u00e0 Limoges d&#8217;apr\u00e8s son livre de comptes enlumin\u00e9 <wbr>(1551-1691) Panonceaux des confr\u00e9ries de la Haute-Vienne<br \/>TROISIEME PARTIE : Regards actuels Les confr\u00e9ries de saints : un point de vue th\u00e9ologique Tradition fait vie : les confr\u00e9ries limousines aujourd&#8217;hui Confr\u00e9rie de Saint-Aur\u00e9lien Confr\u00e9rie de Saint-C\u00f4me et Saint-Damien Confr\u00e9rie de Saint-\u00c9loi Confr\u00e9rie de Saint-\u00c9tienne Confr\u00e9rie de Saint-Isra\u00ebl et Saint-Th\u00e9obald Confr\u00e9rie de Saint-L\u00e9onard Confr\u00e9rie de Saint-Loup Confr\u00e9rie des Saints Lucius et Emerite Grande Confr\u00e9rie de Saint-Martial Confr\u00e9rie de Saint-Maximin Confr\u00e9rie des Porteurs de la ch\u00e2sse de saint Martial Confr\u00e9rie de Sainte-Val\u00e9rie ANNEXES R\u00e9pertoire des confr\u00e9ries de l&#8217;ancien dioc\u00e8se de Limoges, XIIe-XXIe si\u00e8cles<\/p>\n<p>Autor : Capot, St\u00e9phane ; Hollander, Paul d&#8217; ; Collectiu<br \/>Linga : Franc\u00e9s<br \/>Parucion : 02\/2009<br \/>Editor : PU Limoges<br \/>Nb de pajas : 208<br \/>Format : 15,5 x 24 cm<br \/>P\u00e9s : 358 g<br \/>EAN 13 : 9782842874643<\/p>\n<p><\/span><\/p>\n","protected":false},"excerpt":{"rendered":"<p>Les confr\u00e9ries religieuses, associations fraternelles de la\u00efcs, ont connu un grand succ\u00e8s en Limousin depuis le XIIe si\u00e8cle, puisqu&#8217;elles se sont compt\u00e9es par centaines en Haute-Vienne, Creuse, Corr\u00e8ze ainsi que dans le Confolentais et le Nontronnais qui appartenaient au dioc\u00e8se de Limoges jusqu&#8217;\u00e0 la R\u00e9volution. Aujourd&#8217;hui charg\u00e9es de la garde des reliques et de la [&hellip;]<\/p>\n","protected":false},"featured_media":0,"template":"","meta":{"_acf_changed":false,"_genesis_hide_title":false,"_genesis_hide_breadcrumbs":false,"_genesis_hide_singular_image":false,"_genesis_hide_footer_widgets":false,"_genesis_custom_body_class":"","_genesis_custom_post_class":"","_genesis_layout":""},"product_brand":[],"product_cat":[7157,7149,7133,16136],"product_tag":[],"class_list":["post-34522","product","type-product","status-publish","product_cat-istoria-generala-oc","product_cat-istoria-geografia-oc","product_cat-libres-oc","product_cat-non-classe-oc","pa_auteur-collectiu-oc-2","entry","first","instock","purchasable","product-type-simple"],"acf":[],"_links":{"self":[{"href":"https:\/\/www.libraria-occitana.org\/oc\/wp-json\/wp\/v2\/product\/34522","targetHints":{"allow":["GET"]}}],"collection":[{"href":"https:\/\/www.libraria-occitana.org\/oc\/wp-json\/wp\/v2\/product"}],"about":[{"href":"https:\/\/www.libraria-occitana.org\/oc\/wp-json\/wp\/v2\/types\/product"}],"wp:attachment":[{"href":"https:\/\/www.libraria-occitana.org\/oc\/wp-json\/wp\/v2\/media?parent=34522"}],"wp:term":[{"taxonomy":"product_brand","embeddable":true,"href":"https:\/\/www.libraria-occitana.org\/oc\/wp-json\/wp\/v2\/product_brand?post=34522"},{"taxonomy":"product_cat","embeddable":true,"href":"https:\/\/www.libraria-occitana.org\/oc\/wp-json\/wp\/v2\/product_cat?post=34522"},{"taxonomy":"product_tag","embeddable":true,"href":"https:\/\/www.libraria-occitana.org\/oc\/wp-json\/wp\/v2\/product_tag?post=34522"}],"curies":[{"name":"wp","href":"https:\/\/api.w.org\/{rel}","templated":true}]}}