{"id":34584,"date":"2009-10-18T19:39:34","date_gmt":"2009-10-18T17:39:34","guid":{"rendered":"http:\/\/www.libraria-occitana.org\/?post_type=product&#038;p=34584\/"},"modified":"2026-04-28T20:21:52","modified_gmt":"2026-04-28T18:21:52","slug":"cathares-la-croisade-episode-i-1209-dvd-libre-cd","status":"publish","type":"product","link":"https:\/\/www.libraria-occitana.org\/oc\/produch\/cathares-la-croisade-episode-i-1209-dvd-libre-cd\/","title":{"rendered":"Cathares : La Croisade \u00c9pisode I &#8211; 1209 (DVD + libre + CD)"},"content":{"rendered":"<p><strong>D\u00e9couvrez la v\u00e9ritable histoire des cathares<\/strong><\/p>\n<p>Ce spectacle \u00e9v\u00e9nement, jou\u00e9 dans le cadre f\u00e9erique de la Cit\u00e9 m\u00e9di\u00e9vale de Carcassonne, retrace la Croisade contre les Albigeois. Revivez l&#8217;Appel \u00e0 la Croisade, le Massacre de B\u00e9ziers, le Si\u00e8ge de Carcassonne, les rites cathares\u2026 comme les ont v\u00e9cus les populations languedociennes du XIII\u00e8me si\u00e8cle. Vibrez au son des musiques envo\u00fbtantes du Groupe OC et p\u00e9n\u00e9trez dans les couloirs de l&#8217;histoire occitane.<\/p>\n<p>22 juillet 1209 : B\u00e9ziers, ravag\u00e9 par les flammes, est le th\u00e9\u00e2tre d&#8217;un massacre d&#8217;une violence inou\u00efe. Les crois\u00e9s, lev\u00e9s par le pape Innocent III pour venir \u00e0 bout de la foi cathare qui essaime dans les principaut\u00e9s du sud de l&#8217;actuelle France, ont pris la cit\u00e9. D&#8217;autres tomberont \u00e0 leur tour. Tel est le cadre du dernier spectacle du Groupe OC donn\u00e9 en ao\u00fbt 2009 dans le grand th\u00e9\u00e2tre de la Cit\u00e9 de Carcassonne devant plus de 25 000 spectateurs. Film\u00e9e en HD avec un son 5.1 DTS, cette repr\u00e9sentation nous plonge huit si\u00e8cles en arri\u00e8re et nous donne les cl\u00e9s pour comprendre ce que fut la Croisade, dramatique \u00e9pisode de l&#8217;Histoire occitane.<\/p>\n<p><strong>Titres :<br \/>\n<\/strong>1. Introduction 1&#8217;26<br \/>\n2. Appel \u00e0 la Croisade 2&#8217;47<br \/>\n3. Massacre de B\u00e9ziers 6&#8217;03<br \/>\n4. Pensamen 5&#8217;56<br \/>\n5. Paratge 1&#8217;08<br \/>\n6. Trobadors 4&#8217;05<br \/>\n7. Luna patarina 4&#8217;58<br \/>\n8. Les cathares 1&#8217;01<br \/>\n9. Discussions cathares 2&#8217;49<br \/>\n10. Davant Dius 2&#8217;22<br \/>\n11. L&#8217;eretge 4&#8217;07<br \/>\n12. Si\u00e8ge de Carcassonne 5&#8217;48<br \/>\n13. Carcassona 1&#8217;39<br \/>\n14. Trencavel 1&#8217;17<br \/>\n15. Aimeric 6&#8217;04<br \/>\n16. Se canta 3&#8217;43<br \/>\n17. Flamenca 7&#8217;56<\/p>\n","protected":false},"excerpt":{"rendered":"<p>D\u00e9couvrez la v\u00e9ritable histoire des cathares Ce spectacle \u00e9v\u00e9nement, jou\u00e9 dans le cadre f\u00e9erique de la Cit\u00e9 m\u00e9di\u00e9vale de Carcassonne, retrace la Croisade contre les Albigeois. Revivez l&#8217;Appel \u00e0 la Croisade, le Massacre de B\u00e9ziers, le Si\u00e8ge de Carcassonne, les rites cathares\u2026 comme les ont v\u00e9cus les populations languedociennes du XIII\u00e8me si\u00e8cle. Vibrez au son [&hellip;]<\/p>\n","protected":false},"featured_media":42824,"template":"","meta":{"_acf_changed":false,"_genesis_hide_title":false,"_genesis_hide_breadcrumbs":false,"_genesis_hide_singular_image":false,"_genesis_hide_footer_widgets":false,"_genesis_custom_body_class":"","_genesis_custom_post_class":"","_genesis_layout":""},"product_brand":[],"product_cat":[7248,7240],"product_tag":[],"class_list":{"0":"post-34584","1":"product","2":"type-product","3":"status-publish","4":"has-post-thumbnail","6":"product_cat-musica-literatura-oc","7":"product_cat-video-oc","8":"pa_auteur-oc-2-oc","9":"pa_editeur-cs-prod-oc","10":"pa_langue-autras-lingas-oc","11":"pa_langue-occitan-oc","12":"pa_langue-occitan-lengadocian-oc","13":"entry","15":"first","16":"outofstock","17":"shipping-taxable","18":"purchasable","19":"product-type-simple"},"acf":[],"_links":{"self":[{"href":"https:\/\/www.libraria-occitana.org\/oc\/wp-json\/wp\/v2\/product\/34584","targetHints":{"allow":["GET"]}}],"collection":[{"href":"https:\/\/www.libraria-occitana.org\/oc\/wp-json\/wp\/v2\/product"}],"about":[{"href":"https:\/\/www.libraria-occitana.org\/oc\/wp-json\/wp\/v2\/types\/product"}],"wp:featuredmedia":[{"embeddable":true,"href":"https:\/\/www.libraria-occitana.org\/oc\/wp-json\/wp\/v2\/media\/42824"}],"wp:attachment":[{"href":"https:\/\/www.libraria-occitana.org\/oc\/wp-json\/wp\/v2\/media?parent=34584"}],"wp:term":[{"taxonomy":"product_brand","embeddable":true,"href":"https:\/\/www.libraria-occitana.org\/oc\/wp-json\/wp\/v2\/product_brand?post=34584"},{"taxonomy":"product_cat","embeddable":true,"href":"https:\/\/www.libraria-occitana.org\/oc\/wp-json\/wp\/v2\/product_cat?post=34584"},{"taxonomy":"product_tag","embeddable":true,"href":"https:\/\/www.libraria-occitana.org\/oc\/wp-json\/wp\/v2\/product_tag?post=34584"}],"curies":[{"name":"wp","href":"https:\/\/api.w.org\/{rel}","templated":true}]}}