{"id":35314,"date":"2008-07-09T14:16:59","date_gmt":"2008-07-09T12:16:59","guid":{"rendered":"http:\/\/www.libraria-occitana.org\/?post_type=product&#038;p=35314\/"},"modified":"2026-04-27T06:56:06","modified_gmt":"2026-04-27T04:56:06","slug":"le-pays-de-seilhac-atlas-sonore-limousin-chants-contes-et-recits-libre-cd","status":"publish","type":"product","link":"https:\/\/www.libraria-occitana.org\/oc\/produch\/le-pays-de-seilhac-atlas-sonore-limousin-chants-contes-et-recits-libre-cd\/","title":{"rendered":"Le Pays de Seilhac, Atlas sonore &#8211; Limousin : Chants, contes et r\u00e9cits (libre + CD)"},"content":{"rendered":"<p>Le pays de Seilhac, petit territoire de demi-montagne entre prairies grasses et for\u00eats de ch\u00e2taigniers est un pays de traditions et d\u2019identit\u00e9s marqu\u00e9es.<\/p>\n<p>Chanter, raconter, t\u00e9moigner, \u00ab batailler \u00bb restent encore aujourd\u2019hui un des plaisirs de l\u2019entre soi et du \u00ab bian viure al pa\u00efs \u00bb. Au travers de cet atlas sonore, c\u2019est cette faconde, ces souvenirs, o\u00f9 l\u00e9gendes et r\u00e9alit\u00e9s s\u2019entrem\u00ealent jusqu\u2019\u00e0 plus soif, que le Centre R\u00e9gional des Musiques Traditionnelles en Limousin a voulu donner \u00e0 comprendre et d\u2019abord \u00e0 entendre \u00e0 ceux qui connaissent bien ce pays comme \u00e0 ceux qui souhaitent le d\u00e9couvrir.<\/p>\n<p><strong>Enqu\u00eates (1997-2007) :<\/strong> Pierre Chaumeil, Dominique Decomps, Jean-Louis Dupuy, Olivier Durif (CRMTL) et Marion Lherbeil (CRMTL)<br \/>\n<strong>Transcription et r\u00e9daction des textes :<\/strong> Dominique Decomps, Olivier Durif (CRMTL) et Marion Lherbeil (CRMTL)<br \/>\n<strong>Traductions occitan-fran\u00e7ais :<\/strong> Dominique Decomps<\/p>\n<p><strong>Titres CD :<\/strong><br \/>\n1. La chanson des mois : janvier-f\u00e9vrier (chant : Henri Martinie) 1&#8217;05<br \/>\n2. Le Carnaval (r\u00e9cit : Marie-Louise Gaumy) 1&#8217;25<br \/>\n3. Les bourr\u00e9es (chant : Marie-Louise Gaumy) 0&#8217;32<br \/>\n4. Les r\u00e9veillez (r\u00e9cit : Marie-Louise Gaumy) 1&#8217;32<br \/>\n5. La chanson des mois : mars-avril (chant : Henri Martinie) 0&#8217;58<br \/>\n6. L\u2019autre jour me permenava (chant : Louis \u201cZ\u00e9z\u00e9\u201d Doulcet) 2&#8217;04<br \/>\n7. Les scieurs de long (r\u00e9cit : Louis \u201cZ\u00e9z\u00e9\u201d Doulcet et Paul Bordes) 6&#8217;20<br \/>\n8. Le caf\u00e9 glandou (r\u00e9cit : Louis \u201cZ\u00e9z\u00e9\u201d Doulcet et Paul Bordes) 3&#8217;27<br \/>\n9. Les \u0153ufs de mules (conte : Louis \u201cZ\u00e9z\u00e9\u201d Doulcet) 4&#8217;04<br \/>\n10. La chanson des mois : mai-juin (chant : Henri Martinie) 0&#8217;58<br \/>\n11. Les campagnes du Cantal (r\u00e9cit : Jean Charbonnel) 8&#8217;35<br \/>\n12. Per lo champ quand tu te\u2019n vas (chant : Marie-Louise Gaumy) 2&#8217;04<br \/>\n13. Le petit pr\u00e9 du bord de l\u2019eau (po\u00e8me : Jean Charbonnel) 1&#8217;12<br \/>\n14. Les bourr\u00e9es (chant : Ren\u00e9 Hospital et Marcel Pinet) 2&#8217;04<br \/>\n15. Dr\u00f2llas nos ne\u2019n chau \u2018nar (chant : Ren\u00e9 Hospital et Marcel Pinet) 1&#8217;49<br \/>\n16. A Seilhac le petit bourg (chant : Ren\u00e9 Hospital et Marcel Pinet) 1&#8217;19<br \/>\n17. Quand Christophe va au march\u00e9 (chant : Marcel Pinet) 1&#8217;34<br \/>\n18. \u00c7ai son venguts los gar\u00e7ons d\u2019a Neuviala (chant : Ren\u00e9 Hospital et Marcel Pinet) 1&#8217;57<br \/>\n19. Maridatz-vos la Mieta (chant : Marcel Pinet) 2&#8217;12<br \/>\n20. La chanson des mois : juillet-ao\u00fbt (chant : Henri Martinie) 0&#8217;55<br \/>\n21. La foire (r\u00e9cit : Henri Chaverot) 1&#8217;33<br \/>\n22. La bosse du m\u00e9tier (r\u00e9cit : Henri Chaverot) 0&#8217;52<br \/>\n23. Les b\u00eates (r\u00e9cit : L\u00e9onard Masdupuy) 1&#8217;12<br \/>\n24. L\u2019appel des b\u00eates (r\u00e9cit : L\u00e9onard Masdupuy) 1&#8217;28<br \/>\n25. \u00c9table de Robert et Solange P\u00e9lissier (ambiance sonore) 1&#8217;24<br \/>\n26. La chanson des mois : septembre-octobre (chant : Henri Martinie) 0&#8217;58<br \/>\n27. Le Moulin de Vimbelle (r\u00e9cit : Daniel Farges) 4&#8217;21<br \/>\n28. Permets-moi belle meuni\u00e8re (chant : Marie-Louise Gaumy) 1&#8217;14<br \/>\n29. Le Moulin suite (r\u00e9cit : Daniel Farges) 2&#8217;40<br \/>\n30. Sur la route du Lonzac (Mme Jeanne Jarrige) 1&#8217;02<br \/>\n31. La Merlata e lo rainard (conte : Fernand D\u00e9saguiller) 5&#8217;31<br \/>\n32. Dedans mon jardin (chant : Mme Jeanne Jarrige) 2&#8217;25<br \/>\n33. Les Italiens (r\u00e9cit : \u00c9lise Masdupuy) 0&#8217;38<br \/>\n34. La chanson des mois : novembre-d\u00e9cembre (chant : Henri Martinie) 0&#8217;57<\/p>\n","protected":false},"excerpt":{"rendered":"<p>Le pays de Seilhac, petit territoire de demi-montagne entre prairies grasses et for\u00eats de ch\u00e2taigniers est un pays de traditions et d\u2019identit\u00e9s marqu\u00e9es. Chanter, raconter, t\u00e9moigner, \u00ab batailler \u00bb restent encore aujourd\u2019hui un des plaisirs de l\u2019entre soi et du \u00ab bian viure al pa\u00efs \u00bb. Au travers de cet atlas sonore, c\u2019est cette faconde, [&hellip;]<\/p>\n","protected":false},"featured_media":51720,"template":"","meta":{"_acf_changed":false,"_genesis_hide_title":false,"_genesis_hide_breadcrumbs":false,"_genesis_hide_singular_image":false,"_genesis_hide_footer_widgets":false,"_genesis_custom_body_class":"","_genesis_custom_post_class":"","_genesis_layout":""},"product_brand":[],"product_cat":[7195,7133,7191],"product_tag":[],"class_list":{"0":"post-35314","1":"product","2":"type-product","3":"status-publish","4":"has-post-thumbnail","6":"product_cat-estudis-oc","7":"product_cat-libres-oc","8":"product_cat-musica-danca-oc","9":"pa_auteur-collectiu-oc-2","10":"pa_editeur-crmtl-fr-oc","11":"pa_langue-francais-oc","12":"pa_langue-occitan-lemosin-oc","13":"pa_langue-occitan-francais-oc","14":"entry","16":"first","17":"instock","18":"shipping-taxable","19":"purchasable","20":"product-type-simple"},"acf":[],"_links":{"self":[{"href":"https:\/\/www.libraria-occitana.org\/oc\/wp-json\/wp\/v2\/product\/35314","targetHints":{"allow":["GET"]}}],"collection":[{"href":"https:\/\/www.libraria-occitana.org\/oc\/wp-json\/wp\/v2\/product"}],"about":[{"href":"https:\/\/www.libraria-occitana.org\/oc\/wp-json\/wp\/v2\/types\/product"}],"wp:featuredmedia":[{"embeddable":true,"href":"https:\/\/www.libraria-occitana.org\/oc\/wp-json\/wp\/v2\/media\/51720"}],"wp:attachment":[{"href":"https:\/\/www.libraria-occitana.org\/oc\/wp-json\/wp\/v2\/media?parent=35314"}],"wp:term":[{"taxonomy":"product_brand","embeddable":true,"href":"https:\/\/www.libraria-occitana.org\/oc\/wp-json\/wp\/v2\/product_brand?post=35314"},{"taxonomy":"product_cat","embeddable":true,"href":"https:\/\/www.libraria-occitana.org\/oc\/wp-json\/wp\/v2\/product_cat?post=35314"},{"taxonomy":"product_tag","embeddable":true,"href":"https:\/\/www.libraria-occitana.org\/oc\/wp-json\/wp\/v2\/product_tag?post=35314"}],"curies":[{"name":"wp","href":"https:\/\/api.w.org\/{rel}","templated":true}]}}