{"id":35422,"date":"2000-02-12T15:43:23","date_gmt":"2000-02-12T14:43:23","guid":{"rendered":"http:\/\/www.libraria-occitana.org\/?post_type=product&#038;p=35422\/"},"modified":"2026-04-29T10:39:38","modified_gmt":"2026-04-29T08:39:38","slug":"gramatica-occitana-segon-los-parlars-lengadocians","status":"publish","type":"product","link":"https:\/\/www.libraria-occitana.org\/oc\/produch\/gramatica-occitana-segon-los-parlars-lengadocians\/","title":{"rendered":"Gramatica occitana segon los parlars lengadocians"},"content":{"rendered":"<p>Publi\u00e9e pour la premi\u00e8re fois en 1935, cette grammaire constitue la base de la norme dite \u00ab classique \u00bb de l\u2019occitan, qui vise \u00e0 d\u00e9passer les multiples graphies alors dominantes, en proposant une conception normative unifi\u00e9e de la langue d\u2019oc. Elle fut compl\u00e9t\u00e9e par le <a href=\"http:\/\/www.libraria-occitana.org\/produit\/dictionnaire-occitan-francais-selon-les-parlers-languedociens\/\"><em>Dictionnaire occitan-fran\u00e7ais<\/em><\/a> du m\u00eame auteur, publi\u00e9 \u00e0 titre posthume en 1966.<\/p>\n<p>L\u2019ouvrage constitue une base incontournable du mouvement occitaniste contemporain. En se basant sur la graphie m\u00e9di\u00e9vale pour d\u00e9passer la profusion dialectale, la grammaire d\u2019Alibert propose un code graphique flexible pour le dialecte languedocien, qu\u2019il souhaitait adaptable aux autres dialectes de la langue.<\/p>\n<p>Cet ouvrage constitue la base de la plupart des travaux de normalisation ult\u00e9rieurs de la langue occitane, notamment ceux promus par l\u2019Institut d\u2019\u00e9tudes occitanes et le Conseil de la langue occitane.<\/p>\n","protected":false},"excerpt":{"rendered":"<p>Publi\u00e9e pour la premi\u00e8re fois en 1935, cette grammaire constitue la base de la norme dite \u00ab classique \u00bb de l\u2019occitan, qui vise \u00e0 d\u00e9passer les multiples graphies alors dominantes, en proposant une conception normative unifi\u00e9e de la langue d\u2019oc. Elle fut compl\u00e9t\u00e9e par le Dictionnaire occitan-fran\u00e7ais du m\u00eame auteur, publi\u00e9 \u00e0 titre posthume en [&hellip;]<\/p>\n","protected":false},"featured_media":53707,"template":"","meta":{"_acf_changed":false,"_genesis_hide_title":false,"_genesis_hide_breadcrumbs":false,"_genesis_hide_singular_image":false,"_genesis_hide_footer_widgets":false,"_genesis_custom_body_class":"","_genesis_custom_post_class":"","_genesis_layout":""},"product_brand":[],"product_cat":[7139,7137,7133],"product_tag":[],"class_list":{"0":"post-35422","1":"product","2":"type-product","3":"status-publish","4":"has-post-thumbnail","6":"product_cat-diccionaris-gramaticas-oc","7":"product_cat-diccionaris-lenga-escolar-oc","8":"product_cat-libres-oc","9":"pa_auteur-alibert-lois-oc","10":"pa_editeur-iec-oc","11":"pa_editeur-ieo-fr-oc","12":"pa_langue-occitan-oc","13":"pa_langue-occitan-lengadocian-oc","14":"entry","16":"first","17":"instock","18":"shipping-taxable","19":"purchasable","20":"product-type-simple"},"acf":[],"_links":{"self":[{"href":"https:\/\/www.libraria-occitana.org\/oc\/wp-json\/wp\/v2\/product\/35422","targetHints":{"allow":["GET"]}}],"collection":[{"href":"https:\/\/www.libraria-occitana.org\/oc\/wp-json\/wp\/v2\/product"}],"about":[{"href":"https:\/\/www.libraria-occitana.org\/oc\/wp-json\/wp\/v2\/types\/product"}],"wp:featuredmedia":[{"embeddable":true,"href":"https:\/\/www.libraria-occitana.org\/oc\/wp-json\/wp\/v2\/media\/53707"}],"wp:attachment":[{"href":"https:\/\/www.libraria-occitana.org\/oc\/wp-json\/wp\/v2\/media?parent=35422"}],"wp:term":[{"taxonomy":"product_brand","embeddable":true,"href":"https:\/\/www.libraria-occitana.org\/oc\/wp-json\/wp\/v2\/product_brand?post=35422"},{"taxonomy":"product_cat","embeddable":true,"href":"https:\/\/www.libraria-occitana.org\/oc\/wp-json\/wp\/v2\/product_cat?post=35422"},{"taxonomy":"product_tag","embeddable":true,"href":"https:\/\/www.libraria-occitana.org\/oc\/wp-json\/wp\/v2\/product_tag?post=35422"}],"curies":[{"name":"wp","href":"https:\/\/api.w.org\/{rel}","templated":true}]}}