{"id":35797,"date":"2015-01-27T16:38:47","date_gmt":"2015-01-27T15:38:47","guid":{"rendered":"http:\/\/www.libraria-occitana.org\/?post_type=product&#038;p=35797\/"},"modified":"2026-04-29T00:46:33","modified_gmt":"2026-04-28T22:46:33","slug":"lo-vespre-es-roge-aurem-bel-temps-le-soir-est-rouge-nous-aurons-beau-temps","status":"publish","type":"product","link":"https:\/\/www.libraria-occitana.org\/oc\/produch\/lo-vespre-es-roge-aurem-bel-temps-le-soir-est-rouge-nous-aurons-beau-temps\/","title":{"rendered":"Lo v\u00e8spre es roge, aurem b\u00e8l temps &#8211; Le soir est rouge, nous aurons beau temps"},"content":{"rendered":"<p>Mai coneguda al jorn de u\u00e8i coma escrivana d\u2019\u00f2bras liter\u00e0rias francesas, Maria Roanet a escrichas tanben f\u00f2r\u00e7a can\u00e7ons en occitan. De la siuna experi\u00e9ncia de cantaira, sap lo plaser del cant e la f\u00f2r\u00e7a de la can\u00e7on, al del\u00e0 d\u2019una simplicitat d\u2019apar\u00e9ncia. Dins aqueste libre, n\u2019a volgut ligar una garba per ofrir al monde un plenponh de paraulas de las si\u00e1s can\u00e7ons, las unas amistosas o gaujosas, las autras f\u00f2rtas o portairas d\u2019indignacions.<\/p>\n<p>Fotografia de cob\u00e8rta de Jean-Pol Stercq.<\/p>\n","protected":false},"excerpt":{"rendered":"<p>Mai coneguda al jorn de u\u00e8i coma escrivana d\u2019\u00f2bras liter\u00e0rias francesas, Maria Roanet a escrichas tanben f\u00f2r\u00e7a can\u00e7ons en occitan. De la siuna experi\u00e9ncia de cantaira, sap lo plaser del cant e la f\u00f2r\u00e7a de la can\u00e7on, al del\u00e0 d\u2019una simplicitat d\u2019apar\u00e9ncia. Dins aqueste libre, n\u2019a volgut ligar una garba per ofrir al monde un [&hellip;]<\/p>\n","protected":false},"featured_media":55155,"template":"","meta":{"_acf_changed":false,"_genesis_hide_title":false,"_genesis_hide_breadcrumbs":false,"_genesis_hide_singular_image":false,"_genesis_hide_footer_widgets":false,"_genesis_custom_body_class":"","_genesis_custom_post_class":"","_genesis_layout":""},"product_brand":[],"product_cat":[7133,7191,7193],"product_tag":[],"class_list":{"0":"post-35797","1":"product","2":"type-product","3":"status-publish","4":"has-post-thumbnail","6":"product_cat-libres-oc","7":"product_cat-musica-danca-oc","8":"product_cat-particions-paraulas-de-chancons-oc","9":"pa_auteur-roanet-maria-oc","10":"pa_editeur-letras-doc-oc","11":"pa_langue-occitan-lengadocian-oc","12":"pa_langue-occitan-francais-oc","13":"entry","15":"first","16":"instock","17":"shipping-taxable","18":"purchasable","19":"product-type-simple"},"acf":[],"_links":{"self":[{"href":"https:\/\/www.libraria-occitana.org\/oc\/wp-json\/wp\/v2\/product\/35797","targetHints":{"allow":["GET"]}}],"collection":[{"href":"https:\/\/www.libraria-occitana.org\/oc\/wp-json\/wp\/v2\/product"}],"about":[{"href":"https:\/\/www.libraria-occitana.org\/oc\/wp-json\/wp\/v2\/types\/product"}],"wp:featuredmedia":[{"embeddable":true,"href":"https:\/\/www.libraria-occitana.org\/oc\/wp-json\/wp\/v2\/media\/55155"}],"wp:attachment":[{"href":"https:\/\/www.libraria-occitana.org\/oc\/wp-json\/wp\/v2\/media?parent=35797"}],"wp:term":[{"taxonomy":"product_brand","embeddable":true,"href":"https:\/\/www.libraria-occitana.org\/oc\/wp-json\/wp\/v2\/product_brand?post=35797"},{"taxonomy":"product_cat","embeddable":true,"href":"https:\/\/www.libraria-occitana.org\/oc\/wp-json\/wp\/v2\/product_cat?post=35797"},{"taxonomy":"product_tag","embeddable":true,"href":"https:\/\/www.libraria-occitana.org\/oc\/wp-json\/wp\/v2\/product_tag?post=35797"}],"curies":[{"name":"wp","href":"https:\/\/api.w.org\/{rel}","templated":true}]}}