{"id":38235,"date":"2018-03-13T09:35:57","date_gmt":"2018-03-13T08:35:57","guid":{"rendered":"http:\/\/www.libraria-occitana.org\/product\/per-ma-fe-cronicas-e-autres-textes-dau-pais-dins-sa-linga-libre-cd\/"},"modified":"2026-04-29T01:11:35","modified_gmt":"2026-04-28T23:11:35","slug":"per-ma-fe-cronicas-e-autres-textes-dau-pais-dins-sa-linga-libre-cd","status":"publish","type":"product","link":"https:\/\/www.libraria-occitana.org\/oc\/produch\/per-ma-fe-cronicas-e-autres-textes-dau-pais-dins-sa-linga-libre-cd\/","title":{"rendered":"Per ma fe : Cronicas e autres textes dau pa\u00eds dins sa linga (libre + CD)"},"content":{"rendered":"<p>Jean-Pierre Reydy a \u00e9crit ces textes dans sa langue, la langue d&#8217;oc (parler nontronnais), ce qui n&#8217;est peut-\u00eatre pas d&#8217;un moindre int\u00e9r\u00eat. L&#8217;auteur sait que tous ne se passionneront pas au m\u00eame degr\u00e9 pour l&#8217;\u00e9tude des caract\u00e8res originaux du\u00a0\u00ab parler en \u00e8 \u00bb et que certains n&#8217;accepteront qu&#8217;en partie sa d\u00e9testation de tout ce qui s\u00e9pare les hommes ou les culpabilise pour mieux les exploiter. Mais on trouvera sans doute int\u00e9ressante sa mani\u00e8re d&#8217;\u00e9voquer la politique ext\u00e9rieure de la Russie, le Brexit, la derni\u00e8re \u00e9lection pr\u00e9sidentielle ou les tensions ethniques dans le sud des \u00c9tats-Unis. Son regard sur la vie des citadins ou les probl\u00e8mes de tuyauterie des hommes \u00e2g\u00e9s peut faire sourire. Et ceux qui, comme lui autrefois, ont r\u00eavass\u00e9, assis sur le si\u00e8ge de la faucheuse dans une cour de ferme, qui ont gard\u00e9 les vaches et connu le travail\u00a0\u00ab \u00e0 la batteuse \u00bb, comprendront sans doute les sentiments contradictoires que lui inspirent les transformations subies par\u00a0\u00ab le pays \u00bb.<\/p>\n<p>La plupart des textes et chroniques du pr\u00e9sent recueil ont \u00e9t\u00e9 publi\u00e9s de 2013 \u00e0 2017 sur les blogs <em>Rubrica en \u00d2c<\/em> (Sud-Ouest) et <em>La Vita en\u00a0\u00d2c<\/em> (La Dordogne Libre) ; d&#8217;autres ont paru dans la revue trimestrielle <em>Paraulas de Novelum<\/em>. En suppl\u00e9ment, le lecteur trouvera ici les versions audio d&#8217;une s\u00e9lection d&#8217;entre eux enregistr\u00e9es par l&#8217;auteur lui-m\u00eame, ainsi qu&#8217;un lexique trilingue destin\u00e9 \u00e0 faciliter la lecture aux personnes de langue fran\u00e7aise ou de langue anglaise.<\/p>\n","protected":false},"excerpt":{"rendered":"<p>Jean-Pierre Reydy a \u00e9crit ces textes dans sa langue, la langue d&#8217;oc (parler nontronnais), ce qui n&#8217;est peut-\u00eatre pas d&#8217;un moindre int\u00e9r\u00eat. L&#8217;auteur sait que tous ne se passionneront pas au m\u00eame degr\u00e9 pour l&#8217;\u00e9tude des caract\u00e8res originaux du\u00a0\u00ab parler en \u00e8 \u00bb et que certains n&#8217;accepteront qu&#8217;en partie sa d\u00e9testation de tout ce qui [&hellip;]<\/p>\n","protected":false},"featured_media":38233,"template":"","meta":{"_acf_changed":false,"_genesis_hide_title":false,"_genesis_hide_breadcrumbs":false,"_genesis_hide_singular_image":false,"_genesis_hide_footer_widgets":false,"_genesis_custom_body_class":"","_genesis_custom_post_class":"","_genesis_layout":""},"product_brand":[],"product_cat":[7133,7203],"product_tag":[],"class_list":{"0":"post-38235","1":"product","2":"type-product","3":"status-publish","4":"has-post-thumbnail","6":"product_cat-libres-oc","7":"product_cat-politica-sociologia-actualitat-oc","8":"pa_auteur-reidi-jan-peire-oc","9":"pa_editeur-ieo-perigord-novelum-oc","10":"pa_langue-occitan-oc","11":"pa_langue-occitan-lemosin-oc","12":"entry","14":"first","15":"instock","16":"shipping-taxable","17":"purchasable","18":"product-type-simple"},"acf":[],"_links":{"self":[{"href":"https:\/\/www.libraria-occitana.org\/oc\/wp-json\/wp\/v2\/product\/38235","targetHints":{"allow":["GET"]}}],"collection":[{"href":"https:\/\/www.libraria-occitana.org\/oc\/wp-json\/wp\/v2\/product"}],"about":[{"href":"https:\/\/www.libraria-occitana.org\/oc\/wp-json\/wp\/v2\/types\/product"}],"wp:featuredmedia":[{"embeddable":true,"href":"https:\/\/www.libraria-occitana.org\/oc\/wp-json\/wp\/v2\/media\/38233"}],"wp:attachment":[{"href":"https:\/\/www.libraria-occitana.org\/oc\/wp-json\/wp\/v2\/media?parent=38235"}],"wp:term":[{"taxonomy":"product_brand","embeddable":true,"href":"https:\/\/www.libraria-occitana.org\/oc\/wp-json\/wp\/v2\/product_brand?post=38235"},{"taxonomy":"product_cat","embeddable":true,"href":"https:\/\/www.libraria-occitana.org\/oc\/wp-json\/wp\/v2\/product_cat?post=38235"},{"taxonomy":"product_tag","embeddable":true,"href":"https:\/\/www.libraria-occitana.org\/oc\/wp-json\/wp\/v2\/product_tag?post=38235"}],"curies":[{"name":"wp","href":"https:\/\/api.w.org\/{rel}","templated":true}]}}