{"id":38267,"date":"2013-03-22T17:33:29","date_gmt":"2013-03-22T16:33:29","guid":{"rendered":"http:\/\/www.libraria-occitana.org\/product\/ua-miduna-mitrena-3\/"},"modified":"2026-04-29T02:21:19","modified_gmt":"2026-04-29T00:21:19","slug":"ua-miduna-mitrena-3","status":"publish","type":"product","link":"https:\/\/www.libraria-occitana.org\/oc\/produch\/ua-miduna-mitrena-3\/","title":{"rendered":"Ua, miduna, mitr\u00e8na 3"},"content":{"rendered":"<p>A partir deus collectatges de Joan Franc\u00e9s Tisn\u00e8r en Bearn, un disc-libe de creacion que pr\u00e9senta un gauj\u00f3s repert\u00f2ri de can\u00e7ons e comptinas entaus mainats.<br \/>\nDisc bastit dab mainats de classas de las Lanas, de Big\u00f2rra, de Bearn, d'Aran e dus artistas : Joan Luc Landi e Joan Franc\u00e9s Tisn\u00e8r (director artistic de la colleccion).<\/p>\n<p>Votz : Mainats, Joan Luc Landi e Joan Franc\u00e9s Tisn\u00e8r<br \/>\nMusicians : Annie Hourdebaigt, Marc Castanet, Sylvaine Rouveyrol, Mixel Etxekopar e Joan Franc\u00e9s Tisn\u00e8r<br \/>\nIllustracions : Isabelle Morl\u00e0as-Lurbe<\/p>\n<p>Libreton 38 pajas emb los textes e lors traduccions en franc\u00e9s e espanh\u00f2u.<\/p>\n<p><strong>Titres :<\/strong><br \/>\n1. Conte, conte, liconte 0'08<br \/>\n2. La prauba mosca 3'15<br \/>\n3. Los dias de la setmana 0'28<br \/>\n4. Lo praube pocet 0'12<br \/>\n5. Viraboquet devath l'escala 0'54<br \/>\n6. Harri, harri gran chivau 0'33<br \/>\n7. Chivau de palha 0'14<br \/>\n8. Hai, hai, Tipot\u00e8u 0'45<br \/>\n9. La Jana n'\u00e8s malauda 2'22<br \/>\n10. Anem t'ara vinha 0'43<br \/>\n11. La paur 0'28<br \/>\n12. Peiroton qu'ei a la lana 0'32<br \/>\n13. Pi\u00e8ra, bigu\u00e8ra 0'24<br \/>\n14. Jo'n tr\u00f2bi lo boc 3'13<br \/>\n15. E d'on \u00e8s praubin 0'07<br \/>\n16. Los poblants 0'38<br \/>\n17. L'auserumi 2'21<br \/>\n18. Dindon 0'26<br \/>\n19. Tr\u00f2p, tr\u00f2p 3'11<br \/>\n20. Dindan, dindan 0'25<br \/>\n21. Peishic 1'02<br \/>\n22. Catrin\u00f2ta com a eth p\u00e8 4'20<br \/>\n23. Pepelip\u00f2si 0'10<br \/>\n24. La-baish en arrib\u00e8ra 2'40<br \/>\n25. Eth poth e'ra garia 0'26<br \/>\n26. Tira, lira, lira 2'27<br \/>\n27. Petina e Peton 3'32<br \/>\n28. Ara mia oelh\u00e8ra 1'04<br \/>\n29. As disnat ? 0'07<br \/>\n30. L'ahromigon 1'44<br \/>\n31. Truca manetas 0'09<br \/>\n32. Dens lo nas de Mirab\u00e8th 0'35<br \/>\n33. Balhila, balh\u00f2la 1'02<br \/>\n34. Teish, teish 0'24<br \/>\n35. Au menadon 0'37<br \/>\n36. Nau que'n lavan la bugada nau 2'19<br \/>\n37. Cuu-Rosseta 0'15<br \/>\n38. Tricotet 2'12<br \/>\n39. J\u00f2c de perseguida 0'34<br \/>\n40. Noste vailet Pi\u00e8ra 2'52<br \/>\n41. Que vuit\u00e8ri mon sac : Que hiqu\u00e8ri lo p\u00e8 0'11<\/p>\n","protected":false},"excerpt":{"rendered":"<p>A partir deus collectatges de Joan Franc\u00e9s Tisn\u00e8r en Bearn, un disc-libe de creacion que pr\u00e9senta un gauj\u00f3s repert\u00f2ri de can\u00e7ons e comptinas entaus mainats. Disc bastit dab mainats de classas de las Lanas, de Big\u00f2rra, de Bearn, d&#8217;Aran e dus artistas : Joan Luc Landi e Joan Franc\u00e9s Tisn\u00e8r (director artistic de la colleccion). [&hellip;]<\/p>\n","protected":false},"featured_media":52122,"template":"","meta":{"_acf_changed":false,"_genesis_hide_title":false,"_genesis_hide_breadcrumbs":false,"_genesis_hide_singular_image":false,"_genesis_hide_footer_widgets":false,"_genesis_custom_body_class":"","_genesis_custom_post_class":"","_genesis_layout":""},"product_brand":[],"product_cat":[7223,16683],"product_tag":[],"class_list":{"0":"post-38267","1":"product","2":"type-product","3":"status-publish","4":"has-post-thumbnail","6":"product_cat-jounessa-oc","7":"product_cat-musica-oc","8":"pa_auteur-landi-joan-luc-oc","9":"pa_auteur-tisner-joan-frances-oc","10":"pa_editeur-menestrers-gascons-oc","11":"pa_langue-autras-lingas-oc","12":"pa_langue-occitan-gascon-oc","13":"pa_langue-occitan-francais-oc","14":"entry","16":"first","17":"outofstock","18":"shipping-taxable","19":"purchasable","20":"product-type-simple"},"acf":[],"_links":{"self":[{"href":"https:\/\/www.libraria-occitana.org\/oc\/wp-json\/wp\/v2\/product\/38267","targetHints":{"allow":["GET"]}}],"collection":[{"href":"https:\/\/www.libraria-occitana.org\/oc\/wp-json\/wp\/v2\/product"}],"about":[{"href":"https:\/\/www.libraria-occitana.org\/oc\/wp-json\/wp\/v2\/types\/product"}],"wp:featuredmedia":[{"embeddable":true,"href":"https:\/\/www.libraria-occitana.org\/oc\/wp-json\/wp\/v2\/media\/52122"}],"wp:attachment":[{"href":"https:\/\/www.libraria-occitana.org\/oc\/wp-json\/wp\/v2\/media?parent=38267"}],"wp:term":[{"taxonomy":"product_brand","embeddable":true,"href":"https:\/\/www.libraria-occitana.org\/oc\/wp-json\/wp\/v2\/product_brand?post=38267"},{"taxonomy":"product_cat","embeddable":true,"href":"https:\/\/www.libraria-occitana.org\/oc\/wp-json\/wp\/v2\/product_cat?post=38267"},{"taxonomy":"product_tag","embeddable":true,"href":"https:\/\/www.libraria-occitana.org\/oc\/wp-json\/wp\/v2\/product_tag?post=38267"}],"curies":[{"name":"wp","href":"https:\/\/api.w.org\/{rel}","templated":true}]}}