{"id":42433,"date":"2018-07-26T13:35:25","date_gmt":"2018-07-26T11:35:25","guid":{"rendered":"http:\/\/www.libraria-occitana.org\/product\/parlez-comme-un-troubadour-comme-une-trobairitz\/"},"modified":"2026-04-29T01:11:42","modified_gmt":"2026-04-28T23:11:42","slug":"parlez-comme-un-troubadour-comme-une-trobairitz","status":"publish","type":"product","link":"https:\/\/www.libraria-occitana.org\/oc\/produch\/parlez-comme-un-troubadour-comme-une-trobairitz\/","title":{"rendered":"Parlez comme un troubadour, comme une trobairitz ! (P\u00e9rigord &#8211; Limousin)"},"content":{"rendered":"<p>Les troubadours et les trouba\u00efritz, po\u00e8tes et po\u00e9tesses du Moyen \u00c2ge, ont enchant\u00e9 par leurs chants les cours europ\u00e9ennes. Le P\u00e9rigord et le Limousin font partie de leurs terres de pr\u00e9dilection. Nous pouvons citer en exemple Bertran de Born et Marie de Ventadour.<br \/>\nCes po\u00e8tes s&#8217;exprimaient exclusivement en langue d&#8217;oc, une langue toujours bien vivante !<br \/>\nL&#8217;art du <strong>trobar<\/strong> \u00e9tait et reste ouvert \u00e0 tous, quel que soit son rang social. Alors r\u00e9veillez l&#8217;artiste qui sommeille en vous !!!<\/p>\n<p>Mini-guide de conversation fran\u00e7ais-occitan, P\u00e9rigord &#8211; Limousin.<\/p>\n<p><strong>Somari :<\/strong><br \/>\n1- Les bases \/ Las basas<br \/>\n2- La politesse \/ La cortesia<br \/>\n3- Les pr\u00e9sentations \/ Se presentar<br \/>\n4- Commencer \u00e0 bavarder \/ Comen\u00e7ar de platussar<br \/>\n5- Des choses\u00a0\u00ab s\u00e9rieuses \u00bb \/ De las chausas seriosas<br \/>\n6- Toujours utile \/ De bon saber&#8230;<br \/>\nChan\u00e7ons de Perig\u00f2rd e daus pa\u00eds d&#8217;\u00f2c<\/p>\n<p><a href=\"http:\/\/www.libraria-occitana.org\/produit\/parlez-comme-un-troubadour-comme-une-trobairitz-sud-perigord\/\"><em>Parlez comme un troubadour, comme une trobairitz ! (Sud-P\u00e9rigord)<\/em><\/a><\/p>\n","protected":false},"excerpt":{"rendered":"<p>Les troubadours et les trouba\u00efritz, po\u00e8tes et po\u00e9tesses du Moyen \u00c2ge, ont enchant\u00e9 par leurs chants les cours europ\u00e9ennes. Le P\u00e9rigord et le Limousin font partie de leurs terres de pr\u00e9dilection. Nous pouvons citer en exemple Bertran de Born et Marie de Ventadour. Ces po\u00e8tes s&#8217;exprimaient exclusivement en langue d&#8217;oc, une langue toujours bien vivante [&hellip;]<\/p>\n","protected":false},"featured_media":42427,"template":"","meta":{"_acf_changed":false,"_genesis_hide_title":false,"_genesis_hide_breadcrumbs":false,"_genesis_hide_singular_image":false,"_genesis_hide_footer_widgets":false,"_genesis_custom_body_class":"","_genesis_custom_post_class":"","_genesis_layout":""},"product_brand":[],"product_cat":[7137,7133,7147],"product_tag":[],"class_list":{"0":"post-42433","1":"product","2":"type-product","3":"status-publish","4":"has-post-thumbnail","6":"product_cat-diccionaris-lenga-escolar-oc","7":"product_cat-libres-oc","8":"product_cat-vocabulari-biais-de-dire-oc","9":"pa_auteur-irondela-tomas-oc","10":"pa_editeur-ieo-perigord-novelum-oc","11":"pa_langue-occitan-lemosin-oc","12":"pa_langue-occitan-francais-oc","13":"entry","15":"first","16":"instock","17":"shipping-taxable","18":"purchasable","19":"product-type-simple"},"acf":[],"_links":{"self":[{"href":"https:\/\/www.libraria-occitana.org\/oc\/wp-json\/wp\/v2\/product\/42433","targetHints":{"allow":["GET"]}}],"collection":[{"href":"https:\/\/www.libraria-occitana.org\/oc\/wp-json\/wp\/v2\/product"}],"about":[{"href":"https:\/\/www.libraria-occitana.org\/oc\/wp-json\/wp\/v2\/types\/product"}],"wp:featuredmedia":[{"embeddable":true,"href":"https:\/\/www.libraria-occitana.org\/oc\/wp-json\/wp\/v2\/media\/42427"}],"wp:attachment":[{"href":"https:\/\/www.libraria-occitana.org\/oc\/wp-json\/wp\/v2\/media?parent=42433"}],"wp:term":[{"taxonomy":"product_brand","embeddable":true,"href":"https:\/\/www.libraria-occitana.org\/oc\/wp-json\/wp\/v2\/product_brand?post=42433"},{"taxonomy":"product_cat","embeddable":true,"href":"https:\/\/www.libraria-occitana.org\/oc\/wp-json\/wp\/v2\/product_cat?post=42433"},{"taxonomy":"product_tag","embeddable":true,"href":"https:\/\/www.libraria-occitana.org\/oc\/wp-json\/wp\/v2\/product_tag?post=42433"}],"curies":[{"name":"wp","href":"https:\/\/api.w.org\/{rel}","templated":true}]}}