{"id":42920,"date":"2016-08-25T17:53:02","date_gmt":"2016-08-25T15:53:02","guid":{"rendered":"http:\/\/www.libraria-occitana.org\/product\/jeudi-saint\/"},"modified":"2026-04-28T20:41:38","modified_gmt":"2026-04-28T18:41:38","slug":"jeudi-saint","status":"publish","type":"product","link":"https:\/\/www.libraria-occitana.org\/oc\/produch\/jeudi-saint\/","title":{"rendered":"Jeudi saint"},"content":{"rendered":"<p>Le 6 avril 1944, un d\u00e9tachement de soldats allemands traquant les r\u00e9sistants, nombreux dans la r\u00e9gion, investit une bourgade du Limousin. Soixante ans apr\u00e8s, la population se souvient que ce jour-l\u00e0 quatre paysans d\u2019un village voisin ont \u00e9t\u00e9 pris en otage et fusill\u00e9s pour l\u2019exemple.<\/p>\n<p>Jean-Marie Borzeix conna\u00eet bien cette histoire, c\u2019est celle du pays o\u00f9 il est n\u00e9 au d\u00e9but de la guerre. Mais parce que ces \u00e9v\u00e9nements en cachent d\u2019autres, il raconte l\u2019enqu\u00eate qu\u2019il a men\u00e9e ces derni\u00e8res ann\u00e9es. Celle-ci le conduit \u00e0 d\u00e9couvrir que le 6 avril, un Jeudi Saint, et pendant tout le printemps 44, des dizaines de Juifs ont \u00e9t\u00e9 arr\u00eat\u00e9s et d\u00e9port\u00e9s dans cette commune et dans plusieurs autres du plateau de Millevaches.<\/p>\n","protected":false},"excerpt":{"rendered":"<p>Le 6 avril 1944, un d\u00e9tachement de soldats allemands traquant les r\u00e9sistants, nombreux dans la r\u00e9gion, investit une bourgade du Limousin. Soixante ans apr\u00e8s, la population se souvient que ce jour-l\u00e0 quatre paysans d\u2019un village voisin ont \u00e9t\u00e9 pris en otage et fusill\u00e9s pour l\u2019exemple. Jean-Marie Borzeix conna\u00eet bien cette histoire, c\u2019est celle du pays [&hellip;]<\/p>\n","protected":false},"featured_media":42918,"template":"","meta":{"_acf_changed":false,"_genesis_hide_title":false,"_genesis_hide_breadcrumbs":false,"_genesis_hide_singular_image":false,"_genesis_hide_footer_widgets":false,"_genesis_custom_body_class":"","_genesis_custom_post_class":"","_genesis_layout":""},"product_brand":[],"product_cat":[7159,7149,7133],"product_tag":[],"class_list":{"0":"post-42920","1":"product","2":"type-product","3":"status-publish","4":"has-post-thumbnail","6":"product_cat-istoria-moderna-e-contemporala-oc","7":"product_cat-istoria-geografia-oc","8":"product_cat-libres-oc","9":"pa_auteur-borzeix-jean-marie-oc","10":"pa_editeur-stock-oc","11":"pa_langue-francais-oc","12":"entry","14":"first","15":"outofstock","16":"shipping-taxable","17":"purchasable","18":"product-type-simple"},"acf":[],"_links":{"self":[{"href":"https:\/\/www.libraria-occitana.org\/oc\/wp-json\/wp\/v2\/product\/42920","targetHints":{"allow":["GET"]}}],"collection":[{"href":"https:\/\/www.libraria-occitana.org\/oc\/wp-json\/wp\/v2\/product"}],"about":[{"href":"https:\/\/www.libraria-occitana.org\/oc\/wp-json\/wp\/v2\/types\/product"}],"wp:featuredmedia":[{"embeddable":true,"href":"https:\/\/www.libraria-occitana.org\/oc\/wp-json\/wp\/v2\/media\/42918"}],"wp:attachment":[{"href":"https:\/\/www.libraria-occitana.org\/oc\/wp-json\/wp\/v2\/media?parent=42920"}],"wp:term":[{"taxonomy":"product_brand","embeddable":true,"href":"https:\/\/www.libraria-occitana.org\/oc\/wp-json\/wp\/v2\/product_brand?post=42920"},{"taxonomy":"product_cat","embeddable":true,"href":"https:\/\/www.libraria-occitana.org\/oc\/wp-json\/wp\/v2\/product_cat?post=42920"},{"taxonomy":"product_tag","embeddable":true,"href":"https:\/\/www.libraria-occitana.org\/oc\/wp-json\/wp\/v2\/product_tag?post=42920"}],"curies":[{"name":"wp","href":"https:\/\/api.w.org\/{rel}","templated":true}]}}