{"id":43188,"date":"2018-11-26T20:00:38","date_gmt":"2018-11-26T19:00:38","guid":{"rendered":"http:\/\/www.libraria-occitana.org\/product\/arbres-arbrilhons-e-arbricels-salvatges-dels-causses-de-perigord-arbres-arbustes-et-arbrisseaux-sauvages-des-causses-du-perigord\/"},"modified":"2026-04-29T01:11:38","modified_gmt":"2026-04-28T23:11:38","slug":"arbres-arbrilhons-e-arbricels-salvatges-dels-causses-de-perigord-arbres-arbustes-et-arbrisseaux-sauvages-des-causses-du-perigord","status":"publish","type":"product","link":"https:\/\/www.libraria-occitana.org\/oc\/produch\/arbres-arbrilhons-e-arbricels-salvatges-dels-causses-de-perigord-arbres-arbustes-et-arbrisseaux-sauvages-des-causses-du-perigord\/","title":{"rendered":"Arbres, arbrilhons e arbric\u00e8ls salvatges dels causses de Perig\u00f2rd &#8211; Arbres, arbustes et arbrisseaux sauvages des causses du P\u00e9rigord"},"content":{"rendered":"<p>Los arbres ocupan una pla\u00e7a a part dins lo monde vegetal. Indispensables a la vida sus t\u00e8rra, l'\u00f2me de tot temps los utiliz\u00e8t e, sens els, la societat umana seri\u00e1 pas \u00e7\u00f2 qu'es. L'arbre es simb\u00f2l de vida. Los que gardan las fu\u00e8lhas d'iv\u00e8rn incarnan l'immortalitat, los que las perdon, simbolizan la regeneracion perpetuala del vivent. D'aitant mai que coma tots los \u00e8ssers vivents, l'arbre se multiplica, respira e minja en s'adaptar als lu\u00f2cs ont creis. Gigant de la natura amb la bronda dins lo c\u00e8l sus las t\u00e8rras fertilas de las vals, petit \u00e8stre agarussit sul causse arid o mata flexibla sus las ribas de rius, l'arbre pren de las formas diversas que nos agradan, mas, subretot, coma tots los vegetals, crea la vida a partir del mineral. Cadun a son ist\u00f2ria, son originalitat, sa sensibilitat ; ligam entre la t\u00e8rra e lo c\u00e8l, l'arbre contunha de nos pivelar e d'irradiar quic\u00f2m que nos t\u00f2ca, mai sovent nos apasima.<\/p>\n<p>Dins un <a href=\"http:\/\/www.libraria-occitana.org\/produit\/orquideas-salvatjas-de-perigord-orchidees-sauvages-du-perigord\/\">obratge passat<\/a>, Joan-Lo\u00eds Orazio avi\u00e1 ja causit la riquessa de l'occitan per nos menar suls causses de Perig\u00f2rd e nos parlar de las orquid\u00e8as salvatjas ; nos perpausa aqu\u00ed d'anar al davant de lors arbres, arbrilhons e arbric\u00e8ls, en una passejada de b\u00e8la beutat.<\/p>\n","protected":false},"excerpt":{"rendered":"<p>Los arbres ocupan una pla\u00e7a a part dins lo monde vegetal. Indispensables a la vida sus t\u00e8rra, l&#8217;\u00f2me de tot temps los utiliz\u00e8t e, sens els, la societat umana seri\u00e1 pas \u00e7\u00f2 qu&#8217;es. L&#8217;arbre es simb\u00f2l de vida. Los que gardan las fu\u00e8lhas d&#8217;iv\u00e8rn incarnan l&#8217;immortalitat, los que las perdon, simbolizan la regeneracion perpetuala del [&hellip;]<\/p>\n","protected":false},"featured_media":43185,"template":"","meta":{"_acf_changed":false,"_genesis_hide_title":false,"_genesis_hide_breadcrumbs":false,"_genesis_hide_singular_image":false,"_genesis_hide_footer_widgets":false,"_genesis_custom_body_class":"","_genesis_custom_post_class":"","_genesis_layout":""},"product_brand":[],"product_cat":[7133,7197,7201],"product_tag":[],"class_list":{"0":"post-43188","1":"product","2":"type-product","3":"status-publish","4":"has-post-thumbnail","6":"product_cat-libres-oc","7":"product_cat-natura-torisme-oc","8":"product_cat-natura-vargier-oc","9":"pa_auteur-orazio-joan-lois-oc","10":"pa_editeur-ieo-perigord-novelum-oc","11":"pa_langue-occitan-lengadocian-oc","12":"pa_langue-occitan-francais-oc","13":"entry","15":"first","16":"instock","17":"shipping-taxable","18":"purchasable","19":"product-type-simple"},"acf":[],"_links":{"self":[{"href":"https:\/\/www.libraria-occitana.org\/oc\/wp-json\/wp\/v2\/product\/43188","targetHints":{"allow":["GET"]}}],"collection":[{"href":"https:\/\/www.libraria-occitana.org\/oc\/wp-json\/wp\/v2\/product"}],"about":[{"href":"https:\/\/www.libraria-occitana.org\/oc\/wp-json\/wp\/v2\/types\/product"}],"wp:featuredmedia":[{"embeddable":true,"href":"https:\/\/www.libraria-occitana.org\/oc\/wp-json\/wp\/v2\/media\/43185"}],"wp:attachment":[{"href":"https:\/\/www.libraria-occitana.org\/oc\/wp-json\/wp\/v2\/media?parent=43188"}],"wp:term":[{"taxonomy":"product_brand","embeddable":true,"href":"https:\/\/www.libraria-occitana.org\/oc\/wp-json\/wp\/v2\/product_brand?post=43188"},{"taxonomy":"product_cat","embeddable":true,"href":"https:\/\/www.libraria-occitana.org\/oc\/wp-json\/wp\/v2\/product_cat?post=43188"},{"taxonomy":"product_tag","embeddable":true,"href":"https:\/\/www.libraria-occitana.org\/oc\/wp-json\/wp\/v2\/product_tag?post=43188"}],"curies":[{"name":"wp","href":"https:\/\/api.w.org\/{rel}","templated":true}]}}