{"id":43331,"date":"2010-03-17T10:44:03","date_gmt":"2010-03-17T09:44:03","guid":{"rendered":"http:\/\/www.libraria-occitana.org\/?post_type=product&#038;p=43331"},"modified":"2026-04-29T10:29:50","modified_gmt":"2026-04-29T08:29:50","slug":"les-1001-mots-de-laveyron","status":"publish","type":"product","link":"https:\/\/www.libraria-occitana.org\/oc\/produch\/les-1001-mots-de-laveyron\/","title":{"rendered":"Les 1001 mots de l\u2019Aveyron"},"content":{"rendered":"<p>\u00ab En parlant le fran\u00e7ois, le patois me descape ! \u00bb affirment les Aveyronnais avec une pointe d&#8217;humour. Superbement illustr\u00e9 par S\u00e9verin Millet, ce dictionnaire imag\u00e9 est un petit inventaire des mots et locutions que l&#8217;on peut entendre en Aveyron : ni fran\u00e7ais ni occitan, mais un parler de tous les jours. Qu\u2019ils expriment les banalit\u00e9s du quotidien, la sagesse paysanne, la diversit\u00e9 et les richesses de la cuisine, des situations cocasses, des sentiments aussi contrast\u00e9s que la col\u00e8re, l\u2019\u00e9tonnement, l\u2019admiration, l\u2019amour ou l\u2019affection, ils ont une saveur \u00e0 nulle autre pareille au point que certains sont parfois difficilement traduisibles.<\/p>\n","protected":false},"excerpt":{"rendered":"<p>\u00ab En parlant le fran\u00e7ois, le patois me descape ! \u00bb affirment les Aveyronnais avec une pointe d&#8217;humour. Superbement illustr\u00e9 par S\u00e9verin Millet, ce dictionnaire imag\u00e9 est un petit inventaire des mots et locutions que l&#8217;on peut entendre en Aveyron : ni fran\u00e7ais ni occitan, mais un parler de tous les jours. Qu\u2019ils expriment les [&hellip;]<\/p>\n","protected":false},"featured_media":43329,"template":"","meta":{"_acf_changed":false,"_genesis_hide_title":false,"_genesis_hide_breadcrumbs":false,"_genesis_hide_singular_image":false,"_genesis_hide_footer_widgets":false,"_genesis_custom_body_class":"","_genesis_custom_post_class":"","_genesis_layout":""},"product_brand":[],"product_cat":[7137,7133,7147],"product_tag":[],"class_list":{"0":"post-43331","1":"product","2":"type-product","3":"status-publish","4":"has-post-thumbnail","6":"product_cat-diccionaris-lenga-escolar-oc","7":"product_cat-libres-oc","8":"product_cat-vocabulari-biais-de-dire-oc","9":"pa_auteur-crozes-daniel-oc","10":"pa_editeur-editions-du-rouergue-oc","11":"pa_illustrateur-millet-severin-oc","12":"pa_langue-francais-oc","13":"entry","15":"first","16":"instock","17":"shipping-taxable","18":"purchasable","19":"product-type-simple"},"acf":[],"_links":{"self":[{"href":"https:\/\/www.libraria-occitana.org\/oc\/wp-json\/wp\/v2\/product\/43331","targetHints":{"allow":["GET"]}}],"collection":[{"href":"https:\/\/www.libraria-occitana.org\/oc\/wp-json\/wp\/v2\/product"}],"about":[{"href":"https:\/\/www.libraria-occitana.org\/oc\/wp-json\/wp\/v2\/types\/product"}],"wp:featuredmedia":[{"embeddable":true,"href":"https:\/\/www.libraria-occitana.org\/oc\/wp-json\/wp\/v2\/media\/43329"}],"wp:attachment":[{"href":"https:\/\/www.libraria-occitana.org\/oc\/wp-json\/wp\/v2\/media?parent=43331"}],"wp:term":[{"taxonomy":"product_brand","embeddable":true,"href":"https:\/\/www.libraria-occitana.org\/oc\/wp-json\/wp\/v2\/product_brand?post=43331"},{"taxonomy":"product_cat","embeddable":true,"href":"https:\/\/www.libraria-occitana.org\/oc\/wp-json\/wp\/v2\/product_cat?post=43331"},{"taxonomy":"product_tag","embeddable":true,"href":"https:\/\/www.libraria-occitana.org\/oc\/wp-json\/wp\/v2\/product_tag?post=43331"}],"curies":[{"name":"wp","href":"https:\/\/api.w.org\/{rel}","templated":true}]}}