{"id":43395,"date":"2014-01-18T09:14:06","date_gmt":"2014-01-18T08:14:06","guid":{"rendered":"http:\/\/www.libraria-occitana.org\/?post_type=product&#038;p=43395"},"modified":"2026-04-26T22:11:06","modified_gmt":"2026-04-26T20:11:06","slug":"la-musique-au-fusil-avec-les-poilus-de-la-grande-guerre","status":"publish","type":"product","link":"https:\/\/www.libraria-occitana.org\/oc\/produch\/la-musique-au-fusil-avec-les-poilus-de-la-grande-guerre\/","title":{"rendered":"La musique au fusil : Avec les poilus de la Grande Guerre"},"content":{"rendered":"<p>Pendant la Grande Guerre, \u00e0 quelques centaines de m\u00e8tres parfois de la ligne de front, les combattants inventent des chansons sur des airs populaires et jouent de la musique sur des instruments fabriqu\u00e9s avec des mat\u00e9riaux de r\u00e9cup\u00e9ration. La mobilisation a rassembl\u00e9 dans les m\u00eames r\u00e9giments musiciens des campagnes et concertistes, chefs d\u2019harmonie et violoncellistes de salon, orchestres d\u2019ici et d\u2019ailleurs. Dans les tranch\u00e9es, dans les bals qu\u2019on improvise apr\u00e8s la bataille, on chante le d\u00e9sespoir et la r\u00e9volte, la nostalgie aussi. La musique est la vie, l\u2019antidote au malheur, au massacre, \u00e0 l\u2019interminable peine.<\/p>\n<p>Claude Ribouillault nous fait entrer dans ce monde parall\u00e8le, sur les sc\u00e8nes \u00e9tranges du th\u00e9\u00e2tre aux arm\u00e9es, des camps de prisonniers o\u00f9 la rage de rire n\u2019est parfois que la rage de survivre. Ce sont des soldats de partout : Allemands, Italiens, Serbes, Anglais, \u00c9cossais, Fran\u00e7ais de France et des colonies\u2026 Ils cr\u00e9ent des spectacles et constituent un r\u00e9pertoire de chansons joyeuses, dures, toujours plus d\u00e9sesp\u00e9r\u00e9es \u00e0 mesure que la guerre s\u2019enlise dans les tranch\u00e9es. Illustr\u00e9 par une collection unique de documents photographiques et d\u2019instruments, ce livre \u00e9tonnant sauve de l\u2019oubli des visages et des mots, leur fol espoir de rester en vie.<\/p>\n","protected":false},"excerpt":{"rendered":"<p>Pendant la Grande Guerre, \u00e0 quelques centaines de m\u00e8tres parfois de la ligne de front, les combattants inventent des chansons sur des airs populaires et jouent de la musique sur des instruments fabriqu\u00e9s avec des mat\u00e9riaux de r\u00e9cup\u00e9ration. La mobilisation a rassembl\u00e9 dans les m\u00eames r\u00e9giments musiciens des campagnes et concertistes, chefs d\u2019harmonie et violoncellistes [&hellip;]<\/p>\n","protected":false},"featured_media":51945,"template":"","meta":{"_acf_changed":false,"_genesis_hide_title":false,"_genesis_hide_breadcrumbs":false,"_genesis_hide_singular_image":false,"_genesis_hide_footer_widgets":false,"_genesis_custom_body_class":"","_genesis_custom_post_class":"","_genesis_layout":""},"product_brand":[],"product_cat":[7159,7149,7133,7191,7193],"product_tag":[],"class_list":{"0":"post-43395","1":"product","2":"type-product","3":"status-publish","4":"has-post-thumbnail","6":"product_cat-istoria-moderna-e-contemporala-oc","7":"product_cat-istoria-geografia-oc","8":"product_cat-libres-oc","9":"product_cat-musica-danca-oc","10":"product_cat-particions-paraulas-de-chancons-oc","11":"pa_auteur-ribouillault-claude-oc","12":"pa_editeur-editions-du-rouergue-oc","13":"pa_langue-francais-oc","14":"entry","16":"first","17":"instock","18":"shipping-taxable","19":"purchasable","20":"product-type-simple"},"acf":[],"_links":{"self":[{"href":"https:\/\/www.libraria-occitana.org\/oc\/wp-json\/wp\/v2\/product\/43395","targetHints":{"allow":["GET"]}}],"collection":[{"href":"https:\/\/www.libraria-occitana.org\/oc\/wp-json\/wp\/v2\/product"}],"about":[{"href":"https:\/\/www.libraria-occitana.org\/oc\/wp-json\/wp\/v2\/types\/product"}],"wp:featuredmedia":[{"embeddable":true,"href":"https:\/\/www.libraria-occitana.org\/oc\/wp-json\/wp\/v2\/media\/51945"}],"wp:attachment":[{"href":"https:\/\/www.libraria-occitana.org\/oc\/wp-json\/wp\/v2\/media?parent=43395"}],"wp:term":[{"taxonomy":"product_brand","embeddable":true,"href":"https:\/\/www.libraria-occitana.org\/oc\/wp-json\/wp\/v2\/product_brand?post=43395"},{"taxonomy":"product_cat","embeddable":true,"href":"https:\/\/www.libraria-occitana.org\/oc\/wp-json\/wp\/v2\/product_cat?post=43395"},{"taxonomy":"product_tag","embeddable":true,"href":"https:\/\/www.libraria-occitana.org\/oc\/wp-json\/wp\/v2\/product_tag?post=43395"}],"curies":[{"name":"wp","href":"https:\/\/api.w.org\/{rel}","templated":true}]}}